{"id":3282,"date":"2019-09-23T17:51:50","date_gmt":"2019-09-23T15:51:50","guid":{"rendered":"https:\/\/gitim.eu\/it\/?page_id=3282"},"modified":"2025-12-14T17:36:42","modified_gmt":"2025-12-14T16:36:42","slug":"scuola-di-psicoterapia-gitim","status":"publish","type":"page","link":"https:\/\/www.gitim.eu\/it\/scuola-di-psicoterapia-gitim","title":{"rendered":"Scuola di Specializzazione in Psicoterapia ITP"},"content":{"rendered":"<div class=\"fusion-fullwidth fullwidth-box fusion-builder-row-1 fusion-flex-container nonhundred-percent-fullwidth non-hundred-percent-height-scrolling\" style=\"--awb-border-radius-top-left:0px;--awb-border-radius-top-right:0px;--awb-border-radius-bottom-right:0px;--awb-border-radius-bottom-left:0px;\" ><div class=\"fusion-builder-row fusion-row fusion-flex-align-items-flex-start\" style=\"max-width:1560px;margin-left: calc(-4% \/ 2 );margin-right: calc(-4% \/ 2 );\"><div class=\"fusion-layout-column fusion_builder_column fusion-builder-column-0 fusion_builder_column_1_1 1_1 fusion-flex-column\" style=\"--awb-bg-size:cover;--awb-width-large:100%;--awb-margin-top-large:0px;--awb-spacing-right-large:1.92%;--awb-margin-bottom-large:0px;--awb-spacing-left-large:1.92%;--awb-width-medium:100%;--awb-spacing-right-medium:1.92%;--awb-spacing-left-medium:1.92%;--awb-width-small:100%;--awb-spacing-right-small:1.92%;--awb-spacing-left-small:1.92%;\"><div class=\"fusion-column-wrapper fusion-flex-justify-content-flex-start fusion-content-layout-column\"><div class=\"fusion-text fusion-text-1\"><h2 data-fontsize=\"30\" data-lineheight=\"39.9px\" class=\"fusion-responsive-typography-calculated\" style=\"--fontSize: 30; line-height: 1.33;\">Scuola Italiana di Specializzazione per le Tecniche Immaginative di analisi e ristrutturazione del Profondo \u2013 ITP di Leopoldo Rigo<\/h2>\n<p><span style=\"color: #008080;\"><a href=\"https:\/\/www.gitim.eu\/it\/wp-content\/uploads\/2025\/12\/Presentazione-12.12.2025-Open-Day-per-sito-GITIM.pptx\" target=\"_blank\" rel=\"noopener noreferrer\">\u00bb Presentazione della scuola (pdf)<\/a><br \/>\n<\/span><span style=\"color: #008080;\"><a style=\"color: #008080;\" href=\"https:\/\/gitim.eu\/it\/wp-content\/uploads\/2023\/09\/GITIM-ScuolaITP-pieghevole23a.pdf\" target=\"_blank\" rel=\"noopener\">\u00bb Pieghevole della scuola (pdf)<\/a><\/span><\/p>\n<p>Riconosciuta con Decreto Ministeriale del 3 aprile 2003 (G. U. n.96 del 26\/04\/2003), la Scuola nasce dall\u2019esperienza di Leopoldo Rigo, che ha fondato nel 1966 il GITIM (Gruppo Italiano per le Tecniche psicoterapiche d\u2019Imagerie Mentale), gruppo di psicoterapeuti, psicologi e medici formatosi negli anni alla tecnica ITP.<\/p>\n<p><strong>La scuola ha una sede unica, a Treviso, presso la sede del GITIM in Via A. Aleardi n. 23.<\/strong><\/p>\n<p><a href=\"https:\/\/gitim.eu\/it\/leopoldo-rigo\">Leopoldo Rigo<\/a> \u00e8 stato un pioniere; \u00e8 infatti tra i primi a praticare e a far conoscere il R\u00eave \u00c9veill\u00e9 Dirig\u00e9 (RED) di Robert Desoille, che rivede ed elabora, riferendone in numerosi scritti e conducendo un\u2019esperienza terapeutica originale fin dagli anni &#8217;50.<\/p>\n<p>Rigo incontra successivamente le tecniche di Imagerie Mentale di Roger Fr\u00e9tigny e di Andr\u00e9 Virel, ed \u00e8 nel 1968 fra i fondatori della SITIM (Soci\u00e9t\u00e9 International des Techniques d&#8217;Imagerie Mentale), di cui diviene vicepresidente. La SITIM organizza negli anni una serie di incontri internazionali, in cui si confrontano varie tecniche psicoterapiche e diversi apporti culturali e metodologici.<\/p>\n<p>Negli anni \u201960 Rigo definisce gli aspetti distintivi della sua tecnica, che denomina <strong>ITP (Tecniche Immaginative di analisi e ristrutturazione del Profondo)<\/strong>.<\/p>\n<p>Negli anni successivi<strong> il gruppo GITIM<\/strong> ha mantenuto una costante attivit\u00e0 di studio e di <strong>pratica psicoterapica<\/strong>, nonch\u00e9 di formazione sia alla psicoterapia che alla psicodiagnosi. Ha focalizzato la sua attenzione particolarmente sull\u2019Immagine del Corpo, che \u00e8 divenuto un concetto caratteristico di questa tecnica sia a livello diagnostico che terapeutico.<\/p>\n<p>L\u2019esperienza pluridecennale della <strong>Tecnica ITP<\/strong> permette di proporre all\u2019allievo una preparazione solida, che lo mette in condizione di praticare la psicoterapia secondo un metodo consolidato e creativo, utilizzabile sia in ambito adulto che infantile.<\/p>\n<p><img class=\"aligncenter wp-image-3977\" src=\"https:\/\/gitim.eu\/it\/wp-content\/uploads\/2022\/05\/faro-300x194.jpg\" alt=\"\" width=\"600\" height=\"388\" srcset=\"https:\/\/www.gitim.eu\/it\/wp-content\/uploads\/2022\/05\/faro-200x129.jpg 200w, https:\/\/www.gitim.eu\/it\/wp-content\/uploads\/2022\/05\/faro-300x194.jpg 300w, https:\/\/www.gitim.eu\/it\/wp-content\/uploads\/2022\/05\/faro-400x258.jpg 400w, https:\/\/www.gitim.eu\/it\/wp-content\/uploads\/2022\/05\/faro-600x388.jpg 600w, https:\/\/www.gitim.eu\/it\/wp-content\/uploads\/2022\/05\/faro-768x496.jpg 768w, https:\/\/www.gitim.eu\/it\/wp-content\/uploads\/2022\/05\/faro-800x517.jpg 800w, https:\/\/www.gitim.eu\/it\/wp-content\/uploads\/2022\/05\/faro.jpg 1000w\" sizes=\"(max-width: 600px) 100vw, 600px\" \/><\/p>\n<p>La struttura del <strong>Corso quadriennale di specializzazione <\/strong>in psicoterapia ITP tiene conto sia delle esigenze culturali e teoriche che di quelle formative.<\/p>\n<p>Per quanto riguarda gli aspetti culturali e teorici, viene dato spazio alla conoscenza dei principali autori e dei pi\u00f9 importanti riferimenti concettuali della Psicologia e in particolare della <strong>Psicologia del Profondo<\/strong>, sia in riferimento alla <strong>Psicoanalisi<\/strong> che alla <strong>Psicologia Analitica di Jung<\/strong>.<\/p>\n<p>Gli insegnamenti culturali comprendono varie materie, quali la psicologia, la clinica, la psicopatologia, la psicologia transculturale e sociale (per un elenco completo, si vedano i programmi).<\/p>\n<p>L\u2019attenzione <strong>nel primo biennio<\/strong> \u00e8 concentrata soprattutto sulla psicodiagnosi, quale primo passo per una buona psicoterapia. Per questo la preparazione teorica si accompagna allo studio dei casi clinici e all\u2019acquisizione di strumenti diagnostici, in particolare <strong>il Test di Rorschach <\/strong>(secondo il Sistema Comprensivo di Exner), che \u00e8 anche oggetto ogni anno di seminari aperti organizzati dal GITIM.<\/p>\n<p>Inoltre sin dal primo anno l\u2019allievo viene introdotto agli aspetti pi\u00f9 specifici della <strong>tecnica ITP<\/strong>, con un avvicinamento alle caratteristiche dell\u2019Immaginario e dei processi creativi.<\/p>\n<p>Nell\u2019ITP \u00e8 considerata fondamentale<strong> la formazione personale<\/strong>; per questo sin dall\u2019inizio l\u2019allievo dovr\u00e0 affrontare un\u2019esperienza di Psicoterapia personale con l\u2019ITP, che fornir\u00e0 la base per la successiva conoscenza teorica del metodo.<\/p>\n<p>La Scuola, attraverso le esercitazioni, lo studio di casi e la supervisione, accompagner\u00e0 l\u2019allievo nel vivo della <strong>pratica psicoterapica<\/strong> e, anche dopo la conclusione dell\u2019iter quadriennale, potr\u00e0 continuare a fornire momenti formativi, a seconda delle esigenze personali.<\/p>\n<p>Alla conclusione della scuola, l\u2019allievo potr\u00e0 aderire al GITIM, proseguendo lo studio e la ricerca.<\/p>\n<\/div><\/div><\/div><\/div><\/div>\n","protected":false},"excerpt":{"rendered":"","protected":false},"author":7,"featured_media":0,"parent":0,"menu_order":0,"comment_status":"closed","ping_status":"closed","template":"","meta":[],"_links":{"self":[{"href":"https:\/\/www.gitim.eu\/it\/wp-json\/wp\/v2\/pages\/3282"}],"collection":[{"href":"https:\/\/www.gitim.eu\/it\/wp-json\/wp\/v2\/pages"}],"about":[{"href":"https:\/\/www.gitim.eu\/it\/wp-json\/wp\/v2\/types\/page"}],"author":[{"embeddable":true,"href":"https:\/\/www.gitim.eu\/it\/wp-json\/wp\/v2\/users\/7"}],"replies":[{"embeddable":true,"href":"https:\/\/www.gitim.eu\/it\/wp-json\/wp\/v2\/comments?post=3282"}],"version-history":[{"count":73,"href":"https:\/\/www.gitim.eu\/it\/wp-json\/wp\/v2\/pages\/3282\/revisions"}],"predecessor-version":[{"id":5523,"href":"https:\/\/www.gitim.eu\/it\/wp-json\/wp\/v2\/pages\/3282\/revisions\/5523"}],"wp:attachment":[{"href":"https:\/\/www.gitim.eu\/it\/wp-json\/wp\/v2\/media?parent=3282"}],"curies":[{"name":"wp","href":"https:\/\/api.w.org\/{rel}","templated":true}]}}