{"id":3326,"date":"2019-09-24T19:34:18","date_gmt":"2019-09-24T17:34:18","guid":{"rendered":"https:\/\/gitim.eu\/it\/?page_id=3326"},"modified":"2023-12-29T20:50:48","modified_gmt":"2023-12-29T19:50:48","slug":"statuto","status":"publish","type":"page","link":"https:\/\/www.gitim.eu\/it\/il-gitim\/statuto","title":{"rendered":"Statuto dell&#8217;Associazione"},"content":{"rendered":"<div class=\"fusion-fullwidth fullwidth-box fusion-builder-row-1 nonhundred-percent-fullwidth non-hundred-percent-height-scrolling\" style=\"--awb-border-radius-top-left:0px;--awb-border-radius-top-right:0px;--awb-border-radius-bottom-right:0px;--awb-border-radius-bottom-left:0px;\" ><div class=\"fusion-builder-row fusion-row\"><div class=\"fusion-layout-column fusion_builder_column fusion-builder-column-0 fusion_builder_column_1_1 1_1 fusion-one-full fusion-column-first fusion-column-last\" style=\"--awb-bg-size:cover;\"><div class=\"fusion-column-wrapper fusion-column-has-shadow fusion-flex-column-wrapper-legacy\"><div class=\"fusion-tabs fusion-tabs-1 clean vertical-tabs icon-position-left mobile-mode-accordion\" style=\"--awb-title-border-radius-top-left:0px;--awb-title-border-radius-top-right:0px;--awb-title-border-radius-bottom-right:0px;--awb-title-border-radius-bottom-left:0px;--awb-alignment:start;--awb-inactive-color:#faf9f8;--awb-background-color:#ffffff;--awb-border-color:#ede8e8;--awb-active-border-color:#339999;\"><div class=\"nav\"><ul class=\"nav-tabs\" role=\"tablist\"><li class=\"active\" role=\"presentation\"><a class=\"tab-link\" data-toggle=\"tab\" role=\"tab\" aria-controls=\"tab-f99618360cac7c03b8d\" aria-selected=\"true\" id=\"fusion-tab-costituzione\" href=\"#tab-f99618360cac7c03b8d\"><h4 class=\"fusion-tab-heading\">Costituzione<\/h4><\/a><\/li><li role=\"presentation\"><a class=\"tab-link\" data-toggle=\"tab\" role=\"tab\" aria-controls=\"tab-a12716c1a81a40b4aac\" aria-selected=\"false\" tabindex=\"-1\" id=\"fusion-tab-soci\" href=\"#tab-a12716c1a81a40b4aac\"><h4 class=\"fusion-tab-heading\">Soci<\/h4><\/a><\/li><li role=\"presentation\"><a class=\"tab-link\" data-toggle=\"tab\" role=\"tab\" aria-controls=\"tab-786390385627353f7c7\" aria-selected=\"false\" tabindex=\"-1\" id=\"fusion-tab-organi\" href=\"#tab-786390385627353f7c7\"><h4 class=\"fusion-tab-heading\">Organi<\/h4><\/a><\/li><li role=\"presentation\"><a class=\"tab-link\" data-toggle=\"tab\" role=\"tab\" aria-controls=\"tab-7479cacc6fcffa817e0\" aria-selected=\"false\" tabindex=\"-1\" id=\"fusion-tab-finanze\" href=\"#tab-7479cacc6fcffa817e0\"><h4 class=\"fusion-tab-heading\">Finanze<\/h4><\/a><\/li><li role=\"presentation\"><a class=\"tab-link\" data-toggle=\"tab\" role=\"tab\" aria-controls=\"tab-4698e2f8f985279b6ad\" aria-selected=\"false\" tabindex=\"-1\" id=\"fusion-tab-norme\" href=\"#tab-4698e2f8f985279b6ad\"><h4 class=\"fusion-tab-heading\">Norme<\/h4><\/a><\/li><\/ul><\/div><div class=\"tab-content\"><div class=\"nav fusion-mobile-tab-nav\"><ul class=\"nav-tabs\" role=\"tablist\"><li class=\"active\" role=\"presentation\"><a class=\"tab-link\" data-toggle=\"tab\" role=\"tab\" aria-controls=\"tab-f99618360cac7c03b8d\" aria-selected=\"true\" id=\"mobile-fusion-tab-costituzione\" href=\"#tab-f99618360cac7c03b8d\"><h4 class=\"fusion-tab-heading\">Costituzione<\/h4><\/a><\/li><\/ul><\/div><div class=\"tab-pane fade fusion-clearfix in active\" role=\"tabpanel\" tabindex=\"0\" aria-labelledby=\"fusion-tab-costituzione\" id=\"tab-f99618360cac7c03b8d\">\n<h3>\u201cGRUPPO ITALIANO PER LE TECNICHE PSICOTERAPICHE D\u2019IMAGERIE MENTALE \u2013 G.I.T.I.M.\u201d<\/h3>\n<h3><strong>Costituzione e sede<\/strong><\/h3>\n<p>\u00c8 costituita l\u2019Associazione Culturale denominata \u201cGRUPPO ITALIANO PER LE TECNICHE PSICOTERAPICHE D\u2019IMAGERIE MENTALE &#8211; G.I.T.I.M.\u201d con sede in Treviso &#8211; Via Aleardi n. 23; essa \u00e8 retta dal presente statuto e dalle vigenti norme di legge in materia.<\/p>\n<h3><strong>Carattere dell\u2019Associazione<\/strong><\/h3>\n<p>L\u2019Associazione non ha scopo di lucro.<\/p>\n<p>I soci sono tenuti ad un comportamento corretto sia nelle relazioni interne con gli altri soci che con i terzi nonch\u00e9 all\u2019accettazione delle norme del presente statuto.<\/p>\n<p>L\u2019Associazione potr\u00e0 partecipare quale socio ad altri circoli e\/o associazioni aventi scopi analoghi nonch\u00e9 partecipare ad enti con scopi sociali ed umanitari.<\/p>\n<h3><strong>Durata dell\u2019Associazione<\/strong><\/h3>\n<p>L\u2019Associazione ha durata fino al 31 dicembre 2050 e potr\u00e0 essere prorogata con deliberazione dell\u2019assemblea degli associati.<\/p>\n<h3><strong>Scopi dell\u2019Associazione<\/strong><\/h3>\n<p>Scopo dell\u2019Associazione \u00e8:<\/p>\n<p>\u2013 \u00a0la conoscenza, la pratica e la diffusione dell\u2019I.T.P. di L. Rigo \u2013 Tecniche Immaginative di analisi e ristrutturazione del profondo del Dott. Prof. Leopoldo Rigo,\u00a0 dei fondamenti\u00a0 teorici e degli sviluppi successivi nel campo dell\u2019imagerie mentale sia per quanto riguarda la pratica psicoterapica sia per quanto attiene gli aspetti culturali, educativi e di ricerca;<\/p>\n<p>\u2013 l\u2019impegno di formazione continua in ambito sanitario la cui attivit\u00e0 \u00e8 prevalentemente formativo\/scientifica attraverso l\u2019organizzazione di convegni, seminari e giornate di studio rivolte in particolare a professioni dell\u2019ambito sanitario con principale finalit\u00e0 di approfondimento tematiche relative all\u2019approccio psicologico, alla clinica e alle tecniche psicoterapiche.<\/p>\n<p>Lo scopo perseguito sia attraverso attivit\u00e0 di studio e di ricerca, sia attraverso attivit\u00e0 formativa e didattica. In particolare il fine preposto verr\u00e0 realizzato istituendo: riunioni di studio, discussioni, scambi culturali con altri gruppi, ecc. con l\u2019intervento di specialisti esterni e mediante l\u2019attivit\u00e0 personale dei soci che posseggano i requisiti necessari.<\/p>\n<p>L\u2019Associazione inoltre ha per scopo la preparazione di persone idonee per titolo di studio, a norma di legge, nonch\u00e9 per qualit\u00e0 personali e per doti culturali all\u2019apprendimento della tecnica summenzionata.<\/p>\n<p>Tale scopo sar\u00e0 perseguito attraverso lo svolgimento di attivit\u00e0 di formazione, per mezzo della tenuta di corsi e di attivit\u00e0 didattiche. Saranno a questo fine istituite scuole di formazione con corsi di studi di durata pluriennale destinati ad attribuire qualifiche professionali in ottemperanza alle normative vigenti in materia. Tali corsi verranno tenuti dai soci che posseggano i requisiti necessari (esperienza di pratica dell\u2019I.T.P. e preparazione culturale) e da\u00a0 specialisti esterni.<\/p>\n<p>L\u2019Associazione potr\u00e0 operare in ambito regionale.<\/p>\n<\/div><div class=\"nav fusion-mobile-tab-nav\"><ul class=\"nav-tabs\" role=\"tablist\"><li role=\"presentation\"><a class=\"tab-link\" data-toggle=\"tab\" role=\"tab\" aria-controls=\"tab-a12716c1a81a40b4aac\" aria-selected=\"false\" tabindex=\"-1\" id=\"mobile-fusion-tab-soci\" href=\"#tab-a12716c1a81a40b4aac\"><h4 class=\"fusion-tab-heading\">Soci<\/h4><\/a><\/li><\/ul><\/div><div class=\"tab-pane fade fusion-clearfix\" role=\"tabpanel\" tabindex=\"0\" aria-labelledby=\"fusion-tab-soci\" id=\"tab-a12716c1a81a40b4aac\">\n<h2>SOCI<\/h2>\n<h3><strong>Requisiti dei soci<\/strong><\/h3>\n<p>Possono essere soci dell\u2019Associazione cittadini italiani e stranieri che posseggano le qualifiche di cui al successivo art. 6.<\/p>\n<p>Potranno inoltre essere soci Associazioni e Circoli aventi scopi e attivit\u00e0 non in contrasto con quelli dell\u2019Associazione.<\/p>\n<p>I soci sono classificati in quattro\u00a0 categorie:<\/p>\n<ul>\n<li>Soci Fondatori;<\/li>\n<li>Soci Ordinari;<\/li>\n<li>Soci Simpatizzanti;<\/li>\n<li>Soci Onorari<strong>.<\/strong><\/li>\n<\/ul>\n<h3><strong>Ammissione dei soci<\/strong><\/h3>\n<p>Possono essere Soci le persone fisiche, le persone giuridiche, e gli altri Enti che presentino domanda di adesione. L\u2019Organo Amministrativo delibera, con giudizio insindacabile non motivato, circa la domanda di cui sopra. Gli aspiranti soci dovranno impegnarsi ad osservare il presente Statuto e lo scopo della Associazione. Sono Soci Fondatori coloro che hanno partecipato all\u2019atto costitutivo. E\u2019 tuttavia facolt\u00e0 dell\u2019Assemblea ordinaria della Associazione assimilare altri Soci ai Soci Fondatori attribuendo loro le medesime prerogative. Acquistano la qualifica di Soci Ordinari coloro che, avendo portato a termine validamente e proficuamente tutto il percorso formativo sono riconosciuti come terapeuti nell\u2019I.T.P.. Sono Soci Simpatizzanti tutti gli altri Soci, per i quali \u00e8 stata accettata la domanda di adesione di cui sopra. Sono Soci Onorari personalit\u00e0, Societ\u00e0 o Enti che, a giudizio insindacabile dell\u2019Organo Amministrativo, si sono particolarmente distinti nella collaborazione e nel sostegno delle attivit\u00e0 della Associazione. La qualifica di Socio Onorario \u00e8 a vita (salvo il recesso dell\u2019interessato).<\/p>\n<p>Il numero dei soci \u00e8 illimitato ed \u00e8 esclusa la temporaneit\u00e0 della partecipazione alla vita associativa.<\/p>\n<ul>\n<li><strong>Diritti dei soci<\/strong><\/li>\n<\/ul>\n<p>La qualifica di socio comporta i seguenti diritti:<\/p>\n<ul>\n<li>frequenza all\u2019Associazione ed alle manifestazioni della stessa;<\/li>\n<li>partecipazione alle assemblee ordinarie e straordinarie;<\/li>\n<li>proposte e decisioni riguardo all\u2019attivit\u00e0 dell\u2019Associazione.<\/li>\n<\/ul>\n<p><strong>Doveri dei soci<\/strong>L\u2019appartenenza all\u2019Associazione ha carattere libero e volontario, ma impegna gli aderenti al rispetto delle risoluzioni prese dai suoi organi rappresentativi, secondo le competenze statutarie.<\/p>\n<p>La qualifica di Socio Fondatore e Socio Ordinario comporta i seguenti doveri:<\/p>\n<ul>\n<li>pagamento della quota associativa annuale;<\/li>\n<li>pagamento di eventuali contributi straordinari deliberati dall\u2019assemblea;<\/li>\n<li>partecipazione alle assemblee ordinarie e straordinarie tenendo conto delle disposizioni di cui al successivo articolo 9;<\/li>\n<li>comunicazioni circa le attivit\u00e0 individuali svolte in ambito culturale e professionale dal socio comportanti l\u2019utilizzo del nome dell\u2019Associazione.<\/li>\n<\/ul>\n<p>La qualifica di Socio Simpatizzante, comporta i seguenti doveri:<\/p>\n<ul>\n<li>pagamento della quota associativa annuale.<\/li>\n<\/ul>\n<p>I Soci Onorari non sono invece tenuti a versare quote di iscrizione.<\/p>\n<p>Le ulteriori competenze, attribuzioni e responsabilit\u00e0 di ciascuna categoria di Soci verranno stabilite dal Regolamento, se adottato, di cui all\u2019articolo 21 del presente Statuto.<\/p>\n<h3><strong>Perdita della qualit\u00e0 di Socio<\/strong><\/h3>\n<p>La qualit\u00e0 di socio pu\u00f2 venire meno per i seguenti motivi;<\/p>\n<ol>\n<li>dimissioni: da comunicare per iscritto almeno tre mesi prima dello scadere dell\u2019anno;<\/li>\n<li>delibera dell\u2019assemblea dei soci:<\/li>\n<\/ol>\n<ul>\n<li>per accertati motivi di incompatibilit\u00e0;<\/li>\n<li>per aver contravvenuto alle norme ed obblighi del presente statuto;<\/li>\n<li>per assenza ingiustificata ad almeno sei assemblee consecutive;<\/li>\n<li>per ritardato pagamento dei contributi associativi di oltre un anno;<\/li>\n<li>per altri gravi motivi che vengono rilevati di volta in volta dagli organi amministrativi.<\/li>\n<\/ul>\n<p>Il socio che cessi per qualsiasi motivo di far parte dell\u2019associazione perde ogni diritto al patrimonio sociale e non ha diritto al rimborso delle somme pagate a titolo di quota associativa annuale.<\/p>\n<p>La quota associativa non \u00e8 suscettibile di essere rivalutata, n\u00e9 trasmessa, fatta eccezione per i trasferimenti a causa di morte.<\/p>\n<\/div><div class=\"nav fusion-mobile-tab-nav\"><ul class=\"nav-tabs\" role=\"tablist\"><li role=\"presentation\"><a class=\"tab-link\" data-toggle=\"tab\" role=\"tab\" aria-controls=\"tab-786390385627353f7c7\" aria-selected=\"false\" tabindex=\"-1\" id=\"mobile-fusion-tab-organi\" href=\"#tab-786390385627353f7c7\"><h4 class=\"fusion-tab-heading\">Organi<\/h4><\/a><\/li><\/ul><\/div><div class=\"tab-pane fade fusion-clearfix\" role=\"tabpanel\" tabindex=\"0\" aria-labelledby=\"fusion-tab-organi\" id=\"tab-786390385627353f7c7\">\n<h2>ORGANI<\/h2>\n<h3><strong>Organi dell\u2019Associazione<\/strong><\/h3>\n<p>Organi dell\u2019Associazione sono:<\/p>\n<ul>\n<li>L\u2019Assemblea;<\/li>\n<li>L\u2019Amministratore Unico o il Consiglio di Amministrazione o il Comitato direttivo;<\/li>\n<\/ul>\n<h2><strong>ASSEMBLEA<\/strong><\/h2>\n<h3><strong>Partecipazione all\u2019Assemblea<\/strong><\/h3>\n<p>L\u2019Associazione nell\u2019Assemblea ha il suo organo sovrano.<\/p>\n<p>Hanno diritto di partecipare all\u2019Assemblea tutti i soci, fondatori e non, in regola con il pagamento delle quote associative.<\/p>\n<p>L\u2019Assemblea sar\u00e0 convocata in via ordinaria almeno una volta all\u2019anno entro il 30 aprile per l\u2019approvazione del rendiconto economico e finanziario dell\u2019anno precedente, per l\u2019eventuale rinnovo delle cariche sociali e per presentare il bilancio preventivo dell\u2019anno in corso.<\/p>\n<h3><strong>Convocazione dell\u2019Assemblea.<\/strong><\/h3>\n<p>Le assemblee sono convocate dall\u2019organo amministrativo con preavviso di almeno 10 giorni mediante comunicazione scritta contenente il luogo, la data e l\u2019ora della riunione, l\u2019ordine del giorno ed il luogo, la data e l\u2019ora della seconda convocazione.<\/p>\n<p>In casi di emergenza la convocazione pu\u00f2 essere fatta anche telefonicamente.<\/p>\n<p>L\u2019Organo Amministrativo deve procedere alla convocazione dell\u2019Assemblea qualora ne sia fatta richiesta da almeno un decimo degli associati.<\/p>\n<h3><strong>Costituzione e deliberazioni dell\u2019Assemblea<\/strong><\/h3>\n<p>L\u2019Assemblea in sede ordinaria \u00e8 regolarmente costituita in prima convocazione con almeno la presenza di una met\u00e0 pi\u00f9 uno dei soci.<\/p>\n<p>In seconda convocazione essa \u00e8 validamente costituita qualunque sia il numero degli intervenuti.<\/p>\n<p>L\u2019Assemblea in sede straordinaria \u00e8 validamente costituita con la presenza di almeno tre quarti dei soci.<\/p>\n<p>E\u2019 ammesso l\u2019intervento per delega da conferirsi per iscritto esclusivamente ad altro socio Fondatore o Ordinario; \u00e8 vietato il cumulo delle deleghe in numero superiore a due.<\/p>\n<p>L\u2019Assemblea \u00e8 presieduta dall\u2019Amministratore Unico o dal Presidente del Consiglio di Amministrazione o dal Presidente del Comitato Direttivo.<\/p>\n<p>I verbali delle riunioni sono redatti dal Segretario nominato dall\u2019Amministratore Unico o dal Presidente del Consiglio di Amministrazione o dal Presidente del Comitato Direttivo.<\/p>\n<p>Hanno diritto a votare alle Assemblee tutti i Soci Fondatori (o coloro che sono stati assimilati a detta qualifica, come da articolo 6 dello Statuto).<\/p>\n<p>L\u2019Assemblea ordinaria e straordinaria sia in prima che in seconda convocazione deliberano con la maggioranza dei voti.<\/p>\n<h3><strong>Forma di votazione<\/strong><\/h3>\n<p>L\u2019assemblea normalmente vota per alzata di mano.<\/p>\n<p>Per particolari argomenti la votazione pu\u00f2 essere fatta a scrutinio segreto, su decisione dell\u2019Amministratore Unico o del Presidente del Consiglio di Amministrazione o dal Presidente del Comitato direttivo.<\/p>\n<h3><strong>Compiti dell\u2019assemblea<\/strong><\/h3>\n<p>All\u2019Assemblea ordinaria spettano i seguenti compiti:<\/p>\n<ol>\n<li>discutere e deliberare sui bilanci consuntivi e preventivi;<\/li>\n<li>fissare le quote di ammissione e i contributi associativi nonch\u00e9 la penale per i ritardati versamenti;<\/li>\n<li>deliberare sulle direttive di ordine generale e sull\u2019attivit\u00e0 dell\u2019Associazione svolta e da svolgere nei vari settori di sua competenza, in particolare per quanto riguarda l\u2019attivit\u00e0 di formazione;<\/li>\n<li>deliberare su ogni altro argomento di carattere ordinario sottoposto alla sua approvazione;<\/li>\n<li>nomina e revoca dell\u2019Organo Amministrativo.<\/li>\n<\/ol>\n<p>All\u2019Assemblea straordinaria, alla quale pu\u00f2 partecipare ciascun socio, indipendentemente dal valore della quota posseduta, ma solo maggiori di et\u00e0 spettano i seguenti compiti:<\/p>\n<ul>\n<li>deliberare sullo scioglimento dell\u2019Associazione;<\/li>\n<li>deliberare sulle altre proposte di modifica dello Statuto.<\/li>\n<\/ul>\n<h2><strong>ORGANO AMMINISTRATIVO<\/strong><\/h2>\n<h3><strong>Nomina dell\u2019Organo Amministrativo<\/strong><\/h3>\n<p>L\u2019Associazione \u00e8 amministrata, a scelta dell\u2019Assemblea, da un amministratore Unico ovvero da un Consiglio di Amministrazione ovvero da un Comitato direttivo nominato dall\u2019assemblea degli associati e fra gli associati stessi.<\/p>\n<p>L\u2019Amministratore unico resta in carica fino a revoca o dimissioni.<\/p>\n<p>Il Consiglio di Amministrazione \u00e8 composto da tre a cinque membri, dura in carica tre anni e pu\u00f2 essere riconfermato.<\/p>\n<p>Il Comitato Direttivo \u00e8 composto da cinque a sette membri, scelti tra i Soci Fondatori, e tra i Soci che sono assimilati a tale qualifica come da articolo 6) del presente Statuto. Il Comitato Direttivo nomina tra i propri membri il Presidente, il Vice Presidente e il Segretario. Il mandato per queste cariche \u00e8 di tre anni ed \u00e8 rinnovabile.<\/p>\n<p>Ogni carica \u00e8 gratuita, fermo restando il rimborso delle spese sostenute per lo svolgimento della carica stessa.<\/p>\n<h3><strong>Compiti e poteri dell\u2019Organo Amministrativo<\/strong><\/h3>\n<p>L\u2019organo amministrativo ha poteri di ordinaria e straordinaria amministrazione e provvede alla convocazione dell\u2019Assemblea degli Associati almeno una volta all\u2019anno per l\u2019approvazione del bilancio, quando ne sia fatta richiesta motivata da almeno un decimo degli associati e ogni volta che lo ritenga opportuno.<\/p>\n<p>L\u2019Amministratore Unico o il Presidente del Consiglio di Amministrazione o il Presidente del Comitato direttivo, ha la rappresentanza dell\u2019Associazione e rappresenta tutti gli associati di fronte a terzi, alle Autorit\u00e0, Enti e Uffici Pubblici ed in giudizio.<\/p>\n<\/div><div class=\"nav fusion-mobile-tab-nav\"><ul class=\"nav-tabs\" role=\"tablist\"><li role=\"presentation\"><a class=\"tab-link\" data-toggle=\"tab\" role=\"tab\" aria-controls=\"tab-7479cacc6fcffa817e0\" aria-selected=\"false\" tabindex=\"-1\" id=\"mobile-fusion-tab-finanze\" href=\"#tab-7479cacc6fcffa817e0\"><h4 class=\"fusion-tab-heading\">Finanze<\/h4><\/a><\/li><\/ul><\/div><div class=\"tab-pane fade fusion-clearfix\" role=\"tabpanel\" tabindex=\"0\" aria-labelledby=\"fusion-tab-finanze\" id=\"tab-7479cacc6fcffa817e0\">\n<h2>FINANZE E PATRIMONIO<\/h2>\n<h3><strong>Entrate dell\u2019associazione<\/strong><\/h3>\n<p>Le entrate dell\u2019Associazione sono costituite:<\/p>\n<ol>\n<li>dalla quota di iscrizione da versarsi all\u2019atto dell\u2019ammissione all\u2019Associazione nella misura fissata dall\u2019Assemblea;<\/li>\n<li>dai contributi ordinari da stabilirsi annualmente dall\u2019Assemblea Ordinaria;<\/li>\n<li>da eventuali contributi straordinari deliberati dall\u2019assemblea in relazione a particolari iniziative che richiedano disponibilit\u00e0 eccedenti quelle del bilancio ordinario;<\/li>\n<li>dai versamenti volontari degli associati, da sovvenzioni, da donazioni o da lasciti di terzi o di associati;<\/li>\n<li>da contributi di Pubbliche Amministrazioni, Enti locali, Istituti di Credito ed Enti in genere;<\/li>\n<li>da contributi europei o aiuti cofinanziati dall\u2019Unione Europea per attivit\u00e0 concernenti e affini a quelle indicate negli scopi sociali di cui al presente statuto;<\/li>\n<li>eventuali fondi di riserva costituiti con le eccedenze di bilancio.<\/li>\n<\/ol>\n<p>La quota annuale viene stabilita dall\u2019Organo Amministrativo, con delibera insindacabile.<\/p>\n<p>I contributi ordinari devono pagarsi in un\u2019unica soluzione entro il 30 marzo di ogni anno.<\/p>\n<p>L\u2019Associazione pu\u00f2 ricevere finanziamenti temporanei con obbligo di rimborso dai propri soci entri i limiti di legge.<\/p>\n<p>Durante la vita dell\u2019Associazione non potr\u00e0 aver luogo la distribuzione, anche in modo indiretto, di utili o avanzi di gestione nonch\u00e9 fondi, riserve o capitale, salvo che la destinazione o la distribuzione non siano imposte dalla legge.<\/p>\n<\/div><div class=\"nav fusion-mobile-tab-nav\"><ul class=\"nav-tabs\" role=\"tablist\"><li role=\"presentation\"><a class=\"tab-link\" data-toggle=\"tab\" role=\"tab\" aria-controls=\"tab-4698e2f8f985279b6ad\" aria-selected=\"false\" tabindex=\"-1\" id=\"mobile-fusion-tab-norme\" href=\"#tab-4698e2f8f985279b6ad\"><h4 class=\"fusion-tab-heading\">Norme<\/h4><\/a><\/li><\/ul><\/div><div class=\"tab-pane fade fusion-clearfix\" role=\"tabpanel\" tabindex=\"0\" aria-labelledby=\"fusion-tab-norme\" id=\"tab-4698e2f8f985279b6ad\">\n<h2>NORME FINALI E GENERALI<\/h2>\n<h3><strong>Esercizi sociali<\/strong><\/h3>\n<p>L\u2019esercizio sociale inizia il 1\u00b0 gennaio e termina il 31 dicembre di ogni anno.<\/p>\n<h3><strong>Scioglimento e liquidazione<\/strong><\/h3>\n<p>Lo scioglimento dell\u2019Associazione potr\u00e0 avvenire per decorso del termine o per volont\u00e0 di almeno tre quarti degli associati.<\/p>\n<p>In caso di scioglimento l\u2019assemblea designer\u00e0 uno o pi\u00f9 liquidatori determinandone i poteri.<\/p>\n<p>Il netto risultante dalla liquidazione sar\u00e0 devoluto in favore di altre associazioni con analoghe finalit\u00e0 o che hanno fini di pubblica utilit\u00e0, salvo diversa destinazione imposta dalla legge.<\/p>\n<h3><strong>Regolamento Interno<\/strong><\/h3>\n<p>Particolari norme potranno essere eventualmente disposte con regolamento interno da elaborarsi a cura dell\u2019organo Amministrativo che sottoporr\u00e0 detto regolamento alla volont\u00e0 dell\u2019Assemblea Ordinaria.<\/p>\n<p>Se detto regolamento verr\u00e0 adottato, l\u2019Associazione verr\u00e0 regolata dal presente Statuto e dal Regolamento stesso.<\/p>\n<h3><strong>Rinvio<\/strong><\/h3>\n<p>Per tutto quanto non \u00e8 previsto dal presente Statuto si fa rinvio alle norme di legge ed ai principi generali dell\u2019ordinamento giuridico italiano.<\/p>\n<h3><strong>Autorit\u00e0 giudiziaria competente<\/strong><\/h3>\n<p>Per ogni eventuale controversia in cui sia parte la presente Associazione, viene stabilito come unico Foro competente quello di Treviso, con esclusione di ogni altro Foro alternativo o concorrente.<\/p>\n<\/div><\/div><\/div><div class=\"fusion-clearfix\"><\/div><\/div><\/div><\/div><\/div>\n","protected":false},"excerpt":{"rendered":"","protected":false},"author":7,"featured_media":0,"parent":3315,"menu_order":5,"comment_status":"closed","ping_status":"closed","template":"","meta":[],"_links":{"self":[{"href":"https:\/\/www.gitim.eu\/it\/wp-json\/wp\/v2\/pages\/3326"}],"collection":[{"href":"https:\/\/www.gitim.eu\/it\/wp-json\/wp\/v2\/pages"}],"about":[{"href":"https:\/\/www.gitim.eu\/it\/wp-json\/wp\/v2\/types\/page"}],"author":[{"embeddable":true,"href":"https:\/\/www.gitim.eu\/it\/wp-json\/wp\/v2\/users\/7"}],"replies":[{"embeddable":true,"href":"https:\/\/www.gitim.eu\/it\/wp-json\/wp\/v2\/comments?post=3326"}],"version-history":[{"count":9,"href":"https:\/\/www.gitim.eu\/it\/wp-json\/wp\/v2\/pages\/3326\/revisions"}],"predecessor-version":[{"id":4691,"href":"https:\/\/www.gitim.eu\/it\/wp-json\/wp\/v2\/pages\/3326\/revisions\/4691"}],"up":[{"embeddable":true,"href":"https:\/\/www.gitim.eu\/it\/wp-json\/wp\/v2\/pages\/3315"}],"wp:attachment":[{"href":"https:\/\/www.gitim.eu\/it\/wp-json\/wp\/v2\/media?parent=3326"}],"curies":[{"name":"wp","href":"https:\/\/api.w.org\/{rel}","templated":true}]}}