{"id":3351,"date":"2019-09-25T15:40:02","date_gmt":"2019-09-25T13:40:02","guid":{"rendered":"https:\/\/gitim.eu\/it\/?page_id=3351"},"modified":"2024-02-15T11:30:56","modified_gmt":"2024-02-15T10:30:56","slug":"la-tecnica-itp","status":"publish","type":"page","link":"https:\/\/www.gitim.eu\/it\/la-scuola\/la-tecnica-itp","title":{"rendered":"Tecnica ITP"},"content":{"rendered":"<div class=\"fusion-fullwidth fullwidth-box fusion-builder-row-1 nonhundred-percent-fullwidth non-hundred-percent-height-scrolling\" style=\"--awb-border-radius-top-left:0px;--awb-border-radius-top-right:0px;--awb-border-radius-bottom-right:0px;--awb-border-radius-bottom-left:0px;\" ><div class=\"fusion-builder-row fusion-row\"><div class=\"fusion-layout-column fusion_builder_column fusion-builder-column-0 fusion_builder_column_4_5 4_5 fusion-four-fifth fusion-column-first\" style=\"--awb-padding-left:-20px;--awb-bg-size:cover;width:80%;width:calc(80% - ( ( 4% ) * 0.8 ) );margin-right: 4%;\"><div class=\"fusion-column-wrapper fusion-column-has-shadow fusion-flex-column-wrapper-legacy\"><div class=\"fusion-tabs fusion-tabs-1 clean vertical-tabs icon-position-left mobile-mode-accordion\" style=\"--awb-title-border-radius-top-left:0px;--awb-title-border-radius-top-right:0px;--awb-title-border-radius-bottom-right:0px;--awb-title-border-radius-bottom-left:0px;--awb-alignment:start;--awb-inactive-color:#faf9f8;--awb-background-color:#ffffff;--awb-border-color:#ede8e8;--awb-active-border-color:#339999;\"><div class=\"nav\"><ul class=\"nav-tabs\" role=\"tablist\"><li class=\"active\" role=\"presentation\"><a class=\"tab-link\" data-toggle=\"tab\" role=\"tab\" aria-controls=\"tab-4347a9d95f9e43512b1\" aria-selected=\"true\" id=\"fusion-tab-tecnicaitp\" href=\"#tab-4347a9d95f9e43512b1\"><h4 class=\"fusion-tab-heading\"><i class=\"fontawesome-icon fa-adjust fas\" aria-hidden=\"true\" style=\"font-size:13px;\"><\/i>Tecnica ITP<\/h4><\/a><\/li><li role=\"presentation\"><a class=\"tab-link\" data-toggle=\"tab\" role=\"tab\" aria-controls=\"tab-d53e59d4058107cd773\" aria-selected=\"false\" tabindex=\"-1\" id=\"fusion-tab-imageriementale\" href=\"#tab-d53e59d4058107cd773\"><h4 class=\"fusion-tab-heading\"><i class=\"fontawesome-icon fa-spa fas\" aria-hidden=\"true\" style=\"font-size:13px;\"><\/i>Imagerie Mentale<\/h4><\/a><\/li><li role=\"presentation\"><a class=\"tab-link\" data-toggle=\"tab\" role=\"tab\" aria-controls=\"tab-6aa369614037728a4d4\" aria-selected=\"false\" tabindex=\"-1\" id=\"fusion-tab-presuppostiteorici\" href=\"#tab-6aa369614037728a4d4\"><h4 class=\"fusion-tab-heading\"><i class=\"fontawesome-icon fa-torii-gate fas\" aria-hidden=\"true\" style=\"font-size:13px;\"><\/i>Presupposti Teorici<\/h4><\/a><\/li><li role=\"presentation\"><a class=\"tab-link\" data-toggle=\"tab\" role=\"tab\" aria-controls=\"tab-c3f28705937e0a99a8f\" aria-selected=\"false\" tabindex=\"-1\" id=\"fusion-tab-fasidellaterapia\" href=\"#tab-c3f28705937e0a99a8f\"><h4 class=\"fusion-tab-heading\"><i class=\"fontawesome-icon fa-book-reader fas\" aria-hidden=\"true\" style=\"font-size:13px;\"><\/i>Fasi della Terapia<\/h4><\/a><\/li><li role=\"presentation\"><a class=\"tab-link\" data-toggle=\"tab\" role=\"tab\" aria-controls=\"tab-c60dfae0dfbbc9d7f3d\" aria-selected=\"false\" tabindex=\"-1\" id=\"fusion-tab-tecnichederivate\" href=\"#tab-c60dfae0dfbbc9d7f3d\"><h4 class=\"fusion-tab-heading\"><i class=\"fontawesome-icon fa-arrows-alt-h fas\" aria-hidden=\"true\" style=\"font-size:13px;\"><\/i>Tecniche derivate<\/h4><\/a><\/li><li role=\"presentation\"><a class=\"tab-link\" data-toggle=\"tab\" role=\"tab\" aria-controls=\"tab-cdf2c36bd2c2713838f\" aria-selected=\"false\" tabindex=\"-1\" id=\"fusion-tab-applicazioniedevidenzascientifica\" href=\"#tab-cdf2c36bd2c2713838f\"><h4 class=\"fusion-tab-heading\"><i class=\"fontawesome-icon fa-atom fas\" aria-hidden=\"true\" style=\"font-size:13px;\"><\/i>Applicazioni ed Evidenza Scientifica<\/h4><\/a><\/li><li role=\"presentation\"><a class=\"tab-link\" data-toggle=\"tab\" role=\"tab\" aria-controls=\"tab-d946bdbb5458e768d34\" aria-selected=\"false\" tabindex=\"-1\" id=\"fusion-tab-efficacia\" href=\"#tab-d946bdbb5458e768d34\"><h4 class=\"fusion-tab-heading\"><i class=\"fontawesome-icon fa-certificate fas\" aria-hidden=\"true\" style=\"font-size:13px;\"><\/i>Efficacia<\/h4><\/a><\/li><\/ul><\/div><div class=\"tab-content\"><div class=\"nav fusion-mobile-tab-nav\"><ul class=\"nav-tabs\" role=\"tablist\"><li class=\"active\" role=\"presentation\"><a class=\"tab-link\" data-toggle=\"tab\" role=\"tab\" aria-controls=\"tab-4347a9d95f9e43512b1\" aria-selected=\"true\" id=\"mobile-fusion-tab-tecnicaitp\" href=\"#tab-4347a9d95f9e43512b1\"><h4 class=\"fusion-tab-heading\"><i class=\"fontawesome-icon fa-adjust fas\" aria-hidden=\"true\" style=\"font-size:13px;\"><\/i>Tecnica ITP<\/h4><\/a><\/li><\/ul><\/div><div class=\"tab-pane fade fusion-clearfix in active\" role=\"tabpanel\" tabindex=\"0\" aria-labelledby=\"fusion-tab-tecnicaitp\" id=\"tab-4347a9d95f9e43512b1\">\n<p>L\u2019ITP \u00e8 una Psicoterapia dell\u2019Inconscio che parte dal presupposto, comune a tutte le Tecniche Immaginative, che la produzione immaginativa che si svolge in determinate condizioni, come i sogni e le associazioni libere, sia manifestazione privilegiata dell\u2019inconscio.<\/p>\n<h3>Cos&#8217;\u00e8 l&#8217;ITP<\/h3>\n<p>La \u201cTecnica Immaginativa di analisi e ristrutturazione del Profondo\u201d (inizialmente \u201cRED di poco spessore\u201d \u2013 1963, \u201cITP\u201d \u2013 1968) \u00e8 una tecnica originale, molto vicina all\u2019Oniroterapia di Scuola francese, che nasce dall\u2019esperienza clinica del <strong>Dott. Leopoldo Rigo<\/strong>, riattualizzata dal gruppo da lui fondato nel 1966: <strong>il GITIM <\/strong>(Gruppo Italiano Tecniche Imagerie Mentale). La Scuola di Psicoterapia ITP per cui si \u00e8 ottenuto il Riconoscimento ministeriale \u00e8 emanazione del GITIM.<\/p>\n<p><img class=\"aligncenter wp-image-3958\" src=\"https:\/\/gitim.eu\/it\/wp-content\/uploads\/2022\/05\/copertina_libro_psicologiadellimmagine-300x217.jpg\" alt=\"\" width=\"699\" height=\"505\" srcset=\"https:\/\/www.gitim.eu\/it\/wp-content\/uploads\/2022\/05\/copertina_libro_psicologiadellimmagine-200x144.jpg 200w, https:\/\/www.gitim.eu\/it\/wp-content\/uploads\/2022\/05\/copertina_libro_psicologiadellimmagine-300x217.jpg 300w, https:\/\/www.gitim.eu\/it\/wp-content\/uploads\/2022\/05\/copertina_libro_psicologiadellimmagine-400x289.jpg 400w, https:\/\/www.gitim.eu\/it\/wp-content\/uploads\/2022\/05\/copertina_libro_psicologiadellimmagine-600x433.jpg 600w, https:\/\/www.gitim.eu\/it\/wp-content\/uploads\/2022\/05\/copertina_libro_psicologiadellimmagine-768x554.jpg 768w, https:\/\/www.gitim.eu\/it\/wp-content\/uploads\/2022\/05\/copertina_libro_psicologiadellimmagine-800x578.jpg 800w, https:\/\/www.gitim.eu\/it\/wp-content\/uploads\/2022\/05\/copertina_libro_psicologiadellimmagine-1024x739.jpg 1024w, https:\/\/www.gitim.eu\/it\/wp-content\/uploads\/2022\/05\/copertina_libro_psicologiadellimmagine.jpg 1115w\" sizes=\"(max-width: 699px) 100vw, 699px\" \/><\/p>\n<p>L\u2019ITP si colloca nell\u2019ambito delle \u201c<strong>Tecniche Immaginative<\/strong>\u201d, Si colloca dunque tra i metodi che utilizzano l\u2019Immagine mentale quali il \u201cR\u00eave \u00e9veill\u00e9 dirig\u00e9 (RED)\u201d di R. Desoille e l\u2019\u201dOniroterapia\u201d di A. Virel; presenta inoltre delle analogie con la \u201cPsicosintesi\u201d di R. Assagioli e l\u2019\u201dAnalisi Immaginativa\u201d di L. Peresson e l\u2019\u201dImmaginazione Attiva\u201d di C. G. Jung.<\/p>\n<p><span style=\"color: #0000ff;\"><a style=\"color: #0000ff;\" href=\"https:\/\/formazionecontinuainpsicologia.it\/corso\/la-tecnica-itp-in-psicoterapia\/\" target=\"_blank\" rel=\"noopener\">La Tecnica ITP in Psicoterapia<\/a><\/span>\u00a0Corso gratuito, presso FCP<\/p>\n<p><span style=\"color: #0000ff;\"><a style=\"color: #0000ff;\" href=\"https:\/\/formazionecontinuainpsicologia.it\/corso\/il-rilassamento-nella-tecnica-itp\/\" target=\"_blank\" rel=\"noopener\">Il\u00a0 Rilassamento nella Tecnica ITP\u00a0<\/a><\/span>\u00a0Corso gratuito, presso FCP<\/p>\n<p><span style=\"color: #0000ff;\"><a style=\"color: #0000ff;\" href=\"https:\/\/www.youtube.com\/watch?v=KzFK38KjUqE\" target=\"_blank\" rel=\"noopener\">Presentazione del libro \u201cPsicoterapia dell\u2019Immagine\u201d<\/a><\/span>\u00a0di Leopoldo Rigo, presso LA STANZA DEI LIBRI<\/p>\n<p><a href=\"http:\/\/www.psicologia-psicoterapia.it\/articoli-psicoterapia\/gitim-tecnica-immaginativa-profondo.html\" target=\"_blank\" rel=\"noopener\"><span style=\"color: #0000ff;\">Ivana Zanetti: breve nota sulla Tecnica ITP<\/span><\/a><\/p>\n<p><a href=\"https:\/\/www.psicologia.io\/formazione-online\/immaginario-e-cambiamento-la-psicoterapia-con-la-tecnica-immaginativa-di-analisi\" target=\"_blank\" rel=\"noopener\"><span style=\"color: #0000ff;\">Immaginario e Cambiamento &#8211; La Psicoterapia con la Tecnica Immaginativa ITP<\/span><\/a>\u00a0Corso on-line on demand a pagamento, presso Psicologia.io<\/p>\n<h3><strong>Attivit\u00e0 clinica con la tecnica ITP<\/strong><\/h3>\n<div class=\"accordian fusion-accordian\" style=\"--awb-border-size:0px;--awb-icon-size:25px;--awb-content-font-size:15px;--awb-icon-alignment:left;--awb-hover-color:#ffffff;--awb-border-color:#e7e4e2;--awb-background-color:#ffffff;--awb-divider-color:#e7e4e2;--awb-divider-hover-color:#e7e4e2;--awb-icon-color:#82c8b9;--awb-title-color:#333333;--awb-content-color:#222222;--awb-icon-box-color:#333333;--awb-toggle-hover-accent-color:#f41000;--awb-title-font-family:&quot;Open Sans&quot;;--awb-title-font-weight:700;--awb-title-font-style:normal;--awb-title-font-size:15px;--awb-content-font-family:&quot;Open Sans&quot;;--awb-content-font-style:normal;--awb-content-font-weight:400;\"><div class=\"panel-group fusion-toggle-icon-unboxed\" id=\"accordion-3351-1\"><div class=\"fusion-panel panel-default panel-f0989c46c24de69a9 fusion-toggle-no-divider fusion-toggle-boxed-mode\"><div class=\"panel-heading\"><h4 class=\"panel-title toggle\" id=\"toggle_f0989c46c24de69a9\"><a aria-expanded=\"false\" aria-controls=\"f0989c46c24de69a9\" role=\"button\" data-toggle=\"collapse\" data-parent=\"#accordion-3351-1\" data-target=\"#f0989c46c24de69a9\" href=\"#f0989c46c24de69a9\"><span class=\"fusion-toggle-icon-wrapper\" aria-hidden=\"true\"><i class=\"fa-fusion-box active-icon awb-icon-minus\" aria-hidden=\"true\"><\/i><i class=\"fa-fusion-box inactive-icon awb-icon-plus\" aria-hidden=\"true\"><\/i><\/span><span class=\"fusion-toggle-heading\">Psicodiagnosi<\/span><\/a><\/h4><\/div><div id=\"f0989c46c24de69a9\" class=\"panel-collapse collapse \" aria-labelledby=\"toggle_f0989c46c24de69a9\"><div class=\"panel-body toggle-content fusion-clearfix\">\n<p style=\"text-align: justify;\">Con l\u2019ausilio dei metodi e dei test attualmente usati viene effettuata una valutazione dello stato psichico che consente di comprendere l\u2019origine delle problematiche e le risorse personali che permettano di formulare un progetto di intervento o di dare indicazioni educative ai genitori.<br \/>\nLa psicodiagnosi \u00e8 rivolta al bambino, all\u2019adolescente e all\u2019adulto.<\/p>\n<\/div><\/div><\/div><div class=\"fusion-panel panel-default panel-3288a01fd67464c7a fusion-toggle-no-divider fusion-toggle-boxed-mode\"><div class=\"panel-heading\"><h4 class=\"panel-title toggle\" id=\"toggle_3288a01fd67464c7a\"><a aria-expanded=\"false\" aria-controls=\"3288a01fd67464c7a\" role=\"button\" data-toggle=\"collapse\" data-parent=\"#accordion-3351-1\" data-target=\"#3288a01fd67464c7a\" href=\"#3288a01fd67464c7a\"><span class=\"fusion-toggle-icon-wrapper\" aria-hidden=\"true\"><i class=\"fa-fusion-box active-icon awb-icon-minus\" aria-hidden=\"true\"><\/i><i class=\"fa-fusion-box inactive-icon awb-icon-plus\" aria-hidden=\"true\"><\/i><\/span><span class=\"fusion-toggle-heading\">Rilassamento digitale dialogato<\/span><\/a><\/h4><\/div><div id=\"3288a01fd67464c7a\" class=\"panel-collapse collapse \" aria-labelledby=\"toggle_3288a01fd67464c7a\"><div class=\"panel-body toggle-content fusion-clearfix\">\n<p>Il rilassamento digitale dialogato di Andre Virel, successivamente modificato da Rigo, di per s\u00e9 presenta vari vantaggi, in quanto produce una inibizione fisiologica del tono muscolare, accresce la coscienza immediata del corpo, rende possibile un rilassamento completo e profondo in tempi relativamente rapidi, esclude ogni fattore suggestivo, anche quello del pensiero.<\/p>\n<p>Il rilassamento ben praticato inizia una ristrutturazione dell\u2019immagine corporea; per questo si pu\u00f2 affermare che il rilassamento \u00e8 un procedimento curativo di per s\u00e9. Un altro motivo che qualifica il rilassamento come curativo di per s\u00e9 \u00e8 dovuto al fatto che si pu\u00f2 agire, per il suo tramite, sui nodi di memoria sparsi nel corpo.<\/p>\n<\/div><\/div><\/div><div class=\"fusion-panel panel-default panel-0a97186d9b7b445c2 fusion-toggle-no-divider fusion-toggle-boxed-mode\"><div class=\"panel-heading\"><h4 class=\"panel-title toggle\" id=\"toggle_0a97186d9b7b445c2\"><a aria-expanded=\"false\" aria-controls=\"0a97186d9b7b445c2\" role=\"button\" data-toggle=\"collapse\" data-parent=\"#accordion-3351-1\" data-target=\"#0a97186d9b7b445c2\" href=\"#0a97186d9b7b445c2\"><span class=\"fusion-toggle-icon-wrapper\" aria-hidden=\"true\"><i class=\"fa-fusion-box active-icon awb-icon-minus\" aria-hidden=\"true\"><\/i><i class=\"fa-fusion-box inactive-icon awb-icon-plus\" aria-hidden=\"true\"><\/i><\/span><span class=\"fusion-toggle-heading\">Cicli Brevi di Visualizzazioni<\/span><\/a><\/h4><\/div><div id=\"0a97186d9b7b445c2\" class=\"panel-collapse collapse \" aria-labelledby=\"toggle_0a97186d9b7b445c2\"><div class=\"panel-body toggle-content fusion-clearfix\">\n<p>Si propongono cicli brevi di intervento (10-15 sedute) di rilassamento e di visualizzazione. Sono rivolte a persone che vogliono apprendere una tecnica di rilassamento e attivare delle risorse immaginative in momenti particolari o critici della vita o vogliono avvicinarsi alle Tecniche Immaginative per sperimentarne l\u2019efficacia su s\u00e9 se stessi.<\/p>\n<p>I cicli brevi si diversificano da una vera e propria psicoterapia ITP poich\u00e9 intervengono su tematiche specifiche, come ad esempio i disturbi provocati dalla pandemia COVID 19, che \u00e8 stata considerata un PTSD (stress post-traumatico) complesso.<\/p>\n<p>Le visualizzazioni proposte dallo psicoterapeuta ITP rafforzano lo stato di rilassamento con potenziamento degli effetti curativi, ad esempio nelle situazioni di dolore cronico, come nel caso di pazienti oncologici.<\/p>\n<\/div><\/div><\/div><div class=\"fusion-panel panel-default panel-b11bab1c22ced41dc fusion-toggle-no-divider fusion-toggle-boxed-mode\"><div class=\"panel-heading\"><h4 class=\"panel-title toggle\" id=\"toggle_b11bab1c22ced41dc\"><a aria-expanded=\"false\" aria-controls=\"b11bab1c22ced41dc\" role=\"button\" data-toggle=\"collapse\" data-parent=\"#accordion-3351-1\" data-target=\"#b11bab1c22ced41dc\" href=\"#b11bab1c22ced41dc\"><span class=\"fusion-toggle-icon-wrapper\" aria-hidden=\"true\"><i class=\"fa-fusion-box active-icon awb-icon-minus\" aria-hidden=\"true\"><\/i><i class=\"fa-fusion-box inactive-icon awb-icon-plus\" aria-hidden=\"true\"><\/i><\/span><span class=\"fusion-toggle-heading\">Psicoterapia<\/span><\/a><\/h4><\/div><div id=\"b11bab1c22ced41dc\" class=\"panel-collapse collapse \" aria-labelledby=\"toggle_b11bab1c22ced41dc\"><div class=\"panel-body toggle-content fusion-clearfix\">\n<p style=\"text-align: justify;\">La psicoterapia \u00e8 l\u2019intervento pi\u00f9 significativo che mira a modificare stabilmente i nuclei problematici che sono alla base di vari disturbi: ansia, attacchi di panico, forme depressive, disturbi psicosomatici e crisi caratteristiche delle fasi di passaggio, disturbi nevrotici in genere. \u00c8 utile nei disturbi di personalit\u00e0 e nel funzionamento borderline.<\/p>\n<\/div><\/div><\/div><div class=\"fusion-panel panel-default panel-bbf4d0eced9c7ba48 fusion-toggle-no-divider fusion-toggle-boxed-mode\"><div class=\"panel-heading\"><h4 class=\"panel-title toggle\" id=\"toggle_bbf4d0eced9c7ba48\"><a aria-expanded=\"false\" aria-controls=\"bbf4d0eced9c7ba48\" role=\"button\" data-toggle=\"collapse\" data-parent=\"#accordion-3351-1\" data-target=\"#bbf4d0eced9c7ba48\" href=\"#bbf4d0eced9c7ba48\"><span class=\"fusion-toggle-icon-wrapper\" aria-hidden=\"true\"><i class=\"fa-fusion-box active-icon awb-icon-minus\" aria-hidden=\"true\"><\/i><i class=\"fa-fusion-box inactive-icon awb-icon-plus\" aria-hidden=\"true\"><\/i><\/span><span class=\"fusion-toggle-heading\">Psicoterapia Infantile<\/span><\/a><\/h4><\/div><div id=\"bbf4d0eced9c7ba48\" class=\"panel-collapse collapse \" aria-labelledby=\"toggle_bbf4d0eced9c7ba48\"><div class=\"panel-body toggle-content fusion-clearfix\">\n<p style=\"text-align: justify;\">Dopo un\u2019accurata valutazione diagnostica pu\u00f2 essere indicato un percorso terapeutico per il bambino o il preadolescente che verr\u00e0 condotto con tecniche derivate dall\u2019ITP.Si tratta di tecniche che, pur basate sugli stessi riferimenti\u00a0 immaginativi dell\u2019ITP, utilizzano modalit\u00e0 adatte al bambino o al preadolescente quali il disegno, il modellaggio, il gioco, il fumetto.<\/p>\n<\/div><\/div><\/div><div class=\"fusion-panel panel-default panel-9ac7c2adef84e9b96 fusion-toggle-no-divider fusion-toggle-boxed-mode\"><div class=\"panel-heading\"><h4 class=\"panel-title toggle\" id=\"toggle_9ac7c2adef84e9b96\"><a aria-expanded=\"false\" aria-controls=\"9ac7c2adef84e9b96\" role=\"button\" data-toggle=\"collapse\" data-parent=\"#accordion-3351-1\" data-target=\"#9ac7c2adef84e9b96\" href=\"#9ac7c2adef84e9b96\"><span class=\"fusion-toggle-icon-wrapper\" aria-hidden=\"true\"><i class=\"fa-fusion-box active-icon awb-icon-minus\" aria-hidden=\"true\"><\/i><i class=\"fa-fusion-box inactive-icon awb-icon-plus\" aria-hidden=\"true\"><\/i><\/span><span class=\"fusion-toggle-heading\">Consulenze Psicologiche ai Genitori<\/span><\/a><\/h4><\/div><div id=\"9ac7c2adef84e9b96\" class=\"panel-collapse collapse \" aria-labelledby=\"toggle_9ac7c2adef84e9b96\"><div class=\"panel-body toggle-content fusion-clearfix\">\n<p>Si offrono consulenze psicologiche ai genitori che sono in difficolt\u00e0 nell\u2019affrontare momenti critici della crescita dei figli. La modifica del rapporto genitore-bambino pu\u00f2 essere talora l\u2019intervento pi\u00f9 indicato a risolvere i problemi dei figli.<\/p>\n<p>Si offrono consulenze psicologiche ai genitori che si separano o divorziano, si trovano in difficolt\u00e0 nel gestire questo momento. Desiderano capire come affrontare la separazione con i figli nel rispetto dei loro bisogni.<\/p>\n<p>Lo stile specifico, che deriva dalla pedagogia dell\u2019Immaginario e da una visione sempre in prospettiva evolutiva dell\u2019Essere, consente allo psicoterapeuta ITP di affrontare con i genitori o gli educatori varie altre problematiche, quali ad esempio le enuresi o encopresi, i tic e le balbuzie, i disturbi negli apprendimenti, situazioni complesse legate a malattie organiche di vario tipo, il mutismo selettivo, i disturbi di tipo autistico.<\/p>\n<\/div><\/div><\/div><div class=\"fusion-panel panel-default panel-c51d785b4fdb81595 fusion-toggle-no-divider fusion-toggle-boxed-mode\"><div class=\"panel-heading\"><h4 class=\"panel-title toggle\" id=\"toggle_c51d785b4fdb81595\"><a aria-expanded=\"false\" aria-controls=\"c51d785b4fdb81595\" role=\"button\" data-toggle=\"collapse\" data-parent=\"#accordion-3351-1\" data-target=\"#c51d785b4fdb81595\" href=\"#c51d785b4fdb81595\"><span class=\"fusion-toggle-icon-wrapper\" aria-hidden=\"true\"><i class=\"fa-fusion-box active-icon awb-icon-minus\" aria-hidden=\"true\"><\/i><i class=\"fa-fusion-box inactive-icon awb-icon-plus\" aria-hidden=\"true\"><\/i><\/span><span class=\"fusion-toggle-heading\">Gruppi<\/span><\/a><\/h4><\/div><div id=\"c51d785b4fdb81595\" class=\"panel-collapse collapse \" aria-labelledby=\"toggle_c51d785b4fdb81595\"><div class=\"panel-body toggle-content fusion-clearfix\">\n<p>I gruppi possono differenziarsi sia per i destinatari che per la finalit\u00e0.<br \/>\nSono stati attivati:<\/p>\n<ul>\n<li><strong>GRUPPI DI ANZIANI<\/strong> in casa di riposo, al fine di ridurre l\u2019ansia, la depressione e il dolore;<\/li>\n<li><strong>GRUPPI DI SEPARATI<\/strong>, per elaborare la separazione e attivare la comunicazione e la collaborazione;<\/li>\n<li><strong>GRUPPI DI SURVIVOR<\/strong> (che hanno vissuto il suicidio di una persona cara).<\/li>\n<\/ul>\n<\/div><\/div><\/div><\/div><\/div>\n<\/div><div class=\"nav fusion-mobile-tab-nav\"><ul class=\"nav-tabs\" role=\"tablist\"><li role=\"presentation\"><a class=\"tab-link\" data-toggle=\"tab\" role=\"tab\" aria-controls=\"tab-d53e59d4058107cd773\" aria-selected=\"false\" tabindex=\"-1\" id=\"mobile-fusion-tab-imageriementale\" href=\"#tab-d53e59d4058107cd773\"><h4 class=\"fusion-tab-heading\"><i class=\"fontawesome-icon fa-spa fas\" aria-hidden=\"true\" style=\"font-size:13px;\"><\/i>Imagerie Mentale<\/h4><\/a><\/li><\/ul><\/div><div class=\"tab-pane fade fusion-clearfix\" role=\"tabpanel\" tabindex=\"0\" aria-labelledby=\"fusion-tab-imageriementale\" id=\"tab-d53e59d4058107cd773\">\n<h2 class=\"western\"><span style=\"color: #000000;\">Imagerie Mentale e ITP<\/span><\/h2>\n<p>L\u2019Imagerie Mentale fu definita da Galton (1898) prima, da Binet (1911) poi, come successione di immagini e sensazioni immaginarie vissute e verbalizzate da un Soggetto in presenza di un Operatore.<\/p>\n<p>I primi tentativi di applicazione psicoterapica si devono a Janet (1898) e a Clark (1926).<br \/>\nI principali ricercatori, ai quali si devono le attuali conoscenze sull\u2019Imagerie Mentale, sono Desoille (1931), Happich (1932), Guillerey (1942), Kretschmer (1949), Schultz (1950), Godel (1952), Rigo (1952), Jung (1954), Leuner (1955), Arthus (1956), Gerard (1961), Andr\u00e9 Virel (1965).<\/p>\n<p>La prima utilizzazione sistematica dell\u2019Imagerie Mentale risale a R. Desoille, che apprende la tecnica dall\u2019occultista E. Casland e la usa come un metodo per l\u2019esplorazione e per lo sviluppo della personalit\u00e0 e a fini terapeutici (1945). Desoille coglie le possibilit\u00e0 di un mondo immaginario dinamico e capace di modificazioni significative nella vita del paziente. Egli definisce in quegli anni il metodo psicoterapico denominato \u201cR\u00eave \u00c9veill\u00e9 Dirig\u00e9\u201d (RED), che diventa il fondamento di tutti i moderni metodi psicoterapici fondati sull\u2019uso delle immagini mentali.<\/p>\n<p>I metodi psicoterapici originali che utilizzano l\u2019Immagine Mentale sono quelli di Desoille (R\u00eave \u00c9veill\u00e9 Dirig\u00e9 o RED), di Guillerey (Reverie Dirig\u00e9e), di Leuner (VIC), di Rigo (RED di poco spessore \u2013 ITP), di Jung (Immaginazione Attiva), di Gerard (Symbolic Visualization), di Assagioli (Psicosintesi).<\/p>\n<p>A Virel si deve la denominazione di \u201cImagerie Mentale\u201d e la tecnica di rilassamento propedeutica alla psicoterapia di tipo immaginativo (teorie, tecniche ed esperienze sono illustrate nell\u2019opera \u201cL\u2019Imagerie Mentale\u201d di R. Fr\u00e9tigny e A. Virel \u2013 Editions du Mont-Blanc, Gen\u00e8ve, 1968).<\/p>\n\n\t\t<style type=\"text\/css\">\n\t\t\t#gallery-1 {\n\t\t\t\tmargin: auto;\n\t\t\t}\n\t\t\t#gallery-1 .gallery-item {\n\t\t\t\tfloat: left;\n\t\t\t\tmargin-top: 10px;\n\t\t\t\ttext-align: center;\n\t\t\t\twidth: 25%;\n\t\t\t}\n\t\t\t#gallery-1 img {\n\t\t\t\tborder: 2px solid #cfcfcf;\n\t\t\t}\n\t\t\t#gallery-1 .gallery-caption {\n\t\t\t\tmargin-left: 0;\n\t\t\t}\n\t\t\t\/* see gallery_shortcode() in wp-includes\/media.php *\/\n\t\t<\/style>\n\t\t<div id='gallery-1' class='gallery galleryid-3351 gallery-columns-4 gallery-size-medium'><dl class='gallery-item'>\n\t\t\t<dt class='gallery-icon portrait'>\n\t\t\t\t<a data-rel=\"iLightbox[postimages]\" data-title=\"copertina_simbolismo_e_simbologenesi\" data-caption=\"\" href='https:\/\/www.gitim.eu\/it\/wp-content\/uploads\/2022\/05\/copertina_simbolismo_e_simbologenesi-e1706830336130.jpg'><img width=\"201\" height=\"300\" src=\"https:\/\/www.gitim.eu\/it\/wp-content\/uploads\/2022\/05\/copertina_simbolismo_e_simbologenesi-201x300.jpg\" class=\"attachment-medium size-medium\" alt=\"\" srcset=\"https:\/\/www.gitim.eu\/it\/wp-content\/uploads\/2022\/05\/copertina_simbolismo_e_simbologenesi-200x298.jpg 200w, https:\/\/www.gitim.eu\/it\/wp-content\/uploads\/2022\/05\/copertina_simbolismo_e_simbologenesi-201x300.jpg 201w, https:\/\/www.gitim.eu\/it\/wp-content\/uploads\/2022\/05\/copertina_simbolismo_e_simbologenesi-400x597.jpg 400w, https:\/\/www.gitim.eu\/it\/wp-content\/uploads\/2022\/05\/copertina_simbolismo_e_simbologenesi-e1706830336130.jpg 579w, https:\/\/www.gitim.eu\/it\/wp-content\/uploads\/2022\/05\/copertina_simbolismo_e_simbologenesi-600x895.jpg 600w, https:\/\/www.gitim.eu\/it\/wp-content\/uploads\/2022\/05\/copertina_simbolismo_e_simbologenesi-686x1024.jpg 686w, https:\/\/www.gitim.eu\/it\/wp-content\/uploads\/2022\/05\/copertina_simbolismo_e_simbologenesi-768x1146.jpg 768w, https:\/\/www.gitim.eu\/it\/wp-content\/uploads\/2022\/05\/copertina_simbolismo_e_simbologenesi-800x1194.jpg 800w\" sizes=\"(max-width: 201px) 100vw, 201px\" \/><\/a>\n\t\t\t<\/dt><\/dl><dl class='gallery-item'>\n\t\t\t<dt class='gallery-icon portrait'>\n\t\t\t\t<a data-rel=\"iLightbox[postimages]\" data-title=\"copertina_libro_psicologiadellimmagine2\" data-caption=\"\" href='https:\/\/www.gitim.eu\/it\/wp-content\/uploads\/2022\/05\/copertina_libro_psicologiadellimmagine2.jpg'><img width=\"213\" height=\"300\" src=\"https:\/\/www.gitim.eu\/it\/wp-content\/uploads\/2022\/05\/copertina_libro_psicologiadellimmagine2-213x300.jpg\" class=\"attachment-medium size-medium\" alt=\"\" srcset=\"https:\/\/www.gitim.eu\/it\/wp-content\/uploads\/2022\/05\/copertina_libro_psicologiadellimmagine2-200x282.jpg 200w, https:\/\/www.gitim.eu\/it\/wp-content\/uploads\/2022\/05\/copertina_libro_psicologiadellimmagine2-213x300.jpg 213w, https:\/\/www.gitim.eu\/it\/wp-content\/uploads\/2022\/05\/copertina_libro_psicologiadellimmagine2-400x564.jpg 400w, https:\/\/www.gitim.eu\/it\/wp-content\/uploads\/2022\/05\/copertina_libro_psicologiadellimmagine2-600x846.jpg 600w, https:\/\/www.gitim.eu\/it\/wp-content\/uploads\/2022\/05\/copertina_libro_psicologiadellimmagine2.jpg 613w\" sizes=\"(max-width: 213px) 100vw, 213px\" \/><\/a>\n\t\t\t<\/dt><\/dl>\n\t\t\t<br style='clear: both' \/>\n\t\t<\/div>\n\n<p>Rigo \u00e8 tra i primi a conoscere, applicare e successivamente a modificare il \u201d<strong>R\u00eave \u00c9veill\u00e9 Dirig\u00e9<\/strong>\u201d (RED).<\/p>\n<p>Rigo introduce delle modifiche alla tecnica e denomina il suo metodo \u201c<strong>RED di poco spessore<\/strong><strong>\u201d<\/strong> (1963). In Rigo vengono eliminati gli aspetti suggestivi, viene incrementata la posizione attiva del soggetto e viene preparato con il rilassamento il passaggio allo stato semioniroide. Viene curato maggiormente il legame con la vita reale del soggetto e soprattutto viene introdotta una maggior spontaneit\u00e0 e non direttivit\u00e0, divergendo dall\u2019approccio direttivo e decisamente pedagogico dell\u2019ultimo Desoille, attratto dalle teorie del condizionamento pavloviano.<\/p>\n<p>Il RED di poco spessore abolisce le salite e le discese spinte e, con semplici suggerimenti di tipo chinestesico, porta il soggetto ad affrontare la propria conflittualit\u00e0, le proprie difese su un piano immaginativo e simbolico. Nei suoi lavori Rigo precisa la natura delle immagini del RED, la tipologia dei suoi interventi, che mettono il Soggetto in una condizione pi\u00f9 attiva e meno di difensiva, l\u2019uso delle immagini spontanee, l\u2019impiego di procedimenti particolari quali la \u201ctecnica delle regressioni d\u2019et\u00e0\u201d, ecc.<br \/>\nIn sintesi Rigo utilizza e rielabora soprattutto il primo Desoille, che ha abbondanti riferimenti a Freud e a Jung e una chiara impronta psicodinamica.<\/p>\n<p>Rigo sviluppa in particolare alcuni aspetti:<\/p>\n<ul>\n<li>la \u201cr\u00eaverie\u201d, che rende pi\u00f9 profondo il rapporto con le immagini, provocata stimolando l\u2019immaginazione del soggetto per mezzo dell\u2019idea di movimento e di azione, soprattutto di ascesa e discesa;<\/li>\n<li>la partecipazione del soggetto a livello chinestesico e i procedimenti che permettono allo stesso di far fronte ad immagini angoscianti con atteggiamento attivo e di superamento delle stesse, aumentando i poteri dell\u2019Io di fronte alle forze inconsce;<\/li>\n<li>i fattori di cura, il riordino della serie archetipica, i fattori di apprendimento e di modifica di pattern, particolarmente estesi data l\u2019azione immaginativa in stato semioniroide.<\/li>\n<\/ul>\n<p>Fin dal suo esordio la psicoterapia di Rigo punta alla \u201c<strong>modifica del fondo Fantasmatico<\/strong>\u201d e alla \u201c<strong>integrazione e sviluppo della personalit\u00e0<\/strong>\u201d.<\/p>\n<p>La psicoterapia di Rigo presto si incontra con le tecniche di Imagerie Mentale di R. Fr\u00e9tigny e A. Virel. Dagli anni 60 sia in Francia che in altri paesi si costituirono diversi gruppi attorno alle tecniche di Imagerie Mentale. Nel 1968 Rigo \u00e8 tra i fondatori della SITIM \u201cSoci\u00e9t\u00e9 Internationale des Tecniques d\u2019Imagerie Mentale\u201d, di cui rimane vicepresidente fino alla morte. La SITIM promuove negli anni una serie di incontri internazionali, in cui si confrontarono<br \/>\nvarie tecniche psicoterapiche e diversi apporti culturali e metodologici.<\/p>\n<p><img class=\"aligncenter wp-image-3963 size-medium\" src=\"https:\/\/gitim.eu\/it\/wp-content\/uploads\/2022\/05\/copertina_limagerie_mentale-210x300.jpg\" alt=\"\" width=\"210\" height=\"300\" srcset=\"https:\/\/www.gitim.eu\/it\/wp-content\/uploads\/2022\/05\/copertina_limagerie_mentale-200x286.jpg 200w, https:\/\/www.gitim.eu\/it\/wp-content\/uploads\/2022\/05\/copertina_limagerie_mentale-210x300.jpg 210w, https:\/\/www.gitim.eu\/it\/wp-content\/uploads\/2022\/05\/copertina_limagerie_mentale.jpg 336w\" sizes=\"(max-width: 210px) 100vw, 210px\" \/><\/p>\n<p>Fretigny e Virel diedero un grande contributo allo studio dell\u2019Immagine Mentale, alla sua applicazione in campo terapeutico, al rilassamento, alla genesi delle Immagini, dando vita all\u2019Oniroterapia. Per quanto concerne gli aspetti scientifici, sono stati particolarmente significativi gli studi encefalografici (1961-65) compiuti da Virel presso la Facolt\u00e0 di Scienze dell\u2019Universit\u00e0 di Parigi, che dimostrano come il rilassamento approfondito, che comporta la comparsa spontanea di immagini, sia caratterizzato dal ritmo cerebrale \u201calfa\u201d. Il ritmo \u201calfa\u201d, studiato da H. Berger nel 1929, \u00e8 l\u2019attivit\u00e0 elettrica delle regioni posteriori dell\u2019encefalo che \u00e8 caratteristica di alcuni stati di coscienza esclusivi della specie umana, nell\u2019auto-ipnosi, nello yoga, nella meditazione zen.<\/p>\n<p>Rigo, dopo aver utilizzato il training autogeno, apprende ed integra la tecnica di rilassamento, cosiddetto \u201cdigitale\u201d, di Virel, che agisce su meccanismi fisiologici d\u2019inibizione muscolare e, attivando l\u2019attenzione del Soggetto sulle sensazioni tattili, accresce per cos\u00ec dire la sua \u201cpercezione profonda del corpo\u201d e lo conduce ad un rilassamento pi\u00f9 completo e ad un\u2019imagerie caratterizzata dal ritmo alfa, in una condizione di elevata coscienza e di bassa vigilanza (Virel).<br \/>\nQuesta \u00e8 la situazione pi\u00f9 idonea alla proiezione nel vissuto immaginario dei propri vissuti e delle proprie nevrosi ma anche alla liberazione delle potenzialit\u00e0 dell\u2019immaginario, o meglio, come dice Virel, al ripristino della \u201cFunzione biologica dell\u2019Immaginario\u201d.<\/p>\n<p><strong>Altri concetti in comune tra l\u2019Oniroterapia e l\u2019ITP sono<\/strong><strong>:<\/strong><\/p>\n<ul>\n<li>la non direttivit\u00e0 o una \u201cdirettivit\u00e0 ridotta\u201d in armonia con le caratteristiche del paziente;<\/li>\n<li>la nozione di \u201cIo Corporeo Immaginario\u201d, centro del dramma immaginario che si configura come \u201cautorappresentazione spazializzata della psiche del Soggetto\u201d;<\/li>\n<li>la definizione dello scenario e le implicazioni drammatiche.<\/li>\n<\/ul>\n<\/div><div class=\"nav fusion-mobile-tab-nav\"><ul class=\"nav-tabs\" role=\"tablist\"><li role=\"presentation\"><a class=\"tab-link\" data-toggle=\"tab\" role=\"tab\" aria-controls=\"tab-6aa369614037728a4d4\" aria-selected=\"false\" tabindex=\"-1\" id=\"mobile-fusion-tab-presuppostiteorici\" href=\"#tab-6aa369614037728a4d4\"><h4 class=\"fusion-tab-heading\"><i class=\"fontawesome-icon fa-torii-gate fas\" aria-hidden=\"true\" style=\"font-size:13px;\"><\/i>Presupposti Teorici<\/h4><\/a><\/li><\/ul><\/div><div class=\"tab-pane fade fusion-clearfix\" role=\"tabpanel\" tabindex=\"0\" aria-labelledby=\"fusion-tab-presuppostiteorici\" id=\"tab-6aa369614037728a4d4\">\n<h2 class=\"western\">Presupposti teorici: Immagine Mentale<\/h2>\n<p>L\u2019utilizzo dell\u2019Immagine Mentale \u00e8 il mezzo fondamentale utilizzato dall\u2019ITP (e in generale dalle \u201cTecniche Immaginative\u201d), analogamente alla \u201cassociazione libera\u201d nel metodo psicoanalitico e alla \u201cimmaginazione attiva\u201d nella Terapia Analitica Junghiana.<\/p>\n<p>L\u2019immagine mentale \u00e8 un processo del pensiero non una tecnica.<\/p>\n<p>Lo stesso <strong>Freud,<\/strong> assegnando un primato al pensiero verbale rispetto al pensare per Immagini, riconosce che l\u2019Immagine \u00e8 molto\u00a0 pi\u00f9 vicina al\u00a0 processo inconscio e\u00a0 afferma: \u201cil pensare per immagini&#8230; \u00e8 solo una forma molto incompleta di diventare conscio\u2026 in qualche modo sta pi\u00f9 vicino ai processi inconsci\u201d.<\/p>\n<p><strong>Leopoldo Rigo spiega<\/strong> (nell\u2019articolo \u201cLa psicoterapia dell\u2019Immagine\u201d, 1962) <strong>che \u201cl\u2019attivit\u00e0<\/strong> <strong>immaginativa, nel suo stretto rapporto con l\u2019attivit\u00e0 sensoriale, precede geneticamente le rappresentazioni astratte del pensiero \u2026.. cos\u00ec l\u2019Immaginazione, prodotto pi\u00f9 immediato del linguaggio, precede geneticamente quest\u2019ultimo e ne \u00e8 una condizione\u201d.<\/strong> Rigo sottolinea ancora come \u201cl\u2019immaginare \u00e8 legato e quasi identificabile alle immagini visive e queste sono collegate a situazioni concrete con tutte le loro implicazioni emotive e sentimentali, mentre il pensare \u00e8 sempre legato al linguaggio, che pu\u00f2 anche non essere accompagnato da immagini ed \u00e8 in ogni caso corrispondente ad un modo di essere molto pi\u00f9 distanziato dalla situazione e meno carico di elementi emotivi\u201d.<\/p>\n<p>Dall\u2019esperienza clinica emerge la constatazione che in seguito al <strong>rilassamento <\/strong>all\u2019isolamento sensoriale\u00a0 si attua una situazione -o meglio <strong>uno stato<\/strong>&#8211;<strong> tra la veglia e il sonno, con un alto livello di coscienza e una bassa vigilanza. <\/strong><\/p>\n<p><img class=\"aligncenter wp-image-3965\" src=\"https:\/\/gitim.eu\/it\/wp-content\/uploads\/2022\/05\/foresta-300x200.jpg\" alt=\"\" width=\"700\" height=\"467\" srcset=\"https:\/\/www.gitim.eu\/it\/wp-content\/uploads\/2022\/05\/foresta-200x133.jpg 200w, https:\/\/www.gitim.eu\/it\/wp-content\/uploads\/2022\/05\/foresta-300x200.jpg 300w, https:\/\/www.gitim.eu\/it\/wp-content\/uploads\/2022\/05\/foresta-400x267.jpg 400w, https:\/\/www.gitim.eu\/it\/wp-content\/uploads\/2022\/05\/foresta-600x400.jpg 600w, https:\/\/www.gitim.eu\/it\/wp-content\/uploads\/2022\/05\/foresta-768x512.jpg 768w, https:\/\/www.gitim.eu\/it\/wp-content\/uploads\/2022\/05\/foresta-800x534.jpg 800w, https:\/\/www.gitim.eu\/it\/wp-content\/uploads\/2022\/05\/foresta.jpg 1000w\" sizes=\"(max-width: 700px) 100vw, 700px\" \/><\/p>\n<p>Questo \u00e8 il livello ottimale, tra la veglia e il sonno (stato di r\u00eaverie), per il libero fluire delle immagini mentali in cui il Soggetto \u00e8 in uno stato vigile, non ipnotico. \u00c8 uno stato in cui si attenuano le difese e il controllo razionale e si mette in moto l\u2019Imagerie Mentale (che Virel chiama Onirodramma).<\/p>\n<p>Con la rottura delle barriere intrapsichiche tra conscio e inconscio, conseguente allo stato di rilassamento profondo e di isolamento sensoriale, e con la messa in moto del processo immaginativo, spesso opportunamente sostenuto dal terapeuta, vengono ad essere presenti al soggetto che prova (\u201cIo che prova\u201d) livelli emotivi profondi. Possono <strong>emergere le \u201cradici fantasmatiche<\/strong>\u201d di origine precocissima che si configurano con il carattere concreto dell\u2019esperienza vissuta. \u00c8 impegnata tutta la sensorialit\u00e0, in primo luogo quella propriocettiva; l\u2019Immagine porta con s\u00e9 tutto il vissuto del Soggetto: \u00e8 cenestesica, chinestesica e labirintica, e poi tattile, uditiva e visiva; la partecipazione emotiva \u00e8 in genere molto intensa.<\/p>\n<p><strong>Le immagini hanno il carattere concreto<\/strong> e presente della cosa vista, sentita, vissuta \u2013 non diversamente da una cosa vera.<br \/>\n<em>\u201cTutti possiamo avere come confronto l\u2019esperienza del sogno. Mentre sogniamo non sperimentiamo solo immagini visive: quando una persona prova ansia, prova anche un senso di costrizione, mentre se un sogno \u00e8 gioioso, si prova anche un senso di dilatazione\u201d.<br \/>\n<\/em>Il Soggetto o la \u201cparte che prova\u201d, alla presenza dell\u2019analista che ascolta empaticamente, vive stati d\u2019animo ed emozioni che riattualizzano le sue vicende.<\/p>\n<p>L\u2019esperienza viene vissuta attraverso la \u201cimmagine autorappresentativa del Soggetto\u201d o\u00a0 \u201dIo Corporeo Immaginario\u201d (Virel), a cui il Soggetto si sente identificato a livello emotivo e corporeo, provando tutte le diverse sensazioni: cenestesica, chinestesica, labirintica, tattile, uditiva e visiva, come nella vita reale e come nel sogno.<\/p>\n<p>L\u2019Io Corporeo Immaginario si muove nello scenario immaginario, anch\u2019esso proiezione di stati emozionali e psichici che rappresentano carenze, difese, conflitti tra <strong>istanze psichiche. Le Immagini si organizzano in scene<\/strong><em>,<\/em> all\u2019interno delle quali il Soggetto vive e rivive in maniera \u201cdrammatica\u201d veri stati d\u2019animo e reazioni emotive. Il Soggetto pu\u00f2 esplorare un bosco, essere sommerso da una palude, incontrare difficolt\u00e0 di ogni genere, provare ansia e inquietudine di fronte ad un ambiente misterioso, come pure vivere le sensazioni pi\u00f9 gratificanti.<\/p>\n<p>Le Immagini derivano dal mondo interno del Soggetto (fantasmi e archetipi) e sono autorappresentative della struttura dinamica e in genere dello stato della personalit\u00e0, esprimono la storia carenziale e conflittuale del Soggetto.<\/p>\n<p>Per questo si parla di \u201cimmaginario concreto\u201d. Infatti questo modo di intendere l\u2019immaginario \u00e8 molto corporeo e poco somigliante ad una concezione fantasiosa evasiva, quale talvolta viene assegnata all\u2019immaginario da chi ha poca dimestichezza e pratica con questa fondamentale facolt\u00e0, tipicamente umana.<\/p>\n<p>L\u2019Imagerie Mentale, pertanto, si distingue nettamente dalle comuni \u201cfantasie\u201d di tipo evasivo o difensivo, che sono del tutto insignificanti a livello terapeutico.<\/p>\n<\/div><div class=\"nav fusion-mobile-tab-nav\"><ul class=\"nav-tabs\" role=\"tablist\"><li role=\"presentation\"><a class=\"tab-link\" data-toggle=\"tab\" role=\"tab\" aria-controls=\"tab-c3f28705937e0a99a8f\" aria-selected=\"false\" tabindex=\"-1\" id=\"mobile-fusion-tab-fasidellaterapia\" href=\"#tab-c3f28705937e0a99a8f\"><h4 class=\"fusion-tab-heading\"><i class=\"fontawesome-icon fa-book-reader fas\" aria-hidden=\"true\" style=\"font-size:13px;\"><\/i>Fasi della Terapia<\/h4><\/a><\/li><\/ul><\/div><div class=\"tab-pane fade fusion-clearfix\" role=\"tabpanel\" tabindex=\"0\" aria-labelledby=\"fusion-tab-fasidellaterapia\" id=\"tab-c3f28705937e0a99a8f\">\n<h2 class=\"western\">Fasi della terapia<\/h2>\n<p>Vi sono due aspetti fondamentali: la teorizzazione psicoanalitica e la Psicologia Analitica Junghiana per quanto riguarda l\u2019aspetto diagnostico e interpretativo, l\u2019uso dell\u2019Imagerie Mentale per quanto riguarda il metodo.<\/p>\n<p>L\u2019ITP ha un duplice scopo, o meglio una duplice possibilit\u00e0: uno scopo eminentemente di soluzione delle problematiche, e uno scopo pi\u00f9 legato all\u2019espansione alla crescita della Persona: non solo la liberazione dal sintomo, ma la riorganizzazione della personalit\u00e0.<\/p>\n<p>Rigo, nei suoi scritti, ci indica le fasi del percorso terapeutico, ricordandoci che si tratta di una suddivisione teorico-didattica: fase \u201c<strong>ristrutturante<\/strong>\u201d, fase \u201c<strong>conflittuale<\/strong>\u201d e fase \u201c<strong>archetipica<\/strong>\u201d.<\/p>\n<p><a href=\"https:\/\/www.gitim.eu\/it\/wp-content\/uploads\/2024\/02\/Virgin-and-Child-with-a-Dragonfly.jpg\"><img class=\"alignleft wp-image-4815\" src=\"https:\/\/www.gitim.eu\/it\/wp-content\/uploads\/2024\/02\/Virgin-and-Child-with-a-Dragonfly.jpg\" alt=\"\" width=\"160\" height=\"229\" srcset=\"https:\/\/www.gitim.eu\/it\/wp-content\/uploads\/2024\/02\/Virgin-and-Child-with-a-Dragonfly-200x286.jpg 200w, https:\/\/www.gitim.eu\/it\/wp-content\/uploads\/2024\/02\/Virgin-and-Child-with-a-Dragonfly-210x300.jpg 210w, https:\/\/www.gitim.eu\/it\/wp-content\/uploads\/2024\/02\/Virgin-and-Child-with-a-Dragonfly.jpg 276w\" sizes=\"(max-width: 160px) 100vw, 160px\" \/><\/a>Significative e originali sono le elaborazioni terapeutiche di Rigo che riguardano la \u201c<strong>ristrutturazione<\/strong>\u201d delle carenze precoci, che mirano a ricostruire l\u2019immagine corporea per quanto riguarda la coesione, l\u2019investimento narcisistico sano, la capacit\u00e0 di relazione.<\/p>\n<p>Originali dell\u2019ITP sono le esperienze di ristrutturazione simbolica, che riparano risalendo ad esperienze anche molto precoci nelle quali\u00a0 si \u00e8 instaurato un trauma o una serie di microtraumi ripetuti, di varia intensit\u00e0. Rigo sottolinea l\u2019importanza della sintonizzazione terapeuta-paziente, della empatia nella relazione, ed evidenzia la dimensione relazionale, intersoggettiva della cura.<\/p>\n<p>Fondamentale risulta la dimensione corporea della riparazione, che deve passare attraverso positive esperienze cenestesiche, vissute nella situazione immaginativa, alla presenza attiva del terapeuta. Se il fallimento delle primarie cure infantili si registra innanzitutto a livello dell\u2019immagine corporea, la ristrutturazione di tale immagine o meglio del \u201cfantasma del corpo\u201d rappresenter\u00e0 il punto di partenza per lo sviluppo del S\u00e9 , per il procedere del processo terapeutico.<\/p>\n<p>La ristrutturazione prevede vari passaggi, quali: le realizzazioni simboliche, le identificazioni simboliche e le regressioni di et\u00e0.<\/p>\n<p>Negli interventi ristrutturanti dell\u2019ITP sono rilevabili molte delle teorizzazioni di Donald Winnicott, di Fran\u00e7oise Dolto e altri autori. Rigo, da vero pioniere, ha riconosciuto, approfondito e trattato la tematica dei \u201cmicrotraumi ripetuti\u201d e della loro riparazione.<\/p>\n<p><a href=\"https:\/\/www.gitim.eu\/it\/wp-content\/uploads\/2024\/02\/San-Giorgio-icona.jpg\"><img class=\"alignleft wp-image-4816\" src=\"https:\/\/www.gitim.eu\/it\/wp-content\/uploads\/2024\/02\/San-Giorgio-icona.jpg\" alt=\"\" width=\"160\" height=\"229\" srcset=\"https:\/\/www.gitim.eu\/it\/wp-content\/uploads\/2024\/02\/San-Giorgio-icona-200x286.jpg 200w, https:\/\/www.gitim.eu\/it\/wp-content\/uploads\/2024\/02\/San-Giorgio-icona-210x300.jpg 210w, https:\/\/www.gitim.eu\/it\/wp-content\/uploads\/2024\/02\/San-Giorgio-icona.jpg 276w\" sizes=\"(max-width: 160px) 100vw, 160px\" \/><\/a>Nella fase che Rigo definisce \u201c<strong>conflittuale<\/strong>\u201d, \u00a0l\u2019Io, dopo aver acquisito maggior forza e integrazione, \u00e8 in grado di affrontare i \u201cfantasmi\u201d percepiti come angoscianti e pericolosi. Il \u201cfantasma\u201d \u00a0per Rigo \u00e8 \u201cun insieme di virtualit\u00e0 inconsce a figurative\u201d (specie di vortice o campo magnetico inconscio) da cui derivano le Imagerie, i sogni notturni, ma anche atteggiamenti posturali, relazioni affettive, comportamenti. Il \u00a0paziente nel suo immaginario pu\u00f2 incontrare allora figure minacciose, animali o figure umano-simili che lo aggrediscono o minacciano, oppure trovarsi in Scenari che lo intrappolano, come un roveto o sabbie mobili. Potr\u00e0 quindi avere il sopravvento su di essi, agendo con interventi attivi e difensivamente anche aggressivi, che prendono di mira, contengono e rendono inoffensivi gli elementi persecutori presenti nello Scenario. Da queste \u201cconflitti\u201d il Soggetto deve uscire con un senso di sollievo e liberazione.<\/p>\n<p>Nelle prime due fasi risulta importante la teorizzazione psicoanalitica nei suoi sviluppi recenti. Rigo preciser\u00e0 in vari momenti di aver riscontrato molte situazioni ben spiegabili con le teorie freudiane e kleiniane, senza tuttavia ritenerle cos\u00ec dominanti, come per esempio le tematiche legate alla sessualit\u00e0 infantile ed al complesso di castrazione.<\/p>\n<p>A questo punto il Soggetto avr\u00e0 il dominio sul proprio mondo interno, e potr\u00e0 aprirsi ad altre esperienze.<\/p>\n<p><a href=\"https:\/\/www.gitim.eu\/it\/wp-content\/uploads\/2024\/02\/Vetrata-Chartres.png\"><img class=\"alignleft wp-image-4817\" src=\"https:\/\/www.gitim.eu\/it\/wp-content\/uploads\/2024\/02\/Vetrata-Chartres.png\" alt=\"\" width=\"160\" height=\"224\" \/><\/a>Nella fase \u201c<strong>archetipica<\/strong>\u201d, da Rigo considerata come fase di crescita e di individuazione, appare pi\u00f9 significativa l\u2019influenza junghiana. La fase terapeutica \u201cristrutturante\u201d e \u201cconflittuale\u201d si sviluppa ed evolve verso una fase di \u201ccrescita psicologica\u201d molto simile al processo di individuazione .<\/p>\n<p>Rigo riconosce come molto simile il suo percorso terapeutico ed evolutivo al percorso individuativo junghiano: la fase \u201cconflittuale\u201d \u00e8 assimilabile all\u2019incontro con il lato oscuro, l\u2019\u201combra\u201d, e la fase che egli stesso definisce \u201carchetipica\u201d contempla un incontro a livello immaginativo con le note figure dell\u2019Inconscio collettivo: Animus, Anima, Figure Mana. Si potr\u00e0 cos\u00ec accedere all\u2019integrazione, contrassegnata dall\u2019apparire dei simboli della Totalit\u00e0 (il Mandala).<\/p>\n<p>La visione di Rigo, non \u00e8 proprio sovrapponibile alla teoria junghiana. Rigo osserva infatti il venir meno nella maggior parte dei casi delle caratteristiche ambivalenti degli Archetipi, che si spiega con la risoluzione delle carenze e dei conflitti attraverso le precedenti fasi della terapia.<\/p>\n<p>La Psicoterapia di Rigo si apre anche ad altri sviluppi. La personalit\u00e0 pu\u00f2 evolvere verso una dimensione di pi\u00f9 alto livello<strong>, transpersonale e spirituale<\/strong>. Nei suoi scritti descrive interessanti esperienze di \u201cStati luce e di \u201cuscita dall\u2019immaginario\u201d descritte anche da altri autori: Desoille, Virel e altri.<\/p>\n<p><a href=\"https:\/\/www.gitim.eu\/it\/wp-content\/uploads\/2024\/02\/Sopra-le-nuvole.jpg\"><img class=\"aligncenter wp-image-4819\" src=\"https:\/\/www.gitim.eu\/it\/wp-content\/uploads\/2024\/02\/Sopra-le-nuvole.jpg\" alt=\"\" width=\"360\" height=\"240\" srcset=\"https:\/\/www.gitim.eu\/it\/wp-content\/uploads\/2024\/02\/Sopra-le-nuvole-200x134.jpg 200w, https:\/\/www.gitim.eu\/it\/wp-content\/uploads\/2024\/02\/Sopra-le-nuvole-300x200.jpg 300w, https:\/\/www.gitim.eu\/it\/wp-content\/uploads\/2024\/02\/Sopra-le-nuvole-400x267.jpg 400w, https:\/\/www.gitim.eu\/it\/wp-content\/uploads\/2024\/02\/Sopra-le-nuvole-600x401.jpg 600w, https:\/\/www.gitim.eu\/it\/wp-content\/uploads\/2024\/02\/Sopra-le-nuvole.jpg 719w\" sizes=\"(max-width: 360px) 100vw, 360px\" \/><\/a><\/p>\n<p>Potremmo sostenere dunque che Rigo integra le visioni della Psicoanalisi e della Psicologia Analitica di Jung, ma nel contempo se ne differenzia, riferendosi eminentemente alla sua diretta interazione con la persona che vive l\u2019esperienza immaginativa.<\/p>\n<\/div><div class=\"nav fusion-mobile-tab-nav\"><ul class=\"nav-tabs\" role=\"tablist\"><li role=\"presentation\"><a class=\"tab-link\" data-toggle=\"tab\" role=\"tab\" aria-controls=\"tab-c60dfae0dfbbc9d7f3d\" aria-selected=\"false\" tabindex=\"-1\" id=\"mobile-fusion-tab-tecnichederivate\" href=\"#tab-c60dfae0dfbbc9d7f3d\"><h4 class=\"fusion-tab-heading\"><i class=\"fontawesome-icon fa-arrows-alt-h fas\" aria-hidden=\"true\" style=\"font-size:13px;\"><\/i>Tecniche derivate<\/h4><\/a><\/li><\/ul><\/div><div class=\"tab-pane fade fusion-clearfix\" role=\"tabpanel\" tabindex=\"0\" aria-labelledby=\"fusion-tab-tecnichederivate\" id=\"tab-c60dfae0dfbbc9d7f3d\">\n<h2 class=\"western\">Tecniche derivate dall\u2019ITP per la psicoterapia dell\u2019et\u00e0 evolutiva<\/h2>\n<p>Leopoldo Rigo aveva sperimentato nella pratica clinica l\u2019applicazione del R\u00eave \u00c9veill\u00e9 \u201cdi poco spessore&#8221; in et\u00e0 evolutiva gi\u00e0 dal 1950 (vedi pubblicazioni).<\/p>\n<p>Le tecniche derivate dall&#8217;ITP, a partire dall&#8217;esperienza svolta dai fondatori Leopoldo Rigo e Serenella Rigo Uberto, sono state approfondite e sviluppate dagli Psicoterapeuti ITP che si sono ulteriormente formati nell&#8217;applicazione della tecnica immaginativa con bambini e preadolescenti. Continuano a dedicare particolare attenzione alla supervisione e al confronto sui casi nei contesti socioculturali attuali, con nuove complessit\u00e0 associate ai mutamenti della famiglia e dell&#8217;educazione, e ai nuovi sistemi della comunicazione.<\/p>\n<p>Le tecniche derivate si riferiscono in linea di massima ai periodi evolutivi dell&#8217;infanzia e preadolescenza e tengono conto sia delle specifiche caratteristiche dello sviluppo psicologico dell&#8217;et\u00e0, sia dell\u2019esigenza di valorizzare la soggettivit\u00e0 e unicit\u00e0 del giovane paziente e la sua creativit\u00e0. I principi di base dell&#8217;ITP sono validi anche nell&#8217;applicazione in et\u00e0 evolutiva, nella quale le modificazioni del S\u00e9, dello stato interno e delle dinamiche relazionali si realizzano attraverso i cambiamenti che si svolgono con l&#8217;azione sulla scena immaginaria. Nell\u2019ITP la scena immaginata \u00e8 definita &#8220;fantasia concretizzata&#8221;, \u00e8 considerata &#8220;autorappresentazione&#8221; del S\u00e9 e\/o di parti del S\u00e9, ed \u00e8 &#8220;spazializzazione&#8221; dei rapporti passati e presenti, con le istanze e gli oggetti interni ed esterni.<\/p>\n<p>Con i preadolescenti, tenendo presente gli aspetti \u201cfase-specifici\u201d relativi all&#8217;inizio dei cambiamenti somatici, cerebrali, alla maturazione psico-sessuale e alle modificazioni socio-affettive e relazionali, si mettono in atto adeguamenti opportuni della tecnica ITP. Si svolge un rilassamento &#8220;globale&#8221;, si tende ad abolire la salita e la discesa privilegiando lo spostamento nello spazio dello scenario immaginario da sinistra a destra. Si privilegia l\u2019immagine di partenza libera o suggerita, opportunamente selezionata dal repertorio delle visualizzazioni guidate su temi simbolicamente adeguati alle problematiche e alle caratteristiche del paziente, o ispirati a contenuti e immagini dei sogni per affrontare specifici temi. La durata dell&#8217;Imagerie \u00e8 in genere pi\u00f9 breve e si pu\u00f2 svolgere individualmente o in gruppo con coetanei.<\/p>\n<p>Con i bambini dalla prima infanzia, dai tre-quattro anni, la seduta si svolge con \u201cTecniche di Gioco\u201d, preferendo materiali semplici (per soddisfare le esigenze manipolative e la concretezza operativa dell&#8217;et\u00e0) e poco strutturati, per favorire proiezioni e identificazioni che portino a opportune modificazioni dei conflitti e facilitino lo sviluppo evolutivo. Si usano materiali vari di \u201cGioco\u201d: marionette, animali, persone, oggetti della quotidianit\u00e0 e del mondo naturale, oltre al materiale che costituisce i test \u201cIl Mondo\u201d e \u201cIl Villaggio\u201d. Questi si presentano come \u201cmezzi\u201d per la creazione della scena e lo svolgimento della vicenda immaginaria.<\/p>\n<p>Il fantasticare \u00e8 inglobato nel manipolare e non sempre \u00e8 espresso verbalmente. Il commento spontaneo al gioco viene incoraggiato. I prodotti del gioco sono considerai equivalenti al sogno o alla \u201cfantasia impegnata\u201d.<\/p>\n\n\t\t<style type=\"text\/css\">\n\t\t\t#gallery-2 {\n\t\t\t\tmargin: auto;\n\t\t\t}\n\t\t\t#gallery-2 .gallery-item {\n\t\t\t\tfloat: left;\n\t\t\t\tmargin-top: 10px;\n\t\t\t\ttext-align: center;\n\t\t\t\twidth: 50%;\n\t\t\t}\n\t\t\t#gallery-2 img {\n\t\t\t\tborder: 2px solid #cfcfcf;\n\t\t\t}\n\t\t\t#gallery-2 .gallery-caption {\n\t\t\t\tmargin-left: 0;\n\t\t\t}\n\t\t\t\/* see gallery_shortcode() in wp-includes\/media.php *\/\n\t\t<\/style>\n\t\t<div id='gallery-2' class='gallery galleryid-3351 gallery-columns-2 gallery-size-large'><dl class='gallery-item'>\n\t\t\t<dt class='gallery-icon landscape'>\n\t\t\t\t<img width=\"500\" height=\"359\" src=\"https:\/\/www.gitim.eu\/it\/wp-content\/uploads\/2022\/05\/terapia_gioco.jpg\" class=\"attachment-large size-large\" alt=\"\" aria-describedby=\"gallery-2-3970\" srcset=\"https:\/\/www.gitim.eu\/it\/wp-content\/uploads\/2022\/05\/terapia_gioco-200x144.jpg 200w, https:\/\/www.gitim.eu\/it\/wp-content\/uploads\/2022\/05\/terapia_gioco-300x214.jpg 300w, https:\/\/www.gitim.eu\/it\/wp-content\/uploads\/2022\/05\/terapia_gioco-400x287.jpg 400w, https:\/\/www.gitim.eu\/it\/wp-content\/uploads\/2022\/05\/terapia_gioco.jpg 500w\" sizes=\"(max-width: 500px) 100vw, 500px\" \/>\n\t\t\t<\/dt>\n\t\t\t\t<dd class='wp-caption-text gallery-caption' id='gallery-2-3970'>\n\t\t\t\tLa &#8220;Terapia \n\t\t\t\t<\/dd><\/dl><dl class='gallery-item'>\n\t\t\t<dt class='gallery-icon landscape'>\n\t\t\t\t<img width=\"615\" height=\"428\" src=\"https:\/\/www.gitim.eu\/it\/wp-content\/uploads\/2022\/05\/tecnica_fumetto.jpg\" class=\"attachment-large size-large\" alt=\"\" aria-describedby=\"gallery-2-3969\" srcset=\"https:\/\/www.gitim.eu\/it\/wp-content\/uploads\/2022\/05\/tecnica_fumetto-200x139.jpg 200w, https:\/\/www.gitim.eu\/it\/wp-content\/uploads\/2022\/05\/tecnica_fumetto-300x209.jpg 300w, https:\/\/www.gitim.eu\/it\/wp-content\/uploads\/2022\/05\/tecnica_fumetto-400x278.jpg 400w, https:\/\/www.gitim.eu\/it\/wp-content\/uploads\/2022\/05\/tecnica_fumetto-600x418.jpg 600w, https:\/\/www.gitim.eu\/it\/wp-content\/uploads\/2022\/05\/tecnica_fumetto.jpg 615w\" sizes=\"(max-width: 615px) 100vw, 615px\" \/>\n\t\t\t<\/dt>\n\t\t\t\t<dd class='wp-caption-text gallery-caption' id='gallery-2-3969'>\n\t\t\t\tLa Tecnica del Fumetto:\nun bambino di 9 anni racconta la storia di\n\u201cUn bambino che si perde nel bosco\u2026\u201d\n\t\t\t\t<\/dd><\/dl><br style=\"clear: both\" \/>\n\t\t<\/div>\n\n<p>Con i bambini il disegno, il disegno drammatizzato, il fumetto e il modellaggio favoriscono la messa in moto e l\u2019utilizzazione dell\u2019Immaginario e il suo dinamismo per l&#8217;esplorazione delle problematiche dell&#8217;Inconscio.<\/p>\n<p>Il bambino sceglie la tecnica che preferisce ma in genere nel corso della psicoterapia alterna le tecniche in momenti diversi e talvolta anche nella stessa seduta.<\/p>\n<p>Tra le varie tecniche, il modellaggio si presta in modo pi\u00f9 immediato, tramite la manipolazione del materiale duttile, a fornire sensazioni di calore, pienezza, morbidezza. Queste sensazioni valorizzano la sensorialit\u00e0 tattile, termica e relativa al movimento, creando uno stato di distensione psicocorporea. La vicinanza compartecipata del terapeuta rinsalda gli effetti ristrutturanti di cui beneficia l\u2019Immagine del Corpo, similmente al rilassamento.<\/p>\n<p>Particolare interesse viene dato alla tecnica del fumetto, che si utilizza anche in fase di sondaggio psicoterapeutico, in cui si propongono temi prefissati significativi.<\/p>\n<p>Il fumetto offre il vantaggio di sviluppare la vicenda fantastica con una narrazione in sequenza, che permette al bambino e al preadolescente un avvicinamento pi\u00f9 cauto e graduale ai propri temi complessuali, relazionali e traumatici. Il fumetto offre spazio e tempo per approfondirli con un progressivo recupero di strategie, con la scoperta delle proprie potenzialit\u00e0 e con la maturazione di difese, che liberino la ripresa del processo evolutivo dai vincoli dei sintomi disfunzionali.<\/p>\n<p>Gli interventi del terapeuta sono equivalenti a quelli usati nell\u2019ITP: stimolazione dell\u2019atteggiamento attivo o anche aggressivo di fronte alle figure o situazioni angoscianti e minacciose, con eventuali misure di protezione e lavoro di \u201cstrutturazione dinamica\u201d e di \u201crealizzazione simbolica\u201d. Nel corso della Terapia avviene un progressivo apprendimento di difese adeguate, una ventilazione rispetto ai conflitti, l\u2019estrinsecazione di sentimenti, una catarsi con manifestazioni di creativit\u00e0.<\/p>\n<\/div><div class=\"nav fusion-mobile-tab-nav\"><ul class=\"nav-tabs\" role=\"tablist\"><li role=\"presentation\"><a class=\"tab-link\" data-toggle=\"tab\" role=\"tab\" aria-controls=\"tab-cdf2c36bd2c2713838f\" aria-selected=\"false\" tabindex=\"-1\" id=\"mobile-fusion-tab-applicazioniedevidenzascientifica\" href=\"#tab-cdf2c36bd2c2713838f\"><h4 class=\"fusion-tab-heading\"><i class=\"fontawesome-icon fa-atom fas\" aria-hidden=\"true\" style=\"font-size:13px;\"><\/i>Applicazioni ed Evidenza Scientifica<\/h4><\/a><\/li><\/ul><\/div><div class=\"tab-pane fade fusion-clearfix\" role=\"tabpanel\" tabindex=\"0\" aria-labelledby=\"fusion-tab-applicazioniedevidenzascientifica\" id=\"tab-cdf2c36bd2c2713838f\">\n<h2 class=\"western\">Applicazioni ed Evidenza Scientifica<\/h2>\n<p>L\u2019evidenza scientifica del metodo psicoterapico ITP \u00e8 comprovata da una lunga e continuata pratica psicoterapica, attuata nelle strutture pubbliche socio-sanitarie e nell\u2019attivit\u00e0 privata clinica, che ha avuto inizio negli anni \u201950 e che prosegue tuttora.<\/p>\n<p>Dal 1957 Leopoldo Rigo inizi\u00f2 a pubblicare lavori di carattere clinico, relativi ai numerosi casi studiati, su riviste specializzate quali \u201cRivista Sperimentale di Freniatria\u201d, \u201cArchivio di psicologia, psichiatria, neurologia\u201d, \u201cMinerva medico \u2013 psicologica\u201d, \u201cInfanzia anormale\u201d (vedi pubblicazioni). LINK<\/p>\n<p>All\u2019epoca il Prof. Rigo, gi\u00e0 direttore dell\u2019Ente di Protezione Morale del Fanciullo (ENPMF) di Treviso, venne chiamato a fondare e dirigere il Centro Medico Psico-Pedagogico (CMPP) di Treviso, in qualit\u00e0 di psicologo clinico e psicoterapeuta. Presso il CMPP sono state applicate, con decine di pazienti, psicoterapie con ITP e Tecniche Derivate.<\/p>\n<p>Il Prof. Rigo partecip\u00f2 attivamente a numerosi congressi nazionali ed internazionali e nel congresso di Pedopsichiatria del 1963 present\u00f2 numerosi casi di adolescenti trattati con il \u201cRED di poco spessore\u201d (cos\u00ec allora denominava la sua tecnica).<br \/>\nNell\u2019articolo \u201cL\u2019attivit\u00e0 psicoterapica presso un CMPP\u201d (1966) Rigo document\u00f2 40 casi risolti con trattamento psicoterapico a minori e 3 trattamenti psicoterapici alle madri; nell\u2019articolo \u201cLa psicoterapia con il RED in et\u00e0 evolutiva\u201d espose la applicabilit\u00e0 del metodo nell\u2019infanzia e adolescenza.<br \/>\nNel convegno SITIM di Cortina del 1970, nel quale confluirono esperti internazionali di Imagerie Mentale, il Prof. Rigo espose la psicoterapia di gruppo con ITP e altri membri del GITIM riferirono su vari casi a sintomatologia fobico-ossessiva.<\/p>\n<p>Gi\u00e0 da allora, come \u00e8 stato acquisito nella tradizione tecnico-scientifica del GITIM, veniva posta particolare cura alla formazione di operatori dell\u2019ambito psicopedagogico e medico psichiatrico.<\/p>\n<p>La supervisione permanente dei casi in terapia ha permesso adeguamenti metodologici sempre pi\u00f9 puntuali per psicopatologie gravi in crescente incremento, quali le strutture di personalit\u00e0 borderline, come \u00e8 documentato dalle pubblicazioni annoverate nelle pubblicazioni, in particolare \u201cLa psicoterapia dei Borderline e delle Psicosi latenti con ITP\u201d (L. Rigo, 1970).<\/p>\n<p><img class=\"aligncenter wp-image-3972\" src=\"https:\/\/gitim.eu\/it\/wp-content\/uploads\/2022\/05\/albero-300x225.jpg\" alt=\"\" width=\"600\" height=\"450\" srcset=\"https:\/\/www.gitim.eu\/it\/wp-content\/uploads\/2022\/05\/albero-200x150.jpg 200w, https:\/\/www.gitim.eu\/it\/wp-content\/uploads\/2022\/05\/albero-300x225.jpg 300w, https:\/\/www.gitim.eu\/it\/wp-content\/uploads\/2022\/05\/albero-400x300.jpg 400w, https:\/\/www.gitim.eu\/it\/wp-content\/uploads\/2022\/05\/albero-600x450.jpg 600w, https:\/\/www.gitim.eu\/it\/wp-content\/uploads\/2022\/05\/albero-768x576.jpg 768w, https:\/\/www.gitim.eu\/it\/wp-content\/uploads\/2022\/05\/albero-800x600.jpg 800w, https:\/\/www.gitim.eu\/it\/wp-content\/uploads\/2022\/05\/albero.jpg 1000w\" sizes=\"(max-width: 600px) 100vw, 600px\" \/><\/p>\n<p>Il riconoscimento istituzionale della validit\u00e0 terapeutica di questo metodo si \u00e8 avuto, quando, costituitesi le Unit\u00e0 Locali Sanitarie, nella ULSS di TV \u00e8 stato istituito il Servizio Specialistico di II livello per la psicoterapia e la supervisione delle equipe territoriali, diretto dalla Dott.ssa S. Uberto Rigo.<\/p>\n<p>L\u2019applicazione del metodo e la ricerca nell\u2019ambito delle relazioni precoci (pre e perinatale) ha condotto all\u2019approfondimento delle esperienze psicoterapeutiche parallele madre-bambino. Documentano questa intensa attivit\u00e0 negli anni \u201880, le iniziative seminariali che si esprimevano anche nei convegni del GITIM patrocinati dall\u2019ULSS di Treviso, dove si trovano riferimenti a casi curati con le tecniche ITP (vedi pubblicazioni).<\/p>\n<p>Le ipotesi teoriche formulate dal Prof. Leopoldo Rigo e dalla Dott.ssa Serenella Uberto Rigo hanno trovato riscontro nell\u2019ampia casistica clinica, raccolta negli anni da loro stessi e dai terapeuti del GITIM, operanti in ambito strettamente psicologico e psichiatrico, infantile e adulto. L\u2019esperienza con ITP nell\u2019ospedale Psichiatrico di Brescia dell\u2019ULSS N.41, viene riferita dal Dott. E. Ebranati nel convegno \u201cL\u2019Imagerie Mentale e l\u2019opera di L. Rigo\u201d.<\/p>\n<p>Lo studio e l\u2019analisi approfondita del materiale clinico raccolto in circa un migliaio di psicoterapie condotte con ITP, sono documentate puntualmente, mantenendo fede ad uno stile empirico caratterizzante.<\/p>\n<p>L\u2019ITP \u00e8 utilizzabile (L. Rigo, 1975) in tutte le forme di nevrosi ed \u00e8 particolarmente indicata nei casi borderline. Non sono considerati situazioni indicate nel l\u2019uso dell\u2019Immagine i quadri psicotici e cronici e quando ci sono persone che non hanno un Io sufficientemente strutturato.<\/p>\n<p>L\u2019Imagerie Mentale non risulta praticabile con i pazienti che non riescono ad avere o a mantenere immagini mentali stabili, nonostante ripetuti tentativi oppure con pazienti che non si lasciano coinvolgere dalle immagini, mantenendo una debole risonanza.<\/p>\n<p>Il metodo ITP \u00e8 conosciuto in campo internazionale; infatti, i comitati biografici internazionali del \u201cMarquis Who\u2018s Who\u201d di Chicago e di Cambridge hanno inserito la biografia di L. Rigo nelle rispettive enciclopedie biografiche, quale figura eminente e creativa nel campo specifico della sua attivit\u00e0.<\/p>\n<\/div><div class=\"nav fusion-mobile-tab-nav\"><ul class=\"nav-tabs\" role=\"tablist\"><li role=\"presentation\"><a class=\"tab-link\" data-toggle=\"tab\" role=\"tab\" aria-controls=\"tab-d946bdbb5458e768d34\" aria-selected=\"false\" tabindex=\"-1\" id=\"mobile-fusion-tab-efficacia\" href=\"#tab-d946bdbb5458e768d34\"><h4 class=\"fusion-tab-heading\"><i class=\"fontawesome-icon fa-certificate fas\" aria-hidden=\"true\" style=\"font-size:13px;\"><\/i>Efficacia<\/h4><\/a><\/li><\/ul><\/div><div class=\"tab-pane fade fusion-clearfix\" role=\"tabpanel\" tabindex=\"0\" aria-labelledby=\"fusion-tab-efficacia\" id=\"tab-d946bdbb5458e768d34\">\n<h2 class=\"western\">Una vera ristrutturazione<\/h2>\n<p>L\u2019ITP, a differenza di metodi di ispirazione psicoanalitica volti a rafforzare le difese o ad aiutare il paziente a \u201cliquidare\u201d il passato e a raggiungere una \u201crassegnazione\u201d psicanalitica (cfr. Eisenstein, Guex, Fromm-Reichmann, Balint), rappresenta una vera psicoterapia ricostruttiva: attraverso le \u201cregressioni di et\u00e0\u201d e le \u201crealizzazioni simboliche\u201d relative ai bisogni profondi e regressivi del paziente \u00e8 possibile giungere ad una vera riparazione della frustrazione di origine e del \u201cdifetto fondamentale\u201d (Balint).<\/p>\n<p><img class=\"aligncenter wp-image-3974\" src=\"https:\/\/gitim.eu\/it\/wp-content\/uploads\/2022\/05\/albero2-300x225.jpg\" alt=\"\" width=\"600\" height=\"450\" srcset=\"https:\/\/www.gitim.eu\/it\/wp-content\/uploads\/2022\/05\/albero2-200x150.jpg 200w, https:\/\/www.gitim.eu\/it\/wp-content\/uploads\/2022\/05\/albero2-300x225.jpg 300w, https:\/\/www.gitim.eu\/it\/wp-content\/uploads\/2022\/05\/albero2-400x300.jpg 400w, https:\/\/www.gitim.eu\/it\/wp-content\/uploads\/2022\/05\/albero2-600x450.jpg 600w, https:\/\/www.gitim.eu\/it\/wp-content\/uploads\/2022\/05\/albero2-768x576.jpg 768w, https:\/\/www.gitim.eu\/it\/wp-content\/uploads\/2022\/05\/albero2-800x600.jpg 800w, https:\/\/www.gitim.eu\/it\/wp-content\/uploads\/2022\/05\/albero2.jpg 1000w\" sizes=\"(max-width: 600px) 100vw, 600px\" \/><\/p>\n<p>I procedimenti impiegati nell\u2019ITP portano una vera ristrutturazione o strutturazione dell\u2019Immagine del Corpo, che diventa una base del senso di identit\u00e0 (vedi Callieri e Felici a proposito dei \u201cfenomeni di depersonalizzazione\u201d).<\/p>\n<p>Ci\u00f2 \u00e8 provato dal fatto che, superati i livelli a cui sono state vissute le fondamentali frustrazioni, si ha una ripresa a livello di Imagerie dell\u2019evoluzione libidica normale, che spesso si completa con esperienze relative all\u2019inconscio collettivo di Jung (1950, \u201cprocesso di individuazione\u201d) e con esperienze di \u201cintegrazione cosmica\u201c (cfr. L. Rigo, 1969 e S. Uberto Rigo, 1969).<\/p>\n<p>Si giunge in tal modo molto spesso ad una vera guarigione, accompagnata non solo da una integrazione sociale, ma anche da uno sviluppo ed accrescimento delle attitudini e capacit\u00e0 personali e da un allargamento della coscienza (vedi \u201cLa psicoterapia dei Borderline e delle Psicosi latenti con l\u2019ITP\u201c \u2013 L. Rigo, 1970).<\/p>\n<\/div><\/div><\/div><div class=\"fusion-clearfix\"><\/div><\/div><\/div><div class=\"fusion-layout-column fusion_builder_column fusion-builder-column-1 fusion_builder_column_1_5 1_5 fusion-one-fifth fusion-column-last\" style=\"--awb-bg-size:cover;width:20%;width:calc(20% - ( ( 4% ) * 0.2 ) );\"><div class=\"fusion-column-wrapper fusion-column-has-shadow fusion-flex-column-wrapper-legacy\"><div class=\"fusion-widget-area awb-widget-area-element fusion-widget-area-1 fusion-content-widget-area\" style=\"--awb-title-size:18px;--awb-title-color:#333c4e;--awb-padding:0px 0px 0px 0px;\"><section id=\"text-23\" class=\"widget widget_text\"><div class=\"heading\"><h4 class=\"widget-title\">SCUOLA PSICOTERAPICA<\/h4><\/div>\t\t\t<div class=\"textwidget\"><p><strong>Corso Quadriennale<\/strong> di Formazione in Psicoterapia con le Tecniche Immaginative di Analisi e Ristrutturazione del Profondo<\/p>\n<p>Riconosciuto dal <strong>MURST<\/strong> con decreto del 3\/4\/03 Gazzetta Ufficiale n.96 del 26\/4\/03<\/p>\n<\/div>\n\t\t<\/section><section id=\"block-11\" class=\"widget widget_block\" style=\"border-style: solid;border-color:transparent;border-width:0px;\"><p><strong>Newsletter<\/strong><\/p>\r\n<p>Volete essere sempre informati su corsi, eventi e tutte le attivit&agrave; del Gitim? Iscrivetevi alla Newsletter!<br \/>Riceverete nella vostra email tutti gli aggiornamenti in tempo reale delle nostre iniziative:<\/p>\r\n<form accept-charset=\"UTF-8\" action=\"https:\/\/pendolino470.voxmail.it\/user\/register\" method=\"post\">\r\n<div class=\"form-item form-item-textfield\"><label>Nome: <\/label><br \/><input class=\"form-text\" maxlength=\"255\" name=\"profile_name\" type=\"text\" value=\"\" \/><\/div>\r\n<div class=\"form-item form-item-textfield\"><label>Cognome: <\/label><br \/><input class=\"form-text\" maxlength=\"255\" name=\"profile_surname\" type=\"text\" value=\"\" \/><\/div>\r\n<div class=\"form-item form-item-textfield\"><label>Professione: <\/label><br \/><input class=\"form-text\" maxlength=\"255\" name=\"profile_professione\" type=\"text\" value=\"\" \/><\/div>\r\n<div class=\"form-item form-item-textfield\"><label>Indirizzo email: <\/label><br \/><input class=\"form-text required\" maxlength=\"64\" name=\"mail\" type=\"text\" value=\"\" \/><\/div>\r\n  <div class=\"privacy_policy\">Leggi la <a href=\"https:\/\/gitim.eu\/it\/privacy-policy-newsletter\" target=\"_blank\" rel=\"noopener\"><u>privacy policy<\/u><\/a><\/div>\r\n<div class=\"form-item form-item-checkbox\"><input class=\"form-checkbox has-sibling-label\" name=\"privacy\" type=\"checkbox\" value=\"1\" \/><label class=\"option\" for=\"\">Accetto la privacy policy<\/label>\r\n<p>&nbsp;<\/p>\r\n<div class=\"description\">Acconsento al trattamento dei miei dati personali (Regolamento 2016\/679 - GDPR e d.lgs. n.196 del 30\/6\/2003)<\/div>\r\n<\/div>\r\n<p><input class=\"form-submit wpcf7-submit\" name=\"submit\" type=\"submit\" value=\"Iscriviti\" \/><br \/><input name=\"form_id\" type=\"hidden\" value=\"user_register\" \/><\/p>\r\n<\/form><\/section><div class=\"fusion-additional-widget-content\"><\/div><\/div><div class=\"fusion-clearfix\"><\/div><\/div><\/div><\/div><\/div>\n","protected":false},"excerpt":{"rendered":"","protected":false},"author":7,"featured_media":0,"parent":9,"menu_order":1,"comment_status":"closed","ping_status":"closed","template":"","meta":[],"_links":{"self":[{"href":"https:\/\/www.gitim.eu\/it\/wp-json\/wp\/v2\/pages\/3351"}],"collection":[{"href":"https:\/\/www.gitim.eu\/it\/wp-json\/wp\/v2\/pages"}],"about":[{"href":"https:\/\/www.gitim.eu\/it\/wp-json\/wp\/v2\/types\/page"}],"author":[{"embeddable":true,"href":"https:\/\/www.gitim.eu\/it\/wp-json\/wp\/v2\/users\/7"}],"replies":[{"embeddable":true,"href":"https:\/\/www.gitim.eu\/it\/wp-json\/wp\/v2\/comments?post=3351"}],"version-history":[{"count":35,"href":"https:\/\/www.gitim.eu\/it\/wp-json\/wp\/v2\/pages\/3351\/revisions"}],"predecessor-version":[{"id":4832,"href":"https:\/\/www.gitim.eu\/it\/wp-json\/wp\/v2\/pages\/3351\/revisions\/4832"}],"up":[{"embeddable":true,"href":"https:\/\/www.gitim.eu\/it\/wp-json\/wp\/v2\/pages\/9"}],"wp:attachment":[{"href":"https:\/\/www.gitim.eu\/it\/wp-json\/wp\/v2\/media?parent=3351"}],"curies":[{"name":"wp","href":"https:\/\/api.w.org\/{rel}","templated":true}]}}