{"id":3783,"date":"2019-11-22T15:54:25","date_gmt":"2019-11-22T14:54:25","guid":{"rendered":"https:\/\/gitim.eu\/it\/?page_id=3783"},"modified":"2022-05-24T00:55:38","modified_gmt":"2022-05-23T22:55:38","slug":"dicono-di-noi","status":"publish","type":"page","link":"https:\/\/www.gitim.eu\/it\/dicono-di-noi","title":{"rendered":"Dicono di noi"},"content":{"rendered":"<div class=\"fusion-fullwidth fullwidth-box fusion-builder-row-1 nonhundred-percent-fullwidth non-hundred-percent-height-scrolling\" style=\"--awb-border-radius-top-left:0px;--awb-border-radius-top-right:0px;--awb-border-radius-bottom-right:0px;--awb-border-radius-bottom-left:0px;\" ><div class=\"fusion-builder-row fusion-row\"><div class=\"fusion-layout-column fusion_builder_column fusion-builder-column-0 fusion_builder_column_1_1 1_1 fusion-one-full fusion-column-first fusion-column-last\" style=\"--awb-bg-size:cover;\"><div class=\"fusion-column-wrapper fusion-column-has-shadow fusion-flex-column-wrapper-legacy\"><div class=\"fusion-text fusion-text-1\"><h2 style=\"text-align: center;\">Testimonianze di partecipanti a Corsi e Seminari GITIM<\/h2>\n<\/div><div class=\"fusion-testimonials classic fusion-testimonials-1\" style=\"--awb-textcolor:#7e8890;--awb-backgroundcolor:rgba(255,255,255,0);\" data-random=\"1\" data-speed=\"0\"><div class=\"reviews\"><div class=\"review active-testimonial female\"><blockquote><q class=\"fusion-clearfix\">\n<p>Psicologa Psicoterapeuta, partecipante a corsi di formazione ITP<\/p>\n<p>L&#8217;esperienza formativa a cui ho partecipato \u00e8 stata davvero &#8220;Vissuta&#8221; grazie ai docenti e al gruppo. Ho avuto modo di costruire insieme al gruppo nuove visioni e di arricchire le mie mappe conosciute. Non sono mancati spunti di riflessione e ho trovato subito applicabile l&#8217;esperienza formativa alla mia realt\u00e0 professionale.<\/p>\n<p>Ancora un grazie ai docenti per il loro coinvolgimento e la loro preparazione.<\/p>\n<\/q><\/blockquote><div class=\"author\"><span class=\"testimonial-thumbnail doe\"><\/span><span class=\"company-name\"><strong>Dott.ssa Samanta Bianchi<\/strong><\/span><\/div><\/div><div class=\"review female\"><blockquote><q class=\"fusion-clearfix\">\n<p>Psicologa Psicoterapeuta ad indirizzo junghiano, Socio Cipa Arteterapeuta.<\/p>\n<p>Ho partecipato con entusiasmo a 2 corsi organizzati da GITIM, sul rilassamento e sulle visualizzazioni nella fase ristrutturante. I docenti oltre alla grande professionalit\u00e0 ed esperienza, hanno permesso di sperimentare concretamente la bellezza di questo approccio, con approfondimenti e disponibilit\u00e0.<\/p>\n<p>La creazione del clima di gruppo anche in modalit\u00e0 online, non era scontato, invece in modo sorprendente \u00e8 stato possibile con intensit\u00e0 fare esperienza, confrontarsi e lavorare in gruppo.<\/p>\n<\/q><\/blockquote><div class=\"author\"><span class=\"testimonial-thumbnail doe\"><\/span><span class=\"company-name\"><strong>Dott.ssa Gabriella Cin\u00e0<\/strong><\/span><\/div><\/div><\/div><div class=\"testimonial-pagination\" id=\"fusion-testimonials-1\"><a href=\"#\" aria-label=\"Testimonial Pagination\"  class=\"activeSlide\"><\/a><a href=\"#\" aria-label=\"Testimonial Pagination\" ><\/a><\/div><\/div><div class=\"fusion-text fusion-text-2\"><h2 style=\"text-align: center;\">Testimonianze di ex allievi della Scuola di Specializzazione in Psicoterapia ITP<\/h2>\n<\/div><div class=\"fusion-testimonials classic fusion-testimonials-2\" style=\"--awb-textcolor:#7e8890;--awb-backgroundcolor:rgba(255,255,255,0);\" data-random=\"1\" data-speed=\"0\"><div class=\"reviews\"><div class=\"review active-testimonial female\"><blockquote><q class=\"fusion-clearfix\">\n<p>Ho iniziato questa scuola con tutto l\u2019entusiasmo di chi si approccia ad imparare come fare questa professione, e le mie aspettative non sono state disattese: ho trovato un gruppo di docenti appassionato e preparato che ha saputo condurre e guidare il mio percorso di crescita personale e professionale.<\/p>\n<p>Ho avuto modo di apprendere la tecnica, sia attraverso il canale esperienziale (la terapia personale) sia attraverso l\u2019approfondimento teorico.<\/p>\n<p>Ho conosciuto un gruppo che \u00e8 diventato un importante riferimento anche a distanza di tempo grazie alle supervisioni, alle giornate di studio e agli incontri di approfondimento su temi specifici.<\/p>\n<\/q><\/blockquote><div class=\"author\"><span class=\"testimonial-thumbnail doe\"><\/span><span class=\"company-name\"><strong>Dott.ssa Cristina Visentin<\/strong><\/span><\/div><\/div><div class=\"review male\"><blockquote><q class=\"fusion-clearfix\">\n<p>Mi avvicinai alla terapia immaginativa dopo una lunga analisi personale junghiana. Dopo la laurea in Psicologia, lavorando e con famiglia a carico, ma con l\u2019intenso desiderio di approfondire studi di tipo psicodinamico, decisi di frequentare il Corso quadriennale di specializzazione in psicoterapia ITP a Treviso.<\/p>\n<p>Fu una scelta fortunata: i corsi, svolgendosi durante i fine settimana, non andavano ad interferire col lavoro, mentre Treviso, dal punto di vista della distanza, era facilmente raggiungibile. Mi colp\u00ec immediatamente la simpatia dei docenti, la loro disponibilit\u00e0 ed umanit\u00e0, nonch\u00e9 la loro professionalit\u00e0.<\/p>\n<p>Essendo, per necessit\u00e0, una persona pratica ed esigente, cercavo s\u00ec un ambiente culturalmente stimolante ma, di certo, non solamente composto da studiosi eruditi ed isolati dal mondo reale. Fui fortunato anche sotto questo aspetto: i docenti erano tutti preparati, di comprovata esperienza, grandi relatori, la maggior parte dei quali inserita territorialmente nella dirigenza pubblica o con molti anni di attivit\u00e0 clinica privata alle spalle.<\/p>\n<p>Per quanto riguarda gli aspetti culturali e teorici, poi, veniva dato molto spazio alla conoscenza dei principali autori e orizzonti concettuali della Psicologia del Profondo. A questi docenti debbo tutto, per quanto riguarda la mia carriera in ambito psicologico. Andando \u201ca bottega\u201d, come apprendista, da loro imparai ed approfondii moltissime cose, che mi sono poi servite nella mia professione di clinico. Ad esempio, come fare psicodiagnosi con criterio ed accortezza, quale primo passo per una buona psicoterapia. Imparai ad elaborare e a stendere una relazione psicodiagnostica, a studiare i casi clinici, ad acquisire validi ed insostituibili strumenti diagnostici. Approfondii la clinica psichiatrica, la supervisione, la psicofarmacologia e la tecnica ITP, avvicinandomi ai processi creativi dell\u2019immaginario, anche attraverso l\u2019analisi personale.<\/p>\n<p>Partecipai a molti incontri culturali, conoscendo molti studiosi e cultori della materia, lavorando con un team fantastico e maturando sia come psicologo che come uomo. Furono anni pieni e a volte complicati, di sperimentazione e formazione. Anni unici che ancora, a distanza di anni, rammento con tenerezza e nostalgia.<\/p>\n<\/q><\/blockquote><div class=\"author\"><span class=\"testimonial-thumbnail doe\"><\/span><span class=\"company-name\"><strong>Dott. Mauro Martin<\/strong><\/span><\/div><\/div><div class=\"review male\"><blockquote><q class=\"fusion-clearfix\">\n<p>Al termine della mia formazione universitaria ho deciso di intraprendere un nuovo percorso per incrementare le mie conoscenze professionali. Il GITIM si \u00e8 rivelata non solo una scuola, seria capace di formare uno psicoterapeuta a livello teorico e pratico, ma anche un gruppo di persone con le quali interfacciarsi per condividere idee, perplessit\u00e0, opinioni e prospettive future. L\u2019ottima preparazione alla psicodiagnosi e l\u2019affiancamento della terapia personale, a mio parere indispensabile per intraprendere la professione di psicoterapeuta, hanno contribuito a darne un valore aggiunto.<br \/>\nLa reale forza del GITIM, nella terapia Immaginativa di Leopoldo Rigo, sta nell\u2019offrire, non solo un metodo di cura alla psicopatologia, ma anche una possibilit\u00e0 di crescita ed evoluzione dell\u2019intera personalit\u00e0.<\/p>\n<\/q><\/blockquote><div class=\"author\"><span class=\"testimonial-thumbnail doe\"><\/span><span class=\"company-name\"><strong>LENISA BERTO<\/strong><\/span><\/div><\/div><div class=\"review female\"><blockquote><q class=\"fusion-clearfix\">\n<p>\u00c8 importante per un neo laureato in psicologia scegliere la scuola giusta, quella che gli garantisca una formazione personalizzata e completa sia da un punto di vista teorico che pratico. Alcuni anni or sono ho frequentato a Treviso il GITIM, una scuola di psicoterapia che si basa sugli insegnamenti di Leopoldo Rigo. Ho potuto, cos\u00ec, approcciarmi all\u2019interessante campo delle terapie immaginative, che sempre pi\u00f9 vengono ad attestarsi come un valido metodo terapeutico, anche alla luce dei riscontri dei pi\u00f9 recenti studi dei neuroscienziati.<\/p>\n<p>Al GITIM ho potuto consolidare la mia preparazione teorica e anche imparare in modo attivo le tecniche, acquisendo gli strumenti essenziali per orientarmi nella pratica psicoterapica. Tutt\u2019oggi, grazie ai costanti contatti con i colleghi della scuola, posso trovare validi momenti di aggiornamento, attraverso i seminari, le supervisioni e i momenti di riflessione culturale che vengono periodicamente attivati dal GITIM.<\/p>\n<p>Consiglio anche ai pi\u00f9 giovani colleghi di intraprendere questo cammino di specializzazione.<\/p>\n<\/q><\/blockquote><div class=\"author\"><span class=\"testimonial-thumbnail doe\"><\/span><span class=\"company-name\"><strong>Dott.ssa Marilena Marinello<\/strong><\/span><\/div><\/div><div class=\"review female\"><blockquote><q class=\"fusion-clearfix\">\n<p>Consiglio la formazione presso la scuola ITP in quanto mi ha consentito di ampliare le conoscenze rispetto all\u2019analisi del profondo ad indirizzo Junghiano e alla psicoterapia dell\u2019Imagerie.<\/p>\n<p>Ho potuto acquisire conoscenze e lavorare attraverso aspetti simbolici, anche laddove siano presenti importanti difese dell\u2019Io, come ad esempio nell\u2019ambito dei lutti traumatici.<\/p>\n<p>La possibilit\u00e0 di sperimentare personalmente attraverso una psicoterapia con Tutor, nel corso della scuola, mi ha permesso inoltre di comprendere con chiarezza come tale terapia possa agire sulla psiche per raggiungere una maggiore consapevolezza di S\u00e9.<\/p>\n<\/q><\/blockquote><div class=\"author\"><span class=\"testimonial-thumbnail doe\"><\/span><span class=\"company-name\"><strong>Dott.ssa Carmen Rita Murciano<\/strong><\/span><\/div><\/div><div class=\"review female\"><blockquote><q class=\"fusion-clearfix\">\n<p>Da qualche anno ho completato il Corso di Specializzazione in Psicoterapia Infantile e dell&#8217;Et\u00e0 Adulta con le Tecniche Immaginative\u00a0presso la scuola GITIM di Treviso. Da allora \u00e8 una crescita professionale continua, resa possibile da seminari di studio, incontri ed eventi formativi in cui la Tecnica viene ulteriormente approfondita.<\/p>\n<p>Fondamentali sono le supervisioni periodiche, grazie alle quali \u00e8 possibile mantenere la coesione tra i membri del Gruppo GITIM e uno scambio reciproco sempre proficuo per l&#8217;esercizio della professione.<\/p>\n<p>\u00c8 un percorso formativo che inizia con la conoscenza degli strumenti diagnostici e si completa con lo studio delle Tecniche Immaginative applicabili con l&#8217;et\u00e0 adulta e con l&#8217;et\u00e0 evolutiva. In particolare, nella psicoterapia infantile il percorso di cura prevede l&#8217;utilizzo delle tecniche derivate, sempre ispirate dagli insegnamenti ITP.<\/p>\n<\/q><\/blockquote><div class=\"author\"><span class=\"testimonial-thumbnail doe\"><\/span><span class=\"company-name\"><strong>Dott.ssa Silvia Biscaro<\/strong><\/span><\/div><\/div><div class=\"review female\"><blockquote><q class=\"fusion-clearfix\">\n<p>La scuola mi \u00e8 stata consigliata da una docente che ho avuto la fortuna di incontrare ed avere come tutor durante il tirocinio post-lauream: sono rimasta colpita dal suo modo di lavorare che ha sollecitato ulteriormente il mio orientamento psicodinamico.<\/p>\n<p>Il percorso e la scelta che ho effettuato sono stati propedeutici non solo a livello formativo ma anche sul versante umano e relazionale, permettendomi di crescere professionalmente e personalmente. L\u2019insegnamento non si limita a pure spiegazioni teoriche o concetti, ma prevede esercitazione pratica e concreta, fornendo strumenti utili per poter lavorare con i pazienti.<\/p>\n<p>L\u2019ambiente \u00e8 familiare, il corpo docenti \u00e8 partecipe al percorso degli alunni ed \u00e8 composto da persone qualificate capaci di trasmetterti non solo nozioni ed abilit\u00e0, ma passione.<\/p>\n<\/q><\/blockquote><div class=\"author\"><span class=\"testimonial-thumbnail doe\"><\/span><span class=\"company-name\"><strong>Dott.ssa Sara Nespolo<\/strong><\/span><\/div><\/div><div class=\"review female\"><blockquote><q class=\"fusion-clearfix\">\n<p>Spinta dai miei interessi ho scelto di iscrivermi a questa scuola trovandovi la possibilit\u00e0 di accedere a strumenti interpretativi del profondo della cui validit\u00e0 ho potuto trovare conferma nella pratica clinica quotidiana.<\/p>\n<\/q><\/blockquote><div class=\"author\"><span class=\"testimonial-thumbnail doe\"><\/span><span class=\"company-name\"><strong>Dott.ssa Stefania Troian<\/strong><\/span><\/div><\/div><div class=\"review female\"><blockquote><q class=\"fusion-clearfix\">\n<p>Dopo la laurea in psicologia presso l&#8217;universit\u00e0 di Padova ho conseguito la specializzazione in psicoterapia con il metodo ITP presso la scuola GITIM di Treviso. Frequentare il GITIM \u00e8 stato per me di grandissima utilit\u00e0 per la mia crescita professionale e personale.<\/p>\n<p>Uno degli aspetti positivi e per me pi\u00f9 utili \u00e8 la parte dedicata alla valutazione psicodiagnostica, oltre che affrontare e apprendere i vari test cognitivi e di personalit\u00e0, la scuola dedica molte ore per la discussione di casi.<\/p>\n<p>Negli ultimi due anni ci si concentra ad apprendere il metodo ITP classico, tecnica che utilizzo e per me molto valida. Oltre a questo la scuola dedica alcune ore all&#8217;insegnamento di tecniche derivate specifiche per la psicoterapia infantile e dell&#8217;adolescenza e questa preparazione \u00e8 stata per me fondamentale, occupandomi principalmente di psicoterapia in et\u00e0 evolutiva.<\/p>\n<p>Infine, i docenti della scuola si sono dimostrati sempre molto disponibili a condividere i casi e fornire supervisione e affiancamento nell&#8217;avvio della professione degli allievi, sia durante che dopo il termine della scuola.<\/p>\n<\/q><\/blockquote><div class=\"author\"><span class=\"testimonial-thumbnail doe\"><\/span><span class=\"company-name\"><strong>Dott.ssa Valentina dal Cin<\/strong><\/span><\/div><\/div><div class=\"review female\"><blockquote><q class=\"fusion-clearfix\">\n<p>Nel 2004 decisi di iscrivermi alla scuola ITP del gruppo GITIM, ed \u00e8 una scelta che, a distanza di 15 anni, sono orgogliosa e soddisfatta di aver fatto, perch\u00e9 la scuola mi ha formata non solo come professionista, ma anche come persona, grazie alla competenza degli insegnanti.<\/p>\n<p>Ci\u00f2 che ancora oggi mi riconferma nella scelta \u00e8, non solo l\u2019efficacia del metodo, ma anche l\u2019estremo rispetto per l\u2019individualit\u00e0 e l\u2019unicit\u00e0 della persona, con il quale questa tecnica si approccia.<\/p>\n<\/q><\/blockquote><div class=\"author\"><span class=\"testimonial-thumbnail doe\"><\/span><span class=\"company-name\"><strong>Dott.ssa Michela Bortolussi<\/strong><\/span><\/div><\/div><div class=\"review female\"><blockquote><q class=\"fusion-clearfix\">\n<p>Quando ho scelto la Scuola per le Tecniche di Analisi e Ristrutturazione del Profondo, ho pensato al mio bisogno, come futura psicoterapeuta, di intraprendere un percorso che fosse completo dal punto di vista teorico-pratico oltre che personale.<\/p>\n<p>Fin dai tempi dell&#8217;universit\u00e0, ho sempre seguito maggiormente l&#8217;approccio psicodinamico e, confrontandomi, con una collega che aveva terminato da poco la scuola, questa sembrava abbracciare in toto tale orientamento. La scuola, infatti, sedimenta in modo solido la teoria psicodinamica, partendo dai padri fondatori. Sono dell&#8217;idea che una buona base teorica possa fornire gli strumenti per poi aprirsi ad approcci pi\u00f9 innovativi.<\/p>\n<\/q><\/blockquote><div class=\"author\"><span class=\"testimonial-thumbnail doe\"><\/span><span class=\"company-name\"><strong>Dott.ssa Martina Scapolan<\/strong><\/span><\/div><\/div><div class=\"review female\"><blockquote><q class=\"fusion-clearfix\">\n<p>Questa scuola d\u00e0 una preparazione professionale e insieme richiede una formazione personale: questo elemento \u00e8 stato per me determinante nella scelta della tecnica in cui specializzarmi.<\/p>\n<p>Nel mio lavoro rivolto alle persone anziane, ho constatato che la tecnica ITP permette di aiutare anche le persone con lieve decadimento cognitivo, difficolt\u00e0 di astrazione e linguaggio. Inoltre, la relazione terapeutica che caratterizza questo metodo \u00e8 connotata da accoglienza e protezione, atteggiamenti particolarmente adeguati a rispondere ai bisogni psicologici della persona anziana fragile.<\/p>\n<\/q><\/blockquote><div class=\"author\"><span class=\"testimonial-thumbnail doe\"><\/span><span class=\"company-name\"><strong>Dott.ssa Rossella Zamburlin<\/strong><\/span><\/div><\/div><div class=\"review female\"><blockquote><q class=\"fusion-clearfix\">\n<p>La scelta della scuola di specializzazione \u00e8 sempre una scelta difficile. Il ruolo della psicoterapeuta \u00e8 infatti molto complesso; richiede non solo competenze tecniche e una valida preparazione ma anche uno spazio di confronto durante l&#8217;attivit\u00e0.<\/p>\n<p>Sicuramente in questa scuola oltre ad aver potuto apprendere molti strumenti diagnostici, ho trovato un gruppo di supporto e scambio.<\/p>\n<p>Nell\u2019ITP ho trovato una tecnica che attinge alle immagini mentali muovendosi in un canale diverso da quello verbale &#8211; semantico, un canale in connessione privilegiata con le emozioni e con l\u2019inconscio. Inoltre, si tratta\u00a0di una tecnica applicabile a tutte le fasce d\u2019et\u00e0.<\/p>\n<\/q><\/blockquote><div class=\"author\"><span class=\"testimonial-thumbnail doe\"><\/span><span class=\"company-name\"><strong>Dott.ssa Clara Deffendi<\/strong><\/span><\/div><\/div><div class=\"review male\"><blockquote><q class=\"fusion-clearfix\">\n<p>La Scuola di Psicoterapia ITP mi ha permesso di apprendere una tecnica psicoterapica immaginativa (ITP) con la quale nel mio lavoro riesco a trattare diversi disagi psicologici e psicopatologie. Inoltre attraverso l\u2019uso delle tecniche derivate rende possibile il trattamento psicoterapico con i bambini, con gli adolescenti, gli adulti (ove necessario) e gli anziani. Mi ha permesso poi di sviluppare una sensibilit\u00e0 psicologica e diagnostica anche in altri ambiti della psicologia diversi dalla psicoterapia.<\/p>\n<p>Conseguita la specializzazione in psicoterapia ITP, la scuola ha saputo valorizzare le mie competenze nel campo della neuropsicologia, organizzando un seminario studio dal titolo \u201cla Valutazione Neuropsicologica dell\u2019Adulto\u201d e dandomi la possibilit\u00e0 di insegnare all\u2019interno della scuola trattando argomenti di neuropsicologia, come ad esempio gli aspetti legati alla Neurobiologia dell\u2019Esperienza Immaginativa.<\/p>\n<\/q><\/blockquote><div class=\"author\"><span class=\"testimonial-thumbnail doe\"><\/span><span class=\"company-name\"><strong>Dott. Manuel Marcon<\/strong><\/span><\/div><\/div><\/div><div class=\"testimonial-pagination\" id=\"fusion-testimonials-2\"><a href=\"#\" aria-label=\"Testimonial Pagination\"  class=\"activeSlide\"><\/a><a href=\"#\" aria-label=\"Testimonial Pagination\" ><\/a><a href=\"#\" aria-label=\"Testimonial Pagination\" ><\/a><a href=\"#\" aria-label=\"Testimonial Pagination\" ><\/a><a href=\"#\" aria-label=\"Testimonial Pagination\" ><\/a><a href=\"#\" aria-label=\"Testimonial Pagination\" ><\/a><a href=\"#\" aria-label=\"Testimonial Pagination\" ><\/a><a href=\"#\" aria-label=\"Testimonial Pagination\" ><\/a><a href=\"#\" aria-label=\"Testimonial Pagination\" ><\/a><a href=\"#\" aria-label=\"Testimonial Pagination\" ><\/a><a href=\"#\" aria-label=\"Testimonial Pagination\" ><\/a><a href=\"#\" aria-label=\"Testimonial Pagination\" ><\/a><a href=\"#\" aria-label=\"Testimonial Pagination\" ><\/a><a href=\"#\" aria-label=\"Testimonial Pagination\" ><\/a><\/div><\/div><div class=\"fusion-clearfix\"><\/div><\/div><\/div><\/div><\/div>\n","protected":false},"excerpt":{"rendered":"","protected":false},"author":7,"featured_media":0,"parent":0,"menu_order":0,"comment_status":"closed","ping_status":"closed","template":"","meta":[],"_links":{"self":[{"href":"https:\/\/www.gitim.eu\/it\/wp-json\/wp\/v2\/pages\/3783"}],"collection":[{"href":"https:\/\/www.gitim.eu\/it\/wp-json\/wp\/v2\/pages"}],"about":[{"href":"https:\/\/www.gitim.eu\/it\/wp-json\/wp\/v2\/types\/page"}],"author":[{"embeddable":true,"href":"https:\/\/www.gitim.eu\/it\/wp-json\/wp\/v2\/users\/7"}],"replies":[{"embeddable":true,"href":"https:\/\/www.gitim.eu\/it\/wp-json\/wp\/v2\/comments?post=3783"}],"version-history":[{"count":14,"href":"https:\/\/www.gitim.eu\/it\/wp-json\/wp\/v2\/pages\/3783\/revisions"}],"predecessor-version":[{"id":4006,"href":"https:\/\/www.gitim.eu\/it\/wp-json\/wp\/v2\/pages\/3783\/revisions\/4006"}],"wp:attachment":[{"href":"https:\/\/www.gitim.eu\/it\/wp-json\/wp\/v2\/media?parent=3783"}],"curies":[{"name":"wp","href":"https:\/\/api.w.org\/{rel}","templated":true}]}}