{"id":3837,"date":"2019-11-27T16:21:56","date_gmt":"2019-11-27T15:21:56","guid":{"rendered":"https:\/\/gitim.eu\/it\/?page_id=3837"},"modified":"2019-12-04T17:49:35","modified_gmt":"2019-12-04T16:49:35","slug":"faq","status":"publish","type":"page","link":"https:\/\/www.gitim.eu\/it\/faq","title":{"rendered":"FAQ"},"content":{"rendered":"<div class=\"fusion-fullwidth fullwidth-box fusion-builder-row-1 hundred-percent-fullwidth non-hundred-percent-height-scrolling\" style=\"--awb-border-radius-top-left:0px;--awb-border-radius-top-right:0px;--awb-border-radius-bottom-right:0px;--awb-border-radius-bottom-left:0px;--awb-overflow:visible;\" ><div class=\"fusion-builder-row fusion-row\"><div class=\"fusion-layout-column fusion_builder_column fusion-builder-column-0 fusion_builder_column_1_1 1_1 fusion-one-full fusion-column-first fusion-column-last fusion-column-no-min-height\" style=\"--awb-bg-size:cover;--awb-margin-top:0px;--awb-margin-bottom:0px;\"><div class=\"fusion-column-wrapper fusion-flex-column-wrapper-legacy\"><style type=\"text\/css\">.fusion-faqs-wrapper #accordian-1 .fusion-panel { border-color:#e7e4e2; }.fusion-faqs-wrapper #accordian-1 .fusion-panel:hover{ border-color: #e7e4e2; }.fusion-accordian #accordian-1 .panel-title a .fa-fusion-box:before{ font-size: 13px;width: 13px;}.fusion-accordian #accordian-1 .panel-title a .fa-fusion-box{ color: #ffffff;}.fusion-accordian  #accordian-1 .panel-title a{font-family:\"Open Sans\";font-style:normal;font-weight:700;}.fusion-accordian  #accordian-1 .panel-title a:not(:hover){}.fusion-accordian  #accordian-1 .toggle-content{font-family:\"Open Sans\";font-style:normal;font-weight:400;}.fusion-accordian #accordian-1 .fa-fusion-box { background-color: #333333;border-color: #333333;}.fusion-accordian #accordian-1 .panel-title a:hover,.fusion-accordian #accordian-1 .panel-title a.hover { color: #e10707;}.fusion-faq-shortcode .fusion-accordian #accordian-1 .fusion-toggle-boxed-mode:hover .panel-title a { color: #e10707;}.fusion-accordian #accordian-1 .panel-title .active .fa-fusion-box,.fusion-accordian #accordian-1 .panel-title a:hover .fa-fusion-box,.fusion-accordian #accordian-1 .panel-title a.hover .fa-fusion-box { background-color: #e10707!important;border-color: #e10707!important;}<\/style><div class=\"fusion-faq-shortcode\" style=\"\"><div class=\"fusion-faqs-wrapper\"><div class=\"accordian fusion-accordian\"><div class=\"panel-group \" id=\"accordian-1\"><div class=\"fusion-panel panel-default fusion-faq-post fusion-faq-post-3811 \"><span class=\"entry-title rich-snippet-hidden\">Su quale principio si basano le Tecniche Immaginative?<\/span><span class=\"vcard rich-snippet-hidden\"><span class=\"fn\"><a href=\"https:\/\/www.gitim.eu\/it\/author\/andrea\" title=\"Articoli scritti da Andrea Camatta\" rel=\"author\">Andrea Camatta<\/a><\/span><\/span><span class=\"updated rich-snippet-hidden\">2019-11-27T16:15:55+01:00<\/span><div class=\"panel-heading\"><h4 id=\"faq_1-3811\" class=\"panel-title toggle\"><a data-toggle=\"collapse\" class=\"collapsed\" data-parent=\"#accordian-1\" data-target=\"#collapse-1-3811\" href=\"#collapse-1-3811\" aria-expanded=\"false\"><div class=\"fusion-toggle-icon-wrapper\"><div class=\"fusion-toggle-icon-wrapper-main\"><div class=\"fusion-toggle-icon-wrapper-sub\"><i class=\"fa-fusion-box active-icon awb-icon-minus\" aria-hidden=\"true\"><\/i><i class=\"fa-fusion-box inactive-icon awb-icon-plus\" aria-hidden=\"true\"><\/i><\/div><\/div><\/div><div class=\"fusion-toggle-heading\">Su quale principio si basano le Tecniche Immaginative?<\/div><\/a><\/h4><\/div><div id=\"collapse-1-3811\" aria-labelledby=\"faq_1-3811\" class=\"panel-collapse collapse\"><div class=\"panel-body toggle-content post-content\"><p><span style=\"font-weight: 400;\">La <\/span><b>capacit\u00e0 immaginativa<\/b><span style=\"font-weight: 400;\"> \u00e8 peculiare dell\u2019uomo ed \u00e8 alla base di tutte le manifestazioni creative, in senso ampio, dalle pi\u00f9 quotidiane alle pi\u00f9 alte e artistiche. Non va confusa con la \u201cfantasia evasiva\u201d, che porta ad una chiusura nei confronti della realt\u00e0, o con la \u201cfantasia\u201d che fa immaginare cose strane o che non esistono, che non hanno un valore terapeutico.\u00a0<\/span><\/p>\n<p><span style=\"font-weight: 400;\">Le Tecniche Immaginative si fondano sulla capacit\u00e0 immaginativa dell\u2019uomo, fanno di questa il loro strumento di intervento in psicoterapia, avvalendosi anche delle conoscenze pi\u00f9 significative emerse nella Psicoanalisi e nella Analisi Junghiana. Utilizzano la capacit\u00e0 di esprimere il proprio stato psicologico con immagini, per produrne la trasformazione e la guarigione. Le immagini di cui si occupano vengono dal \u201cprofondo\u201d, ossia dalla dimensione inconscia di ciascuno.<\/span><b>\u00a0<\/b><\/p>\n<p><b><i>La caratteristica peculiare delle Tecniche Immaginative \u00e8 proprio questa: utilizzare la Risorsa Immaginativa, attivarla, rimetterla in moto quando ci sia un blocco, una difficolt\u00e0 che si esprime nel disagio psichico.<\/i><\/b><span style=\"font-weight: 400;\">\u00a0<\/span><\/p>\n<p><span style=\"font-weight: 400;\">Senza questa risorsa non avremmo i grandi geni dell\u2019umanit\u00e0, ma neanche le piccole soluzioni che permettono a ciascuno di noi di affrontare la vita quotidiana, nei suoi risvolti pratici, ma soprattutto negli aspetti emotivi che riguardano la vita psichica.<\/span><\/p>\n<\/div><\/div><\/div><div class=\"fusion-panel panel-default fusion-faq-post fusion-faq-post-3813 \"><span class=\"entry-title rich-snippet-hidden\">Cos\u2019\u00e8 l\u2019ITP?<\/span><span class=\"vcard rich-snippet-hidden\"><span class=\"fn\"><a href=\"https:\/\/www.gitim.eu\/it\/author\/andrea\" title=\"Articoli scritti da Andrea Camatta\" rel=\"author\">Andrea Camatta<\/a><\/span><\/span><span class=\"updated rich-snippet-hidden\">2019-11-27T16:16:08+01:00<\/span><div class=\"panel-heading\"><h4 id=\"faq_1-3813\" class=\"panel-title toggle\"><a data-toggle=\"collapse\" class=\"collapsed\" data-parent=\"#accordian-1\" data-target=\"#collapse-1-3813\" href=\"#collapse-1-3813\" aria-expanded=\"false\"><div class=\"fusion-toggle-icon-wrapper\"><div class=\"fusion-toggle-icon-wrapper-main\"><div class=\"fusion-toggle-icon-wrapper-sub\"><i class=\"fa-fusion-box active-icon awb-icon-minus\" aria-hidden=\"true\"><\/i><i class=\"fa-fusion-box inactive-icon awb-icon-plus\" aria-hidden=\"true\"><\/i><\/div><\/div><\/div><div class=\"fusion-toggle-heading\">Cos\u2019\u00e8 l\u2019ITP?<\/div><\/a><\/h4><\/div><div id=\"collapse-1-3813\" aria-labelledby=\"faq_1-3813\" class=\"panel-collapse collapse\"><div class=\"panel-body toggle-content post-content\"><p><span style=\"font-weight: 400;\">L\u2019ITP \u00e8 una tecnica psicoterapica definita e praticata da Leopoldo Rigo e dal Gruppo GITIM <\/span><span style=\"font-weight: 400;\">d<\/span><span style=\"font-weight: 400;\"> e si inserisce nel campo delle Tecniche Immaginative, diffuse in ambito europeo dall\u2019inizio del secolo scorso. Vari autori definirono il ruolo e le potenzialit\u00e0 dell\u2019Immagine Mentale: Robert Desoille fu il primo a sperimentare gli effetti terapeutici dell\u2019Immagine Mentale (R\u00eave Ev\u00e9ill\u00e9 Dirig\u00e9), ma vari studiosi praticarono l\u2019Immagine Mentale in Europa e in Italia: Leopoldo Rigo (ITP), Andre Virel (oniroterapia), Roberto Assagioli (psicosintesi), Luigi Peresson, Hanscarl Leuner (Vissuto Immaginativo Catatimico). Anche Carl Gustav Jung us\u00f2 nella terapia analitica l\u2019Immaginazione Attiva.\u00a0<\/span><\/p>\n<\/div><\/div><\/div><div class=\"fusion-panel panel-default fusion-faq-post fusion-faq-post-3815 \"><span class=\"entry-title rich-snippet-hidden\">A chi si applica la Tecnica Immaginativa ITP?<\/span><span class=\"vcard rich-snippet-hidden\"><span class=\"fn\"><a href=\"https:\/\/www.gitim.eu\/it\/author\/andrea\" title=\"Articoli scritti da Andrea Camatta\" rel=\"author\">Andrea Camatta<\/a><\/span><\/span><span class=\"updated rich-snippet-hidden\">2019-11-27T16:16:20+01:00<\/span><div class=\"panel-heading\"><h4 id=\"faq_1-3815\" class=\"panel-title toggle\"><a data-toggle=\"collapse\" class=\"collapsed\" data-parent=\"#accordian-1\" data-target=\"#collapse-1-3815\" href=\"#collapse-1-3815\" aria-expanded=\"false\"><div class=\"fusion-toggle-icon-wrapper\"><div class=\"fusion-toggle-icon-wrapper-main\"><div class=\"fusion-toggle-icon-wrapper-sub\"><i class=\"fa-fusion-box active-icon awb-icon-minus\" aria-hidden=\"true\"><\/i><i class=\"fa-fusion-box inactive-icon awb-icon-plus\" aria-hidden=\"true\"><\/i><\/div><\/div><\/div><div class=\"fusion-toggle-heading\">A chi si applica la Tecnica Immaginativa ITP?<\/div><\/a><\/h4><\/div><div id=\"collapse-1-3815\" aria-labelledby=\"faq_1-3815\" class=\"panel-collapse collapse\"><div class=\"panel-body toggle-content post-content\"><ul>\n<li style=\"font-weight: 400;\"><span style=\"font-weight: 400;\">La Tecnica ITP si adatta all\u2019et\u00e0 adolescenziale, adulta e anche senile. Le Tecniche derivate sono applicabili alla prima e seconda infanzia e alla preadolescenza.\u00a0<\/span><\/li>\n<li style=\"font-weight: 400;\"><span style=\"font-weight: 400;\">Esistono varie metodologie, che rientrano nelle \u201cTecniche derivate dall\u2019ITP\u201d, che utilizzano metodologie adatte ai bambini, fermi restando i principi della Tecnica ITP.<\/span><\/li>\n<\/ul>\n<p><span style=\"font-weight: 400;\">Con i bambini si usano strategie e modalit\u00e0 varie a seconda dell\u2019et\u00e0 e della propensione del bambino. Si utilizzano: il gioco con materiali vari (la plastilina, il pongo, vari materiali di gioco, il materiale de \u201cIl Villaggio\u201d di Arthus\u201d, \u201cle marionette\u201d, ecc.); il disegno e la pittura e in particolare la \u201cTecnica del Fumetto\u201d originale sperimentata dalla Scuola ITO.<\/span><\/p>\n<ul>\n<li style=\"font-weight: 400;\"><span style=\"font-weight: 400;\">Oltre alle terapie ITP individuali e di coppia, la tecnica si pu\u00f2 applicare ai gruppi, (adolescenti, adulti o anziani, in particolare con gruppi di: genitori, educatori che lavorano nelle Comunit\u00e0, insegnanti in formazione, educatori.\u00a0<\/span><\/li>\n<li style=\"font-weight: 400;\"><span style=\"font-weight: 400;\">\u00c8 un valido aiuto nei percorsi formativi con personale sanitario.<\/span><\/li>\n<li style=\"font-weight: 400;\"><span style=\"font-weight: 400;\">\u00c8 una tecnica adatta a tutti i disturbi nevrotici e ai disturbi borderline.<\/span><\/li>\n<li style=\"font-weight: 400;\"><span style=\"font-weight: 400;\">La Tecnica trova applicazione anche nei Corsi di preparazione al parto o nei Gruppi con problematiche e che prevedono percorsi specifici. Sono gi\u00e0 stati sperimentati: gruppi per Separati, per Anziani, per \u201cSurvivor\u201d, eccetera.<\/span><\/li>\n<\/ul>\n<\/div><\/div><\/div><div class=\"fusion-panel panel-default fusion-faq-post fusion-faq-post-3817 \"><span class=\"entry-title rich-snippet-hidden\">Per chi non \u00e8 indicata la Tecnica Immaginativa ITP?<\/span><span class=\"vcard rich-snippet-hidden\"><span class=\"fn\"><a href=\"https:\/\/www.gitim.eu\/it\/author\/andrea\" title=\"Articoli scritti da Andrea Camatta\" rel=\"author\">Andrea Camatta<\/a><\/span><\/span><span class=\"updated rich-snippet-hidden\">2019-11-27T16:16:51+01:00<\/span><div class=\"panel-heading\"><h4 id=\"faq_1-3817\" class=\"panel-title toggle\"><a data-toggle=\"collapse\" class=\"collapsed\" data-parent=\"#accordian-1\" data-target=\"#collapse-1-3817\" href=\"#collapse-1-3817\" aria-expanded=\"false\"><div class=\"fusion-toggle-icon-wrapper\"><div class=\"fusion-toggle-icon-wrapper-main\"><div class=\"fusion-toggle-icon-wrapper-sub\"><i class=\"fa-fusion-box active-icon awb-icon-minus\" aria-hidden=\"true\"><\/i><i class=\"fa-fusion-box inactive-icon awb-icon-plus\" aria-hidden=\"true\"><\/i><\/div><\/div><\/div><div class=\"fusion-toggle-heading\">Per chi non \u00e8 indicata la Tecnica Immaginativa ITP?<\/div><\/a><\/h4><\/div><div id=\"collapse-1-3817\" aria-labelledby=\"faq_1-3817\" class=\"panel-collapse collapse\"><div class=\"panel-body toggle-content post-content\"><p><span style=\"font-weight: 400;\">Alcuni pazienti possono incontrare difficolt\u00e0, ma nella maggioranza dei casi sono superabili.\u00a0<\/span><\/p>\n<ul>\n<li style=\"font-weight: 400;\"><span style=\"font-weight: 400;\">Non si tratta il paziente psicotico con grave disturbo del pensiero.\u00a0<\/span><\/li>\n<li style=\"font-weight: 400;\"><span style=\"font-weight: 400;\">Nei rari casi in cui \u00e8 difficile l\u2019uso dell\u2019Imagerie Mentale vera e propria, si possono utilizzare la consulenza psicologica immaginativa e il colloquio associato al \u201crilassamento digitale\u201d.<\/span><\/li>\n<\/ul>\n<\/div><\/div><\/div><div class=\"fusion-panel panel-default fusion-faq-post fusion-faq-post-3823 \"><span class=\"entry-title rich-snippet-hidden\">Perch\u00e9 nella Scuola ITP si chiede all\u2019allievo una psicoterapia personale?<\/span><span class=\"vcard rich-snippet-hidden\"><span class=\"fn\"><a href=\"https:\/\/www.gitim.eu\/it\/author\/andrea\" title=\"Articoli scritti da Andrea Camatta\" rel=\"author\">Andrea Camatta<\/a><\/span><\/span><span class=\"updated rich-snippet-hidden\">2019-11-27T16:13:11+01:00<\/span><div class=\"panel-heading\"><h4 id=\"faq_1-3823\" class=\"panel-title toggle\"><a data-toggle=\"collapse\" class=\"collapsed\" data-parent=\"#accordian-1\" data-target=\"#collapse-1-3823\" href=\"#collapse-1-3823\" aria-expanded=\"false\"><div class=\"fusion-toggle-icon-wrapper\"><div class=\"fusion-toggle-icon-wrapper-main\"><div class=\"fusion-toggle-icon-wrapper-sub\"><i class=\"fa-fusion-box active-icon awb-icon-minus\" aria-hidden=\"true\"><\/i><i class=\"fa-fusion-box inactive-icon awb-icon-plus\" aria-hidden=\"true\"><\/i><\/div><\/div><\/div><div class=\"fusion-toggle-heading\">Perch\u00e9 nella Scuola ITP si chiede all\u2019allievo una psicoterapia personale?<\/div><\/a><\/h4><\/div><div id=\"collapse-1-3823\" aria-labelledby=\"faq_1-3823\" class=\"panel-collapse collapse\"><div class=\"panel-body toggle-content post-content\"><ul>\n<li style=\"font-weight: 400;\"><span style=\"font-weight: 400;\">La psicoterapia personale consente a ciascun allievo di affrontare i propri conflitti interiori evitando cos\u00ec nocive proiezioni sul paziente.<\/span><\/li>\n<li style=\"font-weight: 400;\"><span style=\"font-weight: 400;\">La Psicoterapia va oltre il superamento delle carenze e delle conflittualit\u00e0 e favorisce l\u2019espansione e la crescita della Personalit\u00e0, utilissime per affrontare in modo empatico le difficolt\u00e0 del paziente.<\/span><\/li>\n<li style=\"font-weight: 400;\"><span style=\"font-weight: 400;\">La sperimentazione della Tecnica su di s\u00e9 d\u00e0 valore e consistenza alle conoscenze e permette un avvicinamento diretto e vissuto alle dinamiche immaginative e simboliche.\u00a0<\/span><\/li>\n<li style=\"font-weight: 400;\"><span style=\"font-weight: 400;\">La psicoterapia personale e di gruppo consente una concreta sperimentazione diretta della tecnica ITP che si affianca alla preparazione teorica. Niente infatti pu\u00f2 sostituire l\u2019esperienza diretta su di s\u00e9 di un metodo psicoterapico.<\/span><\/li>\n<\/ul>\n<\/div><\/div><\/div><div class=\"fusion-panel panel-default fusion-faq-post fusion-faq-post-3819 \"><span class=\"entry-title rich-snippet-hidden\">Per cosa si caratterizza la Scuola ITP?<\/span><span class=\"vcard rich-snippet-hidden\"><span class=\"fn\"><a href=\"https:\/\/www.gitim.eu\/it\/author\/andrea\" title=\"Articoli scritti da Andrea Camatta\" rel=\"author\">Andrea Camatta<\/a><\/span><\/span><span class=\"updated rich-snippet-hidden\">2019-11-27T16:12:53+01:00<\/span><div class=\"panel-heading\"><h4 id=\"faq_1-3819\" class=\"panel-title toggle\"><a data-toggle=\"collapse\" class=\"collapsed\" data-parent=\"#accordian-1\" data-target=\"#collapse-1-3819\" href=\"#collapse-1-3819\" aria-expanded=\"false\"><div class=\"fusion-toggle-icon-wrapper\"><div class=\"fusion-toggle-icon-wrapper-main\"><div class=\"fusion-toggle-icon-wrapper-sub\"><i class=\"fa-fusion-box active-icon awb-icon-minus\" aria-hidden=\"true\"><\/i><i class=\"fa-fusion-box inactive-icon awb-icon-plus\" aria-hidden=\"true\"><\/i><\/div><\/div><\/div><div class=\"fusion-toggle-heading\">Per cosa si caratterizza la Scuola ITP?<\/div><\/a><\/h4><\/div><div id=\"collapse-1-3819\" aria-labelledby=\"faq_1-3819\" class=\"panel-collapse collapse\"><div class=\"panel-body toggle-content post-content\"><ul>\n<li style=\"font-weight: 400;\"><span style=\"font-weight: 400;\">Il punto di riferimento che contraddistingue la Scuola \u00e8 l\u2019Immaginario e la sua attivazione, che avviene mediate l\u2019applicazione della Tecnica Immaginativa ITP.<\/span><\/li>\n<li style=\"font-weight: 400;\"><span style=\"font-weight: 400;\">L\u2019accesso all\u2019Immaginario in una seduta ITP avviene dopo che il soggetto si \u00e8 rilassato profondamente; il metodo di rilassamento utilizzato \u00e8 chiamato \u201cdigitale\u201d. \u00c8 stato studiato da Virel anche con EEG presso l\u2019Universit\u00e0 della Sorbonne (Parigi). La tecnica proposta \u00e8 una sinesi tra la tecnica di Virel e la tecnica di L. Rigo.<\/span><\/li>\n<li style=\"font-weight: 400;\"><span style=\"font-weight: 400;\">In una seduta ITP vi \u00e8 sempre presente una parte vigile dell\u2019Io, che mantiene il contatto con il terapeuta.<\/span><\/li>\n<li style=\"font-weight: 400;\"><span style=\"font-weight: 400;\">Le immagini che si manifestano dopo il rilassamento profondo non sono mai solo visive, ma anche uditive, olfattive, tattili, cinestesiche. Inoltre, sono associate a uno stato emotivo che varia con il variare delle immagini.<\/span><\/li>\n<\/ul>\n<\/div><\/div><\/div><div class=\"fusion-panel panel-default fusion-faq-post fusion-faq-post-3821 \"><span class=\"entry-title rich-snippet-hidden\">Quanto dura il percorso terapeutico?<\/span><span class=\"vcard rich-snippet-hidden\"><span class=\"fn\"><a href=\"https:\/\/www.gitim.eu\/it\/author\/andrea\" title=\"Articoli scritti da Andrea Camatta\" rel=\"author\">Andrea Camatta<\/a><\/span><\/span><span class=\"updated rich-snippet-hidden\">2019-11-27T16:17:05+01:00<\/span><div class=\"panel-heading\"><h4 id=\"faq_1-3821\" class=\"panel-title toggle\"><a data-toggle=\"collapse\" class=\"collapsed\" data-parent=\"#accordian-1\" data-target=\"#collapse-1-3821\" href=\"#collapse-1-3821\" aria-expanded=\"false\"><div class=\"fusion-toggle-icon-wrapper\"><div class=\"fusion-toggle-icon-wrapper-main\"><div class=\"fusion-toggle-icon-wrapper-sub\"><i class=\"fa-fusion-box active-icon awb-icon-minus\" aria-hidden=\"true\"><\/i><i class=\"fa-fusion-box inactive-icon awb-icon-plus\" aria-hidden=\"true\"><\/i><\/div><\/div><\/div><div class=\"fusion-toggle-heading\">Quanto dura il percorso terapeutico?<\/div><\/a><\/h4><\/div><div id=\"collapse-1-3821\" aria-labelledby=\"faq_1-3821\" class=\"panel-collapse collapse\"><div class=\"panel-body toggle-content post-content\"><ul>\n<li style=\"font-weight: 400;\"><span style=\"font-weight: 400;\">Il percorso terapeutico \u00e8 di varia durata; si possono prevedere anche percorsi di cura in \u201cCicli terapeutici\u201c.<\/span><\/li>\n<\/ul>\n<\/div><\/div><\/div><div class=\"fusion-panel panel-default fusion-faq-post fusion-faq-post-3825 \"><span class=\"entry-title rich-snippet-hidden\">Perch\u00e9 la terapia di gruppo nella Scuola ITP?<\/span><span class=\"vcard rich-snippet-hidden\"><span class=\"fn\"><a href=\"https:\/\/www.gitim.eu\/it\/author\/andrea\" title=\"Articoli scritti da Andrea Camatta\" rel=\"author\">Andrea Camatta<\/a><\/span><\/span><span class=\"updated rich-snippet-hidden\">2019-11-27T16:17:13+01:00<\/span><div class=\"panel-heading\"><h4 id=\"faq_1-3825\" class=\"panel-title toggle\"><a data-toggle=\"collapse\" class=\"collapsed\" data-parent=\"#accordian-1\" data-target=\"#collapse-1-3825\" href=\"#collapse-1-3825\" aria-expanded=\"false\"><div class=\"fusion-toggle-icon-wrapper\"><div class=\"fusion-toggle-icon-wrapper-main\"><div class=\"fusion-toggle-icon-wrapper-sub\"><i class=\"fa-fusion-box active-icon awb-icon-minus\" aria-hidden=\"true\"><\/i><i class=\"fa-fusion-box inactive-icon awb-icon-plus\" aria-hidden=\"true\"><\/i><\/div><\/div><\/div><div class=\"fusion-toggle-heading\">Perch\u00e9 la terapia di gruppo nella Scuola ITP?<\/div><\/a><\/h4><\/div><div id=\"collapse-1-3825\" aria-labelledby=\"faq_1-3825\" class=\"panel-collapse collapse\"><div class=\"panel-body toggle-content post-content\"><p><span style=\"font-weight: 400;\">Nelle ore di esercitazione la Scuola offre agli allievi numerose occasioni per fare esperienze di gruppo:<\/span><\/p>\n<ul>\n<li style=\"list-style-type: none;\">\n<ul>\n<li style=\"font-weight: 400;\"><span style=\"font-weight: 400;\">La terapia di gruppo sviluppa intuizione, comprensione, empatia, solidariet\u00e0 e immaginazione.<\/span><\/li>\n<li style=\"font-weight: 400;\"><span style=\"font-weight: 400;\">Nelle sedute ITP di gruppo l\u2019allievo osserva e apprende che gli Immaginari comunicano tra loro.\u00a0<\/span><\/li>\n<li style=\"font-weight: 400;\"><span style=\"font-weight: 400;\">La \u201ccomunicazione di Immaginari\u201d comporta un notevole arricchimento sul piano simbolico e delle risorse immaginative.<\/span><\/li>\n<\/ul>\n<\/li>\n<\/ul>\n<p>&nbsp;<\/p>\n<ul>\n<li><b><span style=\"font-weight: 400;\">L\u2019esperienza di gruppo pu\u00f2 aiutare l\u2019esperienza (terapia) personale.<\/span><\/b><\/li>\n<\/ul>\n<ul>\n<li><span style=\"font-weight: 400;\">\u00a0L\u2019ITP di gruppo viene utilizzata in vari contesti; l\u2019esperienza diretta \u00e8 molto utile.<\/span><\/li>\n<\/ul>\n<p>&nbsp;<\/p>\n<p>&nbsp;<\/p>\n<\/div><\/div><\/div><div class=\"fusion-panel panel-default fusion-faq-post fusion-faq-post-3827 \"><span class=\"entry-title rich-snippet-hidden\">Ci sono \u201cevidenze scientifiche\u201d?<\/span><span class=\"vcard rich-snippet-hidden\"><span class=\"fn\"><a href=\"https:\/\/www.gitim.eu\/it\/author\/andrea\" title=\"Articoli scritti da Andrea Camatta\" rel=\"author\">Andrea Camatta<\/a><\/span><\/span><span class=\"updated rich-snippet-hidden\">2019-11-27T16:17:29+01:00<\/span><div class=\"panel-heading\"><h4 id=\"faq_1-3827\" class=\"panel-title toggle\"><a data-toggle=\"collapse\" class=\"collapsed\" data-parent=\"#accordian-1\" data-target=\"#collapse-1-3827\" href=\"#collapse-1-3827\" aria-expanded=\"false\"><div class=\"fusion-toggle-icon-wrapper\"><div class=\"fusion-toggle-icon-wrapper-main\"><div class=\"fusion-toggle-icon-wrapper-sub\"><i class=\"fa-fusion-box active-icon awb-icon-minus\" aria-hidden=\"true\"><\/i><i class=\"fa-fusion-box inactive-icon awb-icon-plus\" aria-hidden=\"true\"><\/i><\/div><\/div><\/div><div class=\"fusion-toggle-heading\">Ci sono \u201cevidenze scientifiche\u201d?<\/div><\/a><\/h4><\/div><div id=\"collapse-1-3827\" aria-labelledby=\"faq_1-3827\" class=\"panel-collapse collapse\"><div class=\"panel-body toggle-content post-content\"><p><span style=\"font-weight: 400;\">Gli effetti della psicoterapia vengono studiati attraverso test e questionari che vengono proposti all\u2019inizio e alla fine del trattamento. Il test di \u00a0 Rorschach, vari test e questionari, vengono utilizzati per rilevare ad evidenziare cambiamenti significativi nella personalit\u00e0.<\/span><\/p>\n<\/div><\/div><\/div><div class=\"fusion-panel panel-default fusion-faq-post fusion-faq-post-3829 \"><span class=\"entry-title rich-snippet-hidden\">\u00c8 previsto un Tirocinio per gli allievi della Scuola di Psicoterapia ITP?<\/span><span class=\"vcard rich-snippet-hidden\"><span class=\"fn\"><a href=\"https:\/\/www.gitim.eu\/it\/author\/andrea\" title=\"Articoli scritti da Andrea Camatta\" rel=\"author\">Andrea Camatta<\/a><\/span><\/span><span class=\"updated rich-snippet-hidden\">2019-11-27T16:17:40+01:00<\/span><div class=\"panel-heading\"><h4 id=\"faq_1-3829\" class=\"panel-title toggle\"><a data-toggle=\"collapse\" class=\"collapsed\" data-parent=\"#accordian-1\" data-target=\"#collapse-1-3829\" href=\"#collapse-1-3829\" aria-expanded=\"false\"><div class=\"fusion-toggle-icon-wrapper\"><div class=\"fusion-toggle-icon-wrapper-main\"><div class=\"fusion-toggle-icon-wrapper-sub\"><i class=\"fa-fusion-box active-icon awb-icon-minus\" aria-hidden=\"true\"><\/i><i class=\"fa-fusion-box inactive-icon awb-icon-plus\" aria-hidden=\"true\"><\/i><\/div><\/div><\/div><div class=\"fusion-toggle-heading\">\u00c8 previsto un Tirocinio per gli allievi della Scuola di Psicoterapia ITP?<\/div><\/a><\/h4><\/div><div id=\"collapse-1-3829\" aria-labelledby=\"faq_1-3829\" class=\"panel-collapse collapse\"><div class=\"panel-body toggle-content post-content\"><p><span style=\"font-weight: 400;\">Il tirocinio \u00e8 obbligatorio e dura 150 ore; pu\u00f2 esser svolto in qualsiasi struttura che abbia i requisiti previsti richiesti dal Ministero. La Scuola del GITIM ha varie convenzioni in essere, ma pu\u00f2 convenzionarsi con altre strutture idonee<\/span><\/p>\n<\/div><\/div><\/div><div class=\"fusion-panel panel-default fusion-faq-post fusion-faq-post-3831 \"><span class=\"entry-title rich-snippet-hidden\">Quali sono le possibilit\u00e0 di lavoro concrete per chi si diploma alla Scuola di Specializzazione ITP?<\/span><span class=\"vcard rich-snippet-hidden\"><span class=\"fn\"><a href=\"https:\/\/www.gitim.eu\/it\/author\/andrea\" title=\"Articoli scritti da Andrea Camatta\" rel=\"author\">Andrea Camatta<\/a><\/span><\/span><span class=\"updated rich-snippet-hidden\">2019-11-27T16:17:53+01:00<\/span><div class=\"panel-heading\"><h4 id=\"faq_1-3831\" class=\"panel-title toggle\"><a data-toggle=\"collapse\" class=\"collapsed\" data-parent=\"#accordian-1\" data-target=\"#collapse-1-3831\" href=\"#collapse-1-3831\" aria-expanded=\"false\"><div class=\"fusion-toggle-icon-wrapper\"><div class=\"fusion-toggle-icon-wrapper-main\"><div class=\"fusion-toggle-icon-wrapper-sub\"><i class=\"fa-fusion-box active-icon awb-icon-minus\" aria-hidden=\"true\"><\/i><i class=\"fa-fusion-box inactive-icon awb-icon-plus\" aria-hidden=\"true\"><\/i><\/div><\/div><\/div><div class=\"fusion-toggle-heading\">Quali sono le possibilit\u00e0 di lavoro concrete per chi si diploma alla Scuola di Specializzazione ITP?<\/div><\/a><\/h4><\/div><div id=\"collapse-1-3831\" aria-labelledby=\"faq_1-3831\" class=\"panel-collapse collapse\"><div class=\"panel-body toggle-content post-content\"><p><span style=\"font-weight: 400;\">Gli allievi che hanno completato la Scuola, grazie alla preparazione ricevuta, spesso hanno una buona riuscita nei concorsi e quindi lavorano in strutture pubbliche. Molti si dedicano con buoni risultati all\u2019attivit\u00e0 libero-professionale. Gli ex allievi possono fare anche riferimento alla sede del GITIM dove possono trovare uno spazio di lavoro ed essere cos\u00ec facilitati soprattutto nelle fasi iniziali della loro carriera.<\/span><\/p>\n<\/div><\/div><\/div><div class=\"fusion-panel panel-default fusion-faq-post fusion-faq-post-3833 \"><span class=\"entry-title rich-snippet-hidden\">Dove si trovano la sede del GITIM e della Scuola ITP e come \u00e8 pi\u00f9 comodo raggiungerli?<\/span><span class=\"vcard rich-snippet-hidden\"><span class=\"fn\"><a href=\"https:\/\/www.gitim.eu\/it\/author\/andrea\" title=\"Articoli scritti da Andrea Camatta\" rel=\"author\">Andrea Camatta<\/a><\/span><\/span><span class=\"updated rich-snippet-hidden\">2019-11-27T16:18:08+01:00<\/span><div class=\"panel-heading\"><h4 id=\"faq_1-3833\" class=\"panel-title toggle\"><a data-toggle=\"collapse\" class=\"collapsed\" data-parent=\"#accordian-1\" data-target=\"#collapse-1-3833\" href=\"#collapse-1-3833\" aria-expanded=\"false\"><div class=\"fusion-toggle-icon-wrapper\"><div class=\"fusion-toggle-icon-wrapper-main\"><div class=\"fusion-toggle-icon-wrapper-sub\"><i class=\"fa-fusion-box active-icon awb-icon-minus\" aria-hidden=\"true\"><\/i><i class=\"fa-fusion-box inactive-icon awb-icon-plus\" aria-hidden=\"true\"><\/i><\/div><\/div><\/div><div class=\"fusion-toggle-heading\">Dove si trovano la sede del GITIM e della Scuola ITP e come \u00e8 pi\u00f9 comodo raggiungerli?<\/div><\/a><\/h4><\/div><div id=\"collapse-1-3833\" aria-labelledby=\"faq_1-3833\" class=\"panel-collapse collapse\"><div class=\"panel-body toggle-content post-content\"><p><span style=\"font-weight: 400;\">Nell\u2019unica sede di <\/span><b>Via Aleardi 23 a Treviso<\/b><span style=\"font-weight: 400;\">, al terzo piano, si trovano i nostri uffici, la sala riunioni, l\u2019aula e vari studi. Si pu\u00f2 facilmente raggiungere in <\/span><b>TRENO<\/b><span style=\"font-weight: 400;\">: la Stazione Ferroviaria di Treviso si trova a circa 15 minuti a piedi; in alternativa \u00e8 possibile prendere l\u2019<\/span><b>AUTOBUS <\/b><span style=\"font-weight: 400;\">n\u00b0 9 di fronte alla Stazione Ferroviaria arrivando in 10 minuti alla fermata di via Aleardi situata proprio davanti alla sede GITIM.<\/span><\/p>\n<\/div><\/div><\/div><div class=\"fusion-panel panel-default fusion-faq-post fusion-faq-post-3835 \"><span class=\"entry-title rich-snippet-hidden\">Come raggiungere la Scuola?<\/span><span class=\"vcard rich-snippet-hidden\"><span class=\"fn\"><a href=\"https:\/\/www.gitim.eu\/it\/author\/andrea\" title=\"Articoli scritti da Andrea Camatta\" rel=\"author\">Andrea Camatta<\/a><\/span><\/span><span class=\"updated rich-snippet-hidden\">2019-11-27T16:18:19+01:00<\/span><div class=\"panel-heading\"><h4 id=\"faq_1-3835\" class=\"panel-title toggle\"><a data-toggle=\"collapse\" class=\"collapsed\" data-parent=\"#accordian-1\" data-target=\"#collapse-1-3835\" href=\"#collapse-1-3835\" aria-expanded=\"false\"><div class=\"fusion-toggle-icon-wrapper\"><div class=\"fusion-toggle-icon-wrapper-main\"><div class=\"fusion-toggle-icon-wrapper-sub\"><i class=\"fa-fusion-box active-icon awb-icon-minus\" aria-hidden=\"true\"><\/i><i class=\"fa-fusion-box inactive-icon awb-icon-plus\" aria-hidden=\"true\"><\/i><\/div><\/div><\/div><div class=\"fusion-toggle-heading\">Come raggiungere la Scuola?<\/div><\/a><\/h4><\/div><div id=\"collapse-1-3835\" aria-labelledby=\"faq_1-3835\" class=\"panel-collapse collapse\"><div class=\"panel-body toggle-content post-content\"><p><b>SEDE DEL GITIM E DELLA SCUOLA DI SPECIALIZZAZIONE IN PSICOTERAPIA ITP<\/b><\/p>\n<p><b>Treviso, Via Aleardi 23<\/b><span style=\"font-weight: 400;\">, <\/span><b>3\u00b0piano.<\/b><\/p>\n<p><span style=\"font-weight: 400;\">Si pu\u00f2 facilmente raggiungere in <\/span><b>TRENO<\/b><span style=\"font-weight: 400;\">: la Stazione Ferroviaria di Treviso si trova a circa 15 minuti a piedi; in alternativa \u00e8 possibile prendere l\u2019<\/span><b>AUTOBUS <\/b><span style=\"font-weight: 400;\">n\u00b0 9 di fronte alla Stazione Ferroviaria arrivando in 10 minuti alla fermata di via Aleardi situata proprio davanti alla sede GITIM.<\/span><\/p>\n<\/div><\/div><\/div><\/div><\/div><\/div><\/div><div class=\"fusion-clearfix\"><\/div><\/div><\/div><\/div><\/div>\n","protected":false},"excerpt":{"rendered":"","protected":false},"author":7,"featured_media":0,"parent":0,"menu_order":0,"comment_status":"closed","ping_status":"closed","template":"","meta":[],"_links":{"self":[{"href":"https:\/\/www.gitim.eu\/it\/wp-json\/wp\/v2\/pages\/3837"}],"collection":[{"href":"https:\/\/www.gitim.eu\/it\/wp-json\/wp\/v2\/pages"}],"about":[{"href":"https:\/\/www.gitim.eu\/it\/wp-json\/wp\/v2\/types\/page"}],"author":[{"embeddable":true,"href":"https:\/\/www.gitim.eu\/it\/wp-json\/wp\/v2\/users\/7"}],"replies":[{"embeddable":true,"href":"https:\/\/www.gitim.eu\/it\/wp-json\/wp\/v2\/comments?post=3837"}],"version-history":[{"count":2,"href":"https:\/\/www.gitim.eu\/it\/wp-json\/wp\/v2\/pages\/3837\/revisions"}],"predecessor-version":[{"id":3840,"href":"https:\/\/www.gitim.eu\/it\/wp-json\/wp\/v2\/pages\/3837\/revisions\/3840"}],"wp:attachment":[{"href":"https:\/\/www.gitim.eu\/it\/wp-json\/wp\/v2\/media?parent=3837"}],"curies":[{"name":"wp","href":"https:\/\/api.w.org\/{rel}","templated":true}]}}