{"id":4608,"date":"2023-12-28T15:22:39","date_gmt":"2023-12-28T14:22:39","guid":{"rendered":"https:\/\/gitim.eu\/it\/?page_id=4608"},"modified":"2025-06-18T17:46:38","modified_gmt":"2025-06-18T15:46:38","slug":"corpo-docente","status":"publish","type":"page","link":"https:\/\/www.gitim.eu\/it\/scuola-di-psicoterapia-gitim\/corpo-docente","title":{"rendered":"Corpo docente"},"content":{"rendered":"<h2>Corpo Docente<\/h2>\n<h2>Organizzazione e composizione<\/h2>\n<h3>Struttura organizzativa della Scuola<\/h3>\n<ul>\n<li><strong>Direttore della Scuola<br \/>\n<\/strong>\u00c8 nominato dal Comitato Direttivo del GITIM e rimane in carica fino a revoca da parte del Comitato Direttivo del GITIM. Presiede il Consiglio Direttivo della Scuola. \u00c8 coadiuvato da uno o due Condirettori, nominati dal Comitato Direttivo del GITIM.<br \/>\nIl Direttore ed i Condirettori sono responsabili della definizione del calendario delle lezioni, dei seminari e dei tirocini; conferiscono gli incarichi ai Docenti ed ai terapeuti ITP del GITIM impegnati nella Psicoterapia personale degli allievi; curano la stipula delle Convenzioni con strutture sociosanitarie pubbliche o private accreditate, in cui gli allievi possano svolgere attivit\u00e0 di Tirocinio; possono conferire incarichi di collaborazione per le attivit\u00e0 di gestione e segreteria della scuola; avviano iniziative di follow-up rivolte agli ex allievi, che mirano ad effettuare rilevazioni sullo stato di occupazione dei diplomati.<\/li>\n<li><strong>Consiglio Direttivo della Scuola<br \/>\n<\/strong>\u00c8 nominato dal Comitato Direttivo del GITIM ed \u00e8 presieduto dal Direttore della Scuola. I membri rimangono in carica fino a revoca da parte del Comitato Direttivo del GITIM.<br \/>\nPresiede all\u2019organizzazione dei corsi, definendo l\u2019Ordinamento Didattico e individuando i Docenti, richiedendo la necessaria approvazione ministeriale (in caso di impedimenti sopravvenuti, i docenti possono essere sostituiti da sostituti o supplenti di analoga competenza). Nomina inoltre i Didatti, cio\u00e8 gli psicoterapeuti supervisori attivi all\u2019interno della Scuola.<br \/>\nPropone al Comitato Direttivo del GITIM eventuali modifiche al Regolamento della Scuola.<\/li>\n<li><strong>Consiglio dei Docenti e dei Didatti<br \/>\n<\/strong>\u00c8 costituito dai membri del Consiglio dei Docenti e del Consiglio dei Didatti, ed \u00e8 presieduto dal Direttore della Scuola, che lo convoca in base alle esigenze della Scuola.<br \/>\nSi riunisce almeno una volta all\u2019anno ed esprime il suo parere sulle seguenti aree: qualit\u00e0 della didattica e competenza dei docenti, miglioramento dei programmi di formazione, miglioramento della valutazione degli allievi, miglioramento dei tirocini, miglioramento dell\u2019organizzazione. A tal fine consulta: risultati dei questionari di valutazione da parte dagli allievi, dati relativi al numero degli allievi (iscritti, ritirati e diplomati) ed alle loro attivit\u00e0 (statistiche su frequenze, assenze, esami superati, Tesi e Ricerche completati e in atto).<\/li>\n<li><strong>Comitato Scientifico della Scuola<br \/>\n<\/strong>Il Direttore della Scuola, in accordo con il Comitato Direttivo del GITIM, nomina un Comitato Scientifico composto da almeno due membri del Consiglio dei Docenti di approccio ITP, e da un docente universitario che non insegna nell\u2019ambito della Scuola (\u201cgarante\u201d della Scuola). Qualora un incarico si rendesse vacante, sar\u00e0 cura del Direttore della Scuola dare comunicazione al Ministero della nuova nomina.<br \/>\nCompito del Comitato Scientifico \u00e8 quello di analizzare e indirizzare l\u2019attivit\u00e0 scientifica e didattica svolta nei corsi, presentando annualmente al Ministero una relazione consuntiva e programmatica, in linea con le disposizioni ministeriali.<\/li>\n<li><strong>Docenti<br \/>\n<\/strong>La nomina dei Docenti per incarichi di insegnamento che si rendessero disponibili \u00e8 di competenza del Direttore della Scuola, sentito il parere del Consiglio Direttivo della Scuola. Sar\u00e0 cura del Direttore della Scuola darne comunicazione al Ministero.<br \/>\nLa formazione teorica \u00e8 affidata, secondo le indicazioni di legge, a Docenti con specifica qualificazione nel settore, sia di provenienza universitaria che di documentata esperienza clinica e professionale. Si rileva una distinzione fra docenti di formazione ed approccio ITP e soci del al GITIM (denominati Docenti Interni), cui competono in particolare gli Insegnamenti specifici dell\u2019indirizzo teorico, ed altri docenti (denominati Docenti Esterni) cui sono affidati prevalentemente Insegnamenti non specifici della tecnica ITP.<\/li>\n<\/ul>\n<h3>Direttore<\/h3>\n<ul>\n<li><strong>Dott.ssa Ivana Zanetti<br \/>\n<\/strong>Psicologa, Psicoterapeuta ITP, iscritta all\u2019Albo degli Psicologi Psicoterapeuti del Veneto (1994). Presidente e rappresentante legale dell\u2019Associazione GITIM, ente gestore della Scuola di Psicoterapia.<\/li>\n<\/ul>\n<h3>Garante<\/h3>\n<ul>\n<li><strong>Prof.ssa Laura Parolin<br \/>\n<\/strong>Professore associato presso il Dipartimento di Psicologia dell\u2019Universit\u00e0 degli Studi di Milano-Bicocca nel Settore Scientifico Disciplinare di Psicologia Dinamica (M-PSI\/07). Presidente dell\u2019Ordine degli Psicologi della Lombardia e Vice Presidente del Consiglio Nazionale Ordine Psicologi. Non docente presso la Scuola di Psicoterapia ITP. Psicologa, Psicoterapeuta, iscritta all\u2019Albo degli Psicologi della Lombardia.<\/li>\n<\/ul>\n<h3>Comitato Scientifico<\/h3>\n<ul>\n<li><strong>Dott.ssa Ivana Zanetti (Direttore della Scuola)<br \/>\n<\/strong>Psicologa, Psicoterapeuta ITP, iscritta all\u2019Albo degli Psicologi Psicoterapeuti del Veneto (1994). Presidente e rappresentante legale dell\u2019Associazione GITIM, ente gestore della Scuola di Psicoterapia.<\/li>\n<li><strong>Prof.ssa Laura Parolin (Garante della Scuola)<br \/>\n<\/strong>Professore associato presso il Dipartimento di Psicologia dell\u2019Universit\u00e0 degli Studi di Milano-Bicocca nel Settore Scientifico Disciplinare di Psicologia Dinamica (M-PSI\/07). Presidente dell\u2019Ordine degli Psicologi della Lombardia e Vice Presidente del Consiglio Nazionale Ordine Psicologi. Non docente presso la Scuola di Psicoterapia ITP. Psicologa, Psicoterapeuta, iscritta all\u2019Albo degli Psicologi della Lombardia.<\/li>\n<li><strong>Dott.ssa Luisa De Rosa<br \/>\n<\/strong>Psicologa, Psicoterapeuta ITP, iscritta all\u2019Albo degli Psicologi Psicoterapeuti del Veneto (1994). Membro del Comitato Direttivo GITIM. Dirigente Psicologo, Servizio Disabilit\u00e0 Et\u00e0 Adulta (SDEA), AULSS 2 Marca Trevigiana.<\/li>\n<li><strong>Dott. Moreno De Rossi<br \/>\n<\/strong>Psichiatra, Psicoterapeuta ITP, iscritto all\u2019Albo dei Medici Psicoterapeuti di Treviso. Socio GITIM. Direttore UOC 1 Psichiatria Venezia-Chioggia, AULSS 3 Serenissima.<\/li>\n<li><strong>Dott. Silvano Secco<br \/>\n<\/strong>Psicologo, Psicoterapeuta ITP, iscritto all\u2019Albo degli Psicologi Psicoterapeuti del Veneto (1994). Membro del Comitato Direttivo GITIM. Direttore della Rivista di Psicoterapia Immaginativa &#8211; ITP.<\/li>\n<\/ul>\n<h3>Docenti universitari<\/h3>\n<ul>\n<li><strong>Prof. Jean-Marie Barth\u00e9l\u00e9my<br \/>\n<\/strong>Psicologo, Psicoterapeuta. Professeur honoraire de Psychopathologie et Psychologie Clinique, Universit\u00e9 de Savoie Mont Blanc (Chamb\u00e9ry).<\/li>\n<li><strong>Prof.ssa Daniela Di Riso<\/strong><br \/>\nProfessore associato presso il Dipartimento di Psicologia dello Sviluppo e della Socializzazione dell\u2019Universit\u00e0 degli Studi di Padova nel Settore Scientifico Disciplinare di Psicologia Dinamica (M-PSI\/07). Psicologa, Psicoterapeuta, iscritta all\u2019Albo degli Psicologi del Veneto.<\/li>\n<li><strong>Prof.ssa Giorgia Don\u00e0<br \/>\n<\/strong>Psychologist. MPhil in Social Anthropology, University of Cambridge, UK. Professor, Department of Social Sciences and Social Work, University of East London, UK. Fellow, Higher Education Academy, UK.<\/li>\n<li><strong>Prof.ssa Tiziana Magro<br \/>\n<\/strong>Docente di \u201cPsicologia dinamica della coppia e delle relazioni familiari\u201d presso il Dipartimento di Psicologia-Laurea magistrale in Psicologia Clinico-giuridica dell\u2019Istituto Universitario Salesiano (IUSVE) di Venezia-Mestre aggregato all\u2019Universit\u00e0 Pontifica Salesiana di Roma. Docente presso il Master II livello di Psicopatologia e Neuropsicologia Forense, Dipartimento di Psicologia Generale dell\u2019Universit\u00e0 degli Studi di Padova. Psicologa, Psicoterapeuta, iscritta all\u2019Albo degli Psicologi del Veneto.<\/li>\n<li><strong>Prof.ssa Anna Sieber-Ratti<br \/>\n<\/strong>Psicologa, Psicoterapeuta FSP \/ KIP (Katathym Imaginativer Psychotherapie). Docente di Psicologia Applicata, ZHAW Zurich University of Applied Sciences, School of Applied Psychology.<\/li>\n<\/ul>\n<h3>Docenti esterni<\/h3>\n<ul>\n<li><strong>Dott. Giovanni Austoni<br \/>\n<\/strong>Psichiatra, Psicoterapeuta, iscritto all\u2019Albo dei Medici Psicoterapeuti di Trieste. Dirigente medico di Psichiatria, UOC Salute Mentale Nord, AULSS 2 Marca Trevigiana.<\/li>\n<li><strong>Dott. Giuliano De Rocco<br \/>\n<\/strong>Psicologo, Psicoterapeuta Terapia Familiare, iscritto all\u2019Albo degli Psicologi Psicoterapeuti del Veneto (1994). Dirigente Psicologo, Responsabile di Consultori Familiari, AULSS 6 Euganea.<\/li>\n<li><strong>Dott.ssa Francesca Gnoato<br \/>\n<\/strong>Psicologa, Dottoressa di Ricerca in Neuroscienze. Libera Professionista. Docente universitaria a contratto di Neuropsicologia presso l\u2019Universit\u00e0 degli Studi di Padova e l\u2019Istituto Universitario Salesiano di Venezia (IUSVE).<\/li>\n<li><strong>Dott. Paolo Michielin<br \/>\n<\/strong>Psicologo, Psicoterapeuta. Professore a contratto di Psicologia clinica dell\u2019Et\u00e0 evolutiva, per il Corso di Laurea magistrale in Psicologia clinica dello sviluppo dell\u2019Universit\u00e0 degli studi di Padova. Membro della Consulta delle Scuole di specializzazione in Psicoterapia CC e del Comitato Scientifico della Consensus conference sulle Terapie psicologiche per ansia e depressione.<\/li>\n<li><strong>Dott. Gino Soldera<br \/>\n<\/strong>Psicologo, Psicoterapeuta, iscritto all\u2019Albo degli Psicologi Psicoterapeuti del Veneto (1994). Presidente e Fondatore ANPEP, e Direttore della \u201cScuola di vita Prenatale Adriano Milani Comparetti\u201d dell\u2019ANPEP. Docente anche in ambito universitario.<\/li>\n<li><strong>Dott.ssa Marisa Spinoglio<br \/>\n<\/strong>Psichiatra, Psicoterapeuta Junghiana, iscritta all\u2019Albo dei Medici Psicoterapeuti di Milano. Gi\u00e0 Assistente ordinario di ruolo presso la scuola di specializzazione in Psichiatria dell\u2019Universit\u00e0 degli Studi di Milano.<\/li>\n<li><strong>Dott. Claudio Widmann<br \/>\n<\/strong>Psicoanalista junghiano con funzioni di docenza, associato al CIPA e alla IAAP, docente di psicologia analitica e discipline connesse al simbolismo presso varie Scuole di Specializzazione in Psicoterapia e visiting professor presso Universit\u00e0 italiane e straniere, promotore e Segretario Scientifico di convegni scientifici nazionali e internazionali di psicologia analitica e autogena, autore di volumi monografici e curatore di opere collettive.<\/li>\n<\/ul>\n<h3>Docenti interni<\/h3>\n<ul>\n<li><strong>Dott.ssa Cristina Bellato<br \/>\n<\/strong>Psicologa, Psicoterapeuta ITP, iscritta all\u2019Albo degli Psicologi Psicoterapeuti del Veneto (1994). Socio GITIM. Dirigente psicologo, Consultorio Familiare, AULSS 8 Asolo.<\/li>\n<li><strong>Dott.ssa Luisa De Rosa<br \/>\n<\/strong>Psicologa, Psicoterapeuta ITP, iscritta all\u2019Albo degli Psicologi Psicoterapeuti del Veneto (1994).\u00a0Membro del Comitato Direttivo GITIM. Dirigente Psicologo, Servizio Disabilit\u00e0 Et\u00e0 Adulta (SDEA), AULSS 2 Marca Trevigiana.<\/li>\n<li><strong>Dott. Moreno De Rossi<br \/>\n<\/strong>Psichiatra, Psicoterapeuta ITP, iscritto all\u2019Albo dei Medici Psicoterapeuti di Treviso (2001). Socio GITIM. Direttore del Dipartimento di Salute Mentale, AULSS 3 Serenissima.<\/li>\n<li><strong>Dott. Manuel Marcon<br \/>\n<\/strong>Psicologo, Psicoterapeuta ITP, iscritto all\u2019Albo degli Psicologi Psicoterapeuti del Veneto (2012). Socio GITIM. Diplomato con Master di II livello in Psicopatologia e Neuropsicologia Forense. Libero professionista.<\/li>\n<li><strong>Dott. Adriano Schiavi<br \/>\n<\/strong>Psicologo, Psicoterapeuta ITP, iscritto all\u2019Albo degli Psicologi Psicoterapeuti della Lombardia (1990). Socio GITIM. Responsabile UOS Vigilanza e Controlli Sociosanitari e Responsabile f.f. UOC Accreditamenti e Controlli Sociosanitari, ATS Val Padana. Docente anche in ambito universitario.<\/li>\n<li><strong>Dott. Silvano Secco<br \/>\n<\/strong>Psicologo, Psicoterapeuta ITP, iscritto all\u2019Albo degli Psicologi Psicoterapeuti del Veneto (1994). Membro del Comitato Direttivo GITIM. Direttore della Rivista di Psicoterapia Immaginativa &#8211; ITP.<\/li>\n<li><strong>Dott.ssa Cristina Vettorello<br \/>\n<\/strong>Psicologa, Psicoterapeuta ITP, iscritta all\u2019Albo degli Psicologi Psicoterapeuti del Veneto (2005). Socio GITIM. Responsabile di comunit\u00e0 psichiatrica e di casa di riposo per anziani, IPAB Istituti di Soggiorno per Anziani San Gregorio di Valdobbiadene (TV).<\/li>\n<li><strong>Dott.ssa Laura Zanardo<br \/>\n<\/strong>Psicologa, Psicoterapeuta ITP, iscritta all\u2019Albo degli Psicologi Psicoterapeuti del Veneto (1999). Socio GITIM. Educatore professionale psicomotricista, Servizio Et\u00e0 Evolutiva (SEE), AULSS 2 Marca Trevigiana.<\/li>\n<li><strong>Dott.ssa Ivana Zanetti<br \/>\n<\/strong>Psicologa, Psicoterapeuta ITP, iscritta all\u2019Albo degli Psicologi Psicoterapeuti del Veneto (1994). Presidente e rappresentante legale dell\u2019Associazione GITIM, ente gestore della Scuola di Psicoterapia.<\/li>\n<li><strong>Dott. Gabriele Zanola<br \/>\n<\/strong>Psichiatra, Psicoterapeuta ITP, iscritto all\u2019Albo dei Medici Psicoterapeuti di Brescia. Membro del Comitato Direttivo GITIM. Medico di Famiglia, ATS Brescia.<\/li>\n<\/ul>\n<h2>Docenti emeriti<\/h2>\n<ul>\n<li><strong>Prof. Jean Burgos<br \/>\n<\/strong>Professeur \u00e9m\u00e9rite de Po\u00e9tique et Pr\u00e9sident honoraire de l\u2019Universit\u00e9 de Savoie (Chamb\u00e8ry). Directeur-fondateur de Circ\u00e9 (Cahiers de Recherche sur l\u2019Imaginaire).<\/li>\n<li><strong>Prof.ssa Tilde Giani Gallino<br \/>\n<\/strong>Gi\u00e0 Professore Ordinario di Psicologia dello Sviluppo, Facolt\u00e0 di Scienze della Formazione, Universit\u00e0 degli Studi di Torino.<\/li>\n<\/ul>\n","protected":false},"excerpt":{"rendered":"<p>Corpo Docente Organizzazione e composizione Struttura organizzativa della Scuola Direttore della Scuola \u00c8 nominato dal Comitato Direttivo del GITIM e rimane in carica fino a revoca da parte del Comitato Direttivo del GITIM. Presiede il Consiglio Direttivo della Scuola. \u00c8 coadiuvato da uno o due Condirettori, nominati dal Comitato Direttivo [&hellip;]<\/p>\n","protected":false},"author":7,"featured_media":0,"parent":3282,"menu_order":0,"comment_status":"closed","ping_status":"closed","template":"","meta":[],"_links":{"self":[{"href":"https:\/\/www.gitim.eu\/it\/wp-json\/wp\/v2\/pages\/4608"}],"collection":[{"href":"https:\/\/www.gitim.eu\/it\/wp-json\/wp\/v2\/pages"}],"about":[{"href":"https:\/\/www.gitim.eu\/it\/wp-json\/wp\/v2\/types\/page"}],"author":[{"embeddable":true,"href":"https:\/\/www.gitim.eu\/it\/wp-json\/wp\/v2\/users\/7"}],"replies":[{"embeddable":true,"href":"https:\/\/www.gitim.eu\/it\/wp-json\/wp\/v2\/comments?post=4608"}],"version-history":[{"count":3,"href":"https:\/\/www.gitim.eu\/it\/wp-json\/wp\/v2\/pages\/4608\/revisions"}],"predecessor-version":[{"id":5326,"href":"https:\/\/www.gitim.eu\/it\/wp-json\/wp\/v2\/pages\/4608\/revisions\/5326"}],"up":[{"embeddable":true,"href":"https:\/\/www.gitim.eu\/it\/wp-json\/wp\/v2\/pages\/3282"}],"wp:attachment":[{"href":"https:\/\/www.gitim.eu\/it\/wp-json\/wp\/v2\/media?parent=4608"}],"curies":[{"name":"wp","href":"https:\/\/api.w.org\/{rel}","templated":true}]}}